{"id":402335,"date":"2020-11-18T08:15:48","date_gmt":"2020-11-18T07:15:48","guid":{"rendered":"http:\/\/phileo-lesaffre.com\/gado-leiteiro\/eficiencia-alimentar-e-saude-do-rumen-de-vacas-leiteiras\/"},"modified":"2020-12-16T11:32:19","modified_gmt":"2020-12-16T10:32:19","slug":"eficiencia-alimentar-e-saude-do-rumen-de-vacas-leiteiras","status":"publish","type":"page","link":"https:\/\/phileo-lesaffre.com\/pt-br\/gado-leiteiro\/eficiencia-alimentar-e-saude-do-rumen-de-vacas-leiteiras\/","title":{"rendered":"Efici\u00eancia alimentar e sa\u00fade do r\u00famen de vacas leiteiras"},"content":{"rendered":"<div class=\"wpb-content-wrapper\"><p>[vc_row css_animation=&#8221;&#8221; row_type=&#8221;row&#8221; use_row_as_full_screen_section=&#8221;no&#8221; type=&#8221;full_width&#8221; angled_section=&#8221;no&#8221; text_align=&#8221;left&#8221; background_image_as_pattern=&#8221;without_pattern&#8221;][vc_column][qode_elements_holder number_of_columns=&#8221;two_columns&#8221; custom_class=&#8221;tete&#8221;][qode_elements_holder_item vertical_alignment=&#8221;middle&#8221; horizontal_alignment=&#8221;left&#8221; advanced_animations=&#8221;no&#8221; item_padding=&#8221;5% 8% 5% 0%&#8221;][vc_column_text]<\/p>\n<h2 class=\"feed2\"><span style=\"color: #4d4d4c;\">Efici\u00eancia alimentar e sa\u00fade do r\u00famen<\/span><\/h2>\n<p>[\/vc_column_text][vc_single_image image=&#8221;398041&#8243; img_size=&#8221;65&#215;33&#8243; qode_css_animation=&#8221;&#8221; css=&#8221;.vc_custom_1590613047306{padding-top: 5% !important;padding-bottom: 5% !important;}&#8221;][vc_column_text css=&#8221;.vc_custom_1592914518564{padding-right: 8% !important;}&#8221;]A digest\u00e3o da vaca ocorre predominantemente no r\u00famen, atrav\u00e9s da fermenta\u00e7\u00e3o por micr\u00f3bios ao inv\u00e9s da digest\u00e3o pelo pr\u00f3prio animal. Seria verdadeiro dizer que alimentar a vaca \u00e9 alimentar sua microbiota ruminal. O r\u00famen \u00e9 um grande fermentador, com um volume de cerca de 180 litros de material, contendo aproximadamente 150 bilh\u00f5es de micro-organismos por colher de ch\u00e1. As perturba\u00e7\u00f5es ruminais podem resultar em desempenho inadequado do animal e impacto negativo sobre a rentabilidade da fazenda, devido a menores taxas de convers\u00e3o alimentar, resultando em menos leite sendo produzido.[\/vc_column_text][vc_single_image image=&#8221;400281&#8243; img_size=&#8221;120&#215;178&#8243; alignment=&#8221;right&#8221; qode_css_animation=&#8221;&#8221;][\/qode_elements_holder_item][qode_elements_holder_item cover=&#8221;yes&#8221; vertical_alignment=&#8221;middle&#8221; horizontal_alignment=&#8221;left&#8221; advanced_animations=&#8221;no&#8221; background_image=&#8221;396502&#8243;][\/qode_elements_holder_item][\/qode_elements_holder][\/vc_column][\/vc_row][vc_row css_animation=&#8221;&#8221; row_type=&#8221;row&#8221; use_row_as_full_screen_section=&#8221;no&#8221; type=&#8221;full_width&#8221; angled_section=&#8221;no&#8221; text_align=&#8221;left&#8221; background_image_as_pattern=&#8221;without_pattern&#8221; z_index=&#8221;&#8221;][vc_column][qode_elements_holder number_of_columns=&#8221;two_columns&#8221;][qode_elements_holder_item vertical_alignment=&#8221;middle&#8221; horizontal_alignment=&#8221;left&#8221; advanced_animations=&#8221;no&#8221; item_padding=&#8221;5% 2% 5% 10%&#8221; background_color=&#8221;#ad1a22&#8243;][vc_column_text]<\/p>\n<h2 class=\"feed4\"><span style=\"color: #ffffff;\">Digest\u00e3o no r\u00famen<\/span><\/h2>\n<p>[\/vc_column_text][vc_single_image image=&#8221;397901&#8243; img_size=&#8221;50&#215;25&#8243; qode_css_animation=&#8221;&#8221; css=&#8221;.vc_custom_1592227932921{padding-top: 5% !important;padding-bottom: 5% !important;}&#8221;][vc_column_text css=&#8221;.vc_custom_1592914564431{padding-right: 10% !important;}&#8221;]<span style=\"color: #ffffff;\">Carboidratos n\u00e3o-estruturais e estruturais comp\u00f5em a maior parte da dieta de uma vaca leiteira. Eles s\u00e3o fermentados pelos micro-organismos no r\u00famen e convertidos principalmente em \u00e1cidos graxos vol\u00e1teis (AGVs), que fornecem 70-80% das demandas energ\u00e9ticas da vaca. Os AGVs s\u00e3o prontamente absorvidos no r\u00famen, dando \u00e0 vaca f\u00e1cil acesso para us\u00e1-los na produ\u00e7\u00e3o de leite. Por\u00e9m, um desequil\u00edbrio entre carboidratos estruturais e n\u00e3o-estruturais pode levar a uma superprodu\u00e7\u00e3o de \u00e1cido l\u00e1ctico e acidose ruminal.<\/span><\/p>\n<p>&nbsp;<\/p>\n<p><span style=\"color: #ffffff;\"><br \/>\nUm r\u00famen saud\u00e1vel e em bom funcionamento, com bom equil\u00edbrio microbiano, \u00e9 capaz de digerir eficientemente carboidratos estruturais (fibras). As fibras fornecem energia adicional para produ\u00e7\u00e3o de leite, mant\u00eam o equil\u00edbrio saud\u00e1vel do r\u00famen e AGVs para s\u00edntese da gordura do leite.<\/span>[\/vc_column_text][\/qode_elements_holder_item][qode_elements_holder_item advanced_animations=&#8221;no&#8221;][vc_single_image image=&#8221;398239&#8243; img_size=&#8221;full&#8221; alignment=&#8221;center&#8221; qode_css_animation=&#8221;&#8221; qode_hover_animation=&#8221;zoom_in&#8221;][\/qode_elements_holder_item][\/qode_elements_holder][\/vc_column][\/vc_row][vc_row css_animation=&#8221;&#8221; row_type=&#8221;row&#8221; use_row_as_full_screen_section=&#8221;no&#8221; type=&#8221;full_width&#8221; angled_section=&#8221;no&#8221; text_align=&#8221;left&#8221; background_image_as_pattern=&#8221;without_pattern&#8221; css=&#8221;.vc_custom_1592234497567{background-color: #ffffff !important;}&#8221; z_index=&#8221;&#8221;][vc_column][qode_elements_holder number_of_columns=&#8221;two_columns&#8221;][qode_elements_holder_item advanced_animations=&#8221;no&#8221;][vc_single_image image=&#8221;404968&#8243; img_size=&#8221;full&#8221; alignment=&#8221;center&#8221; onclick=&#8221;link_image&#8221; qode_css_animation=&#8221;&#8221; qode_hover_animation=&#8221;zoom_in&#8221;][\/qode_elements_holder_item][qode_elements_holder_item vertical_alignment=&#8221;middle&#8221; horizontal_alignment=&#8221;left&#8221; advanced_animations=&#8221;no&#8221; item_padding=&#8221;5% 10% 5% 5%&#8221; background_color=&#8221;#706f6f&#8221;][vc_column_text]<\/p>\n<h2 class=\"feed4\"><span style=\"color: #ffffff;\">Doen\u00e7as do r\u00famen<\/span><\/h2>\n<p>[\/vc_column_text][vc_single_image image=&#8221;397901&#8243; img_size=&#8221;50&#215;25&#8243; qode_css_animation=&#8221;&#8221; css=&#8221;.vc_custom_1592232787710{padding-top: 5% !important;padding-bottom: 5% !important;}&#8221;][vc_column_text]<span style=\"color: #ffffff;\">A sa\u00fade do r\u00famen geralmente \u00e9 avaliada por seu valor de pH. Valores baixos de pH, abaixo de 6, est\u00e3o associados com acidose ruminal e perturba\u00e7\u00f5es no equil\u00edbrio microbiano e fermenta\u00e7\u00e3o. A acidose ruminal sub-aguda (SARA) aparece sem sinais cl\u00ednicos claros, tornando-a muito dif\u00edcil de ser diagnosticada nas fazendas de leite. A SARA est\u00e1 associada a baixas taxas de convers\u00e3o alimentar, m\u00e1 digest\u00e3o de fibras e diminui\u00e7\u00e3o da gordura do leite. \u00c9 um resultado comum do desequil\u00edbrio na dieta e n\u00edveis elevados de carboidratos n\u00e3o-estruturais, vistos como amido.<\/span><\/p>\n<p>&nbsp;<\/p>\n<p><span style=\"color: #ffffff;\">Para uma olhada aprofundada no desequil\u00edbrio microbiano, usamos outro par\u00e2metro ruminal: o potencial de redox (Eh). Enquanto o pH nos d\u00e1 uma ideia da acidez no r\u00famen, o Eh mostra a atividade e crescimento dos micro-organismos ruminais. Uma perturba\u00e7\u00e3o na comunidade microbiana ruminal \u00e9 observada quando o Eh aumenta, e normalmente pode estar associada a acidose ruminal e m\u00e1 qualidade da ra\u00e7\u00e3o, uma mudan\u00e7a r\u00e1pida na dieta, silagem mofada com micotoxinas, etc.<\/span><\/p>\n<p>&nbsp;<\/p>\n<p><span style=\"color: #ffffff;\">O Actisaf<sup>\u00ae<\/sup> adicionado \u00e0 ra\u00e7\u00e3o de vacas leiteiras lactantes aumenta a abund\u00e2ncia relativa de bact\u00e9rias fibrol\u00edticas e utilizadoras de \u00e1cido l\u00e1ctico, ao fortalecer as condi\u00e7\u00f5es de redu\u00e7\u00e3o do ambiente ruminal.<\/span>[\/vc_column_text][\/qode_elements_holder_item][\/qode_elements_holder][\/vc_column][\/vc_row][vc_row css_animation=&#8221;&#8221; row_type=&#8221;row&#8221; use_row_as_full_screen_section=&#8221;no&#8221; type=&#8221;full_width&#8221; angled_section=&#8221;no&#8221; text_align=&#8221;left&#8221; background_image_as_pattern=&#8221;without_pattern&#8221; z_index=&#8221;&#8221;][vc_column][qode_elements_holder number_of_columns=&#8221;two_columns&#8221;][qode_elements_holder_item vertical_alignment=&#8221;middle&#8221; horizontal_alignment=&#8221;left&#8221; advanced_animations=&#8221;no&#8221; item_padding=&#8221;5% 2% 5% 10%&#8221; background_color=&#8221;#ad1a22&#8243;][vc_column_text]<\/p>\n<h2 class=\"feed4\"><span style=\"color: #ffffff;\">Probi\u00f3ticos de levedura para fermenta\u00e7\u00e3o ruminal \u00f3tima<\/span><\/h2>\n<p>[\/vc_column_text][vc_single_image image=&#8221;397901&#8243; img_size=&#8221;50&#215;25&#8243; qode_css_animation=&#8221;&#8221; css=&#8221;.vc_custom_1592232787710{padding-top: 5% !important;padding-bottom: 5% !important;}&#8221;][vc_column_text]<span style=\"color: #ffffff;\">Adicionar Actisaf<sup>\u00ae<\/sup> a ra\u00e7\u00f5es de vacas leiteiras promove menor Eh ruminal em dietas diferentes. A suplementa\u00e7\u00e3o com Actisaf\u00ae mostrou diminuir significativamente, in vivo, bact\u00e9rias utilizadoras de \u00e1cido l\u00e1ctico e bact\u00e9rias digestoras de fibras em dietas ricas em amido e ricas em fibras. <\/span><\/p>\n<p><span style=\"color: #ffffff;\">Maior atividade com bact\u00e9rias utilizadoras de \u00e1cido l\u00e1ctico resulta em menor acumula\u00e7\u00e3o de \u00e1cido l\u00e1ctico e mais propionato. <\/span>[\/vc_column_text][\/qode_elements_holder_item][qode_elements_holder_item advanced_animations=&#8221;no&#8221;][vc_single_image image=&#8221;404972&#8243; img_size=&#8221;full&#8221; alignment=&#8221;center&#8221; onclick=&#8221;link_image&#8221; qode_css_animation=&#8221;&#8221; qode_hover_animation=&#8221;zoom_in&#8221;][\/qode_elements_holder_item][\/qode_elements_holder][\/vc_column][\/vc_row][vc_row css_animation=&#8221;&#8221; row_type=&#8221;row&#8221; use_row_as_full_screen_section=&#8221;no&#8221; type=&#8221;full_width&#8221; angled_section=&#8221;no&#8221; text_align=&#8221;left&#8221; background_image_as_pattern=&#8221;without_pattern&#8221; z_index=&#8221;&#8221;][vc_column][qode_elements_holder number_of_columns=&#8221;two_columns&#8221;][qode_elements_holder_item advanced_animations=&#8221;no&#8221;][vc_single_image image=&#8221;404977&#8243; img_size=&#8221;full&#8221; onclick=&#8221;link_image&#8221; qode_css_animation=&#8221;&#8221; qode_hover_animation=&#8221;zoom_in&#8221;][\/qode_elements_holder_item][qode_elements_holder_item vertical_alignment=&#8221;middle&#8221; horizontal_alignment=&#8221;left&#8221; advanced_animations=&#8221;no&#8221; item_padding=&#8221;5% 2% 5% 10%&#8221; background_color=&#8221;#706f6f&#8221;][vc_column_text]<\/p>\n<h2 class=\"feed4\"><span style=\"color: #ffffff;\">Efeito da suplementa\u00e7\u00e3o com Actisaf<sup>\u00ae<\/sup> na variabilidade da microflora ruminal<\/span><\/h2>\n<p>[\/vc_column_text][vc_single_image image=&#8221;397901&#8243; img_size=&#8221;50&#215;25&#8243; qode_css_animation=&#8221;&#8221; css=&#8221;.vc_custom_1592232787710{padding-top: 5% !important;padding-bottom: 5% !important;}&#8221;][vc_column_text]<span style=\"color: #ffffff;\">O Actisaf<sup>\u00ae<\/sup> tamb\u00e9m promove a adapta\u00e7\u00e3o das bact\u00e9rias ruminais durante mudan\u00e7as na dieta, resultando em transi\u00e7\u00f5es diet\u00e9ticas mais r\u00e1pidas e suaves, sem decl\u00ednio na produtividade.<\/span><\/p>\n<p>&nbsp;<\/p>\n<p><span style=\"color: #ffffff;\">A suplementa\u00e7\u00e3o com Actisaf<sup>\u00ae<\/sup> Sc 47 diminui a variabilidade entre indiv\u00edduos do microbioma ruminal durante mudan\u00e7as de dieta, sugerindo que as leveduras vivas t\u00eam um efeito estabilizante sobre a microbiota. Portanto, o Actisaf<sup>\u00ae<\/sup> Sc 47 pode ajudar a diminuir a variabilidade dentro do rebanho, estabilizando a produ\u00e7\u00e3o de leite ao melhorar o equil\u00edbrio da microflora em vacas sob condi\u00e7\u00f5es de desafio.<\/span>[\/vc_column_text][\/qode_elements_holder_item][\/qode_elements_holder][\/vc_column][\/vc_row][vc_row css_animation=&#8221;&#8221; row_type=&#8221;row&#8221; use_row_as_full_screen_section=&#8221;yes&#8221; type=&#8221;full_width&#8221; angled_section=&#8221;no&#8221; text_align=&#8221;left&#8221; background_image_as_pattern=&#8221;without_pattern&#8221; z_index=&#8221;&#8221;][vc_column][vc_separator type=&#8221;transparent&#8221; up=&#8221;10&#8243; down=&#8221;10&#8243;][vc_column_text css=&#8221;.vc_custom_1593425838077{padding-top: 2% !important;padding-bottom: 2% !important;}&#8221;]<\/p>\n<h2 class=\"feed3\"><span style=\"color: #4d4d4c;\">Saiba mais sobre manejo de gado de leite<\/span><\/h2>\n<p>[\/vc_column_text][vc_separator type=&#8221;transparent&#8221; up=&#8221;5&#8243; down=&#8221;5&#8243;][\/vc_column][vc_column width=&#8221;1\/5&#8243;][vc_single_image image=&#8221;403634&#8243; img_size=&#8221;full&#8221; alignment=&#8221;center&#8221; onclick=&#8221;custom_link&#8221; qode_css_animation=&#8221;&#8221; qode_hover_animation=&#8221;zoom_in&#8221; css=&#8221;.vc_custom_1607502592541{padding-top: 5% !important;padding-bottom: 5% !important;}&#8221; link=&#8221;\/pt-br\/gado-leiteiro\/imunidade-em-vacas-leiteiras\/&#8221;][\/vc_column][vc_column width=&#8221;1\/5&#8243;][vc_single_image image=&#8221;403630&#8243; img_size=&#8221;full&#8221; alignment=&#8221;center&#8221; onclick=&#8221;custom_link&#8221; qode_css_animation=&#8221;&#8221; qode_hover_animation=&#8221;zoom_in&#8221; css=&#8221;.vc_custom_1607502649917{padding-top: 5% !important;padding-bottom: 5% !important;}&#8221; link=&#8221;\/pt-br\/gado-leiteiro\/fertilidade-em-gado-de-leite\/&#8221;][\/vc_column][vc_column width=&#8221;1\/5&#8243;][vc_single_image image=&#8221;403622&#8243; img_size=&#8221;full&#8221; alignment=&#8221;center&#8221; onclick=&#8221;custom_link&#8221; qode_css_animation=&#8221;&#8221; qode_hover_animation=&#8221;zoom_in&#8221; css=&#8221;.vc_custom_1607502677409{padding-top: 5% !important;padding-bottom: 5% !important;}&#8221; link=&#8221;\/pt-br\/gado-leiteiro\/disturbios-metabolicos-em-vacas-leiteiras\/&#8221;][\/vc_column][vc_column width=&#8221;1\/5&#8243;][vc_single_image image=&#8221;403638&#8243; img_size=&#8221;full&#8221; alignment=&#8221;center&#8221; onclick=&#8221;custom_link&#8221; qode_css_animation=&#8221;&#8221; qode_hover_animation=&#8221;zoom_in&#8221; css=&#8221;.vc_custom_1607502701983{padding-top: 5% !important;padding-bottom: 5% !important;}&#8221; link=&#8221;\/pt-br\/gado-leiteiro\/producao-de-leite-em-vacas-leiteiras\/&#8221;][\/vc_column][vc_column width=&#8221;1\/5&#8243;][\/vc_column][\/vc_row][vc_row css_animation=&#8221;&#8221; row_type=&#8221;row&#8221; use_row_as_full_screen_section=&#8221;yes&#8221; type=&#8221;full_width&#8221; angled_section=&#8221;no&#8221; text_align=&#8221;left&#8221; background_image_as_pattern=&#8221;without_pattern&#8221; css=&#8221;.vc_custom_1590613187372{padding-bottom: 2% !important;}&#8221; z_index=&#8221;&#8221;][vc_column][vc_column_text css=&#8221;.vc_custom_1591622009936{padding-top: 2% !important;padding-bottom: 2% !important;}&#8221;]<\/p>\n<h2 class=\"feed3\"><span style=\"color: #96bb39;\">Artigos relacionados a gado de leite<\/span><\/h2>\n<p>[\/vc_column_text][vc_separator type=&#8221;transparent&#8221; up=&#8221;15&#8243; down=&#8221;15&#8243;]<div class=\"qode-news-holder qode-post-carousel1 qode-nl-normal-space\"  data-post-status=publish data-category-name=dairy data-ignore-sticky-posts=1 data-orderby=rand data-sort=random data-paged=1 data-max-num-pages=2 data-next-page=2 data-title-tag=h4 data-image-size=portfolio-portrait data-display-categories=no data-display-excerpt=no data-display-date=yes data-display-author=no data-display-share=yes data-display-hot-trending-icons=no data-layout=qode_post_carousel1><div class=\"qode-news-list-inner-holder qode-owl-slider\" data-number-of-items=\"3\"><div class=\"qode-news-item qode-layout1-item\">\n\t\t<div class=\"qode-news-item-image-holder\">\n\t\t\t<div class=\"qode-post-image\">\n\t    <a itemprop=\"url\" href=\"https:\/\/phileo-lesaffre.com\/en\/a-better-feed-efficiency-will-drive-sustainability\/\" title=\"A better feed efficiency will drive sustainability\">\n                        <img fetchpriority=\"high\" decoding=\"async\" width=\"575\" height=\"375\" src=\"https:\/\/phileo-lesaffre.com\/wp-content\/uploads\/2021\/09\/Dairy-better-feed-Knowledge-center.jpg\" class=\"attachment-portfolio-portrait size-portfolio-portrait wp-post-image\" alt=\"\" srcset=\"https:\/\/phileo-lesaffre.com\/wp-content\/uploads\/2021\/09\/Dairy-better-feed-Knowledge-center.jpg 575w, https:\/\/phileo-lesaffre.com\/wp-content\/uploads\/2021\/09\/Dairy-better-feed-Knowledge-center-300x196.jpg 300w, https:\/\/phileo-lesaffre.com\/wp-content\/uploads\/2021\/09\/Dairy-better-feed-Knowledge-center-400x260.jpg 400w\" sizes=\"(max-width: 575px) 100vw, 575px\" \/>            \t    <\/a>\n\t<\/div>\n        <div class=\"qode-news-image-info-holder-left\">\n\t\t\t        <\/div>\n        <div class=\"qode-news-image-info-holder-right\">\n\t\t\t\t\t<\/div>\n\t<\/div>\n    \t<div class=\"qode-ni-content\">\n        \t\t\n<h4 itemprop=\"name\" class=\"entry-title qode-post-title\">\n    <a itemprop=\"url\" href=\"https:\/\/phileo-lesaffre.com\/en\/a-better-feed-efficiency-will-drive-sustainability\/\" title=\"A better feed efficiency will drive sustainability\">\n        A better feed efficiency will drive sustainability    <\/a>\n<\/h4>\t\t\t\t\t<div itemprop=\"dateCreated\" class=\"qode-post-info-date entry-date published updated\">\n\t    \t        <a itemprop=\"url\" href=\"https:\/\/phileo-lesaffre.com\/pt-br\/2021\/09\/\">\n\t            <i class=\"dripicons-alarm\"><\/i>\n    \t27 de setembro de 2021        <\/a>\n\t    <meta itemprop=\"interactionCount\" content=\"UserComments: 0\"\/>\n\t<\/div>\n        \t<\/div>\n<\/div><div class=\"qode-news-item qode-layout1-item\">\n\t\t<div class=\"qode-news-item-image-holder\">\n\t\t\t<div class=\"qode-post-image\">\n\t    <a itemprop=\"url\" href=\"https:\/\/phileo-lesaffre.com\/en\/feed-efficiency\/\" title=\"Feed efficiency \ud83c\udf99\">\n                        <img decoding=\"async\" width=\"573\" height=\"375\" src=\"https:\/\/phileo-lesaffre.com\/wp-content\/uploads\/2022\/02\/feed-efficiency-Knowledge-center.jpg\" class=\"attachment-portfolio-portrait size-portfolio-portrait wp-post-image\" alt=\"\" srcset=\"https:\/\/phileo-lesaffre.com\/wp-content\/uploads\/2022\/02\/feed-efficiency-Knowledge-center.jpg 573w, https:\/\/phileo-lesaffre.com\/wp-content\/uploads\/2022\/02\/feed-efficiency-Knowledge-center-300x196.jpg 300w\" sizes=\"(max-width: 573px) 100vw, 573px\" \/>            \t    <\/a>\n\t<\/div>\n        <div class=\"qode-news-image-info-holder-left\">\n\t\t\t        <\/div>\n        <div class=\"qode-news-image-info-holder-right\">\n\t\t\t\t\t<\/div>\n\t<\/div>\n    \t<div class=\"qode-ni-content\">\n        \t\t\n<h4 itemprop=\"name\" class=\"entry-title qode-post-title\">\n    <a itemprop=\"url\" href=\"https:\/\/phileo-lesaffre.com\/en\/feed-efficiency\/\" title=\"Feed efficiency \ud83c\udf99\">\n        Feed efficiency \ud83c\udf99    <\/a>\n<\/h4>\t\t\t\t\t<div itemprop=\"dateCreated\" class=\"qode-post-info-date entry-date published updated\">\n\t    \t        <a itemprop=\"url\" href=\"https:\/\/phileo-lesaffre.com\/pt-br\/2022\/01\/\">\n\t            <i class=\"dripicons-alarm\"><\/i>\n    \t11 de janeiro de 2022        <\/a>\n\t    <meta itemprop=\"interactionCount\" content=\"UserComments: 0\"\/>\n\t<\/div>\n        \t<\/div>\n<\/div><div class=\"qode-news-item qode-layout1-item\">\n\t\t<div class=\"qode-news-item-image-holder\">\n\t\t\t<div class=\"qode-post-image\">\n\t    <a itemprop=\"url\" href=\"https:\/\/phileo-lesaffre.com\/en\/metabolic-consequences-of-inflammation-and-leaky-gut\/\" title=\"Metabolic Consequences of Inflammation and Leaky Gut\">\n                        <img decoding=\"async\" width=\"575\" height=\"375\" src=\"https:\/\/phileo-lesaffre.com\/wp-content\/uploads\/2020\/03\/Dairy-metabolic-Knowledge-center.jpg\" class=\"attachment-portfolio-portrait size-portfolio-portrait wp-post-image\" alt=\"dairy metabolic disorders\" srcset=\"https:\/\/phileo-lesaffre.com\/wp-content\/uploads\/2020\/03\/Dairy-metabolic-Knowledge-center.jpg 575w, https:\/\/phileo-lesaffre.com\/wp-content\/uploads\/2020\/03\/Dairy-metabolic-Knowledge-center-300x196.jpg 300w, https:\/\/phileo-lesaffre.com\/wp-content\/uploads\/2020\/03\/Dairy-metabolic-Knowledge-center-400x260.jpg 400w\" sizes=\"(max-width: 575px) 100vw, 575px\" \/>            \t    <\/a>\n\t<\/div>\n        <div class=\"qode-news-image-info-holder-left\">\n\t\t\t        <\/div>\n        <div class=\"qode-news-image-info-holder-right\">\n\t\t\t\t\t<\/div>\n\t<\/div>\n    \t<div class=\"qode-ni-content\">\n        \t\t\n<h4 itemprop=\"name\" class=\"entry-title qode-post-title\">\n    <a itemprop=\"url\" href=\"https:\/\/phileo-lesaffre.com\/en\/metabolic-consequences-of-inflammation-and-leaky-gut\/\" title=\"Metabolic Consequences of Inflammation and Leaky Gut\">\n        Metabolic Consequences of Inflammation and Leaky Gut    <\/a>\n<\/h4>\t\t\t\t\t<div itemprop=\"dateCreated\" class=\"qode-post-info-date entry-date published updated\">\n\t    \t        <a itemprop=\"url\" href=\"https:\/\/phileo-lesaffre.com\/pt-br\/2020\/03\/\">\n\t            <i class=\"dripicons-alarm\"><\/i>\n    \t23 de mar\u00e7o de 2020        <\/a>\n\t    <meta itemprop=\"interactionCount\" content=\"UserComments: 0\"\/>\n\t<\/div>\n        \t<\/div>\n<\/div><div class=\"qode-news-item qode-layout1-item\">\n\t\t<div class=\"qode-news-item-image-holder\">\n\t\t\t<div class=\"qode-post-image\">\n\t    <a itemprop=\"url\" href=\"https:\/\/phileo-lesaffre.com\/en\/optimizing-dairy-cow-farming-efficiency-through-feed-efficiency-improve-forage-fiber-digestibility\/\" title=\"Optimizing dairy cow farming efficiency through feed efficiency: improve forage fiber digestibility\">\n                        <img loading=\"lazy\" decoding=\"async\" width=\"575\" height=\"375\" src=\"https:\/\/phileo-lesaffre.com\/wp-content\/uploads\/2020\/09\/Dairy-optimizing-Knowledge-center.jpg\" class=\"attachment-portfolio-portrait size-portfolio-portrait wp-post-image\" alt=\"dairy optimizing\" srcset=\"https:\/\/phileo-lesaffre.com\/wp-content\/uploads\/2020\/09\/Dairy-optimizing-Knowledge-center.jpg 575w, https:\/\/phileo-lesaffre.com\/wp-content\/uploads\/2020\/09\/Dairy-optimizing-Knowledge-center-300x196.jpg 300w, https:\/\/phileo-lesaffre.com\/wp-content\/uploads\/2020\/09\/Dairy-optimizing-Knowledge-center-400x260.jpg 400w\" sizes=\"(max-width: 575px) 100vw, 575px\" \/>            \t    <\/a>\n\t<\/div>\n        <div class=\"qode-news-image-info-holder-left\">\n\t\t\t        <\/div>\n        <div class=\"qode-news-image-info-holder-right\">\n\t\t\t\t\t<\/div>\n\t<\/div>\n    \t<div class=\"qode-ni-content\">\n        \t\t\n<h4 itemprop=\"name\" class=\"entry-title qode-post-title\">\n    <a itemprop=\"url\" href=\"https:\/\/phileo-lesaffre.com\/en\/optimizing-dairy-cow-farming-efficiency-through-feed-efficiency-improve-forage-fiber-digestibility\/\" title=\"Optimizing dairy cow farming efficiency through feed efficiency: improve forage fiber digestibility\">\n        Optimizing dairy cow farming efficiency through feed efficiency: improve forage fiber digestibility    <\/a>\n<\/h4>\t\t\t\t\t<div itemprop=\"dateCreated\" class=\"qode-post-info-date entry-date published updated\">\n\t    \t        <a itemprop=\"url\" href=\"https:\/\/phileo-lesaffre.com\/pt-br\/2020\/09\/\">\n\t            <i class=\"dripicons-alarm\"><\/i>\n    \t5 de setembro de 2020        <\/a>\n\t    <meta itemprop=\"interactionCount\" content=\"UserComments: 0\"\/>\n\t<\/div>\n        \t<\/div>\n<\/div><div class=\"qode-news-item qode-layout1-item\">\n\t\t<div class=\"qode-news-item-image-holder\">\n\t\t\t<div class=\"qode-post-image\">\n\t    <a itemprop=\"url\" href=\"https:\/\/phileo-lesaffre.com\/en\/phileo-by-lesaffre-granted-eu-renewal-authorisation-for-actisaf-sc47-for-calves-for-rearing\/\" title=\"Phileo by Lesaffre granted EU Renewal authorisation for Actisaf\u00ae Sc47 for calves for rearing\">\n                        <img loading=\"lazy\" decoding=\"async\" width=\"575\" height=\"375\" src=\"https:\/\/phileo-lesaffre.com\/wp-content\/uploads\/2021\/04\/Article-Actisaf-calves-Knowledge-center.jpg\" class=\"attachment-portfolio-portrait size-portfolio-portrait wp-post-image\" alt=\"calves\" srcset=\"https:\/\/phileo-lesaffre.com\/wp-content\/uploads\/2021\/04\/Article-Actisaf-calves-Knowledge-center.jpg 575w, https:\/\/phileo-lesaffre.com\/wp-content\/uploads\/2021\/04\/Article-Actisaf-calves-Knowledge-center-300x196.jpg 300w, https:\/\/phileo-lesaffre.com\/wp-content\/uploads\/2021\/04\/Article-Actisaf-calves-Knowledge-center-400x260.jpg 400w\" sizes=\"(max-width: 575px) 100vw, 575px\" \/>            \t    <\/a>\n\t<\/div>\n        <div class=\"qode-news-image-info-holder-left\">\n\t\t\t        <\/div>\n        <div class=\"qode-news-image-info-holder-right\">\n\t\t\t\t\t<\/div>\n\t<\/div>\n    \t<div class=\"qode-ni-content\">\n        \t\t\n<h4 itemprop=\"name\" class=\"entry-title qode-post-title\">\n    <a itemprop=\"url\" href=\"https:\/\/phileo-lesaffre.com\/en\/phileo-by-lesaffre-granted-eu-renewal-authorisation-for-actisaf-sc47-for-calves-for-rearing\/\" title=\"Phileo by Lesaffre granted EU Renewal authorisation for Actisaf\u00ae Sc47 for calves for rearing\">\n        Phileo by Lesaffre granted EU Renewal authorisation for Actisaf<sup>\u00ae<\/sup> Sc47 for calves for rearing    <\/a>\n<\/h4>\t\t\t\t\t<div itemprop=\"dateCreated\" class=\"qode-post-info-date entry-date published updated\">\n\t    \t        <a itemprop=\"url\" href=\"https:\/\/phileo-lesaffre.com\/pt-br\/2021\/04\/\">\n\t            <i class=\"dripicons-alarm\"><\/i>\n    \t15 de abril de 2021        <\/a>\n\t    <meta itemprop=\"interactionCount\" content=\"UserComments: 0\"\/>\n\t<\/div>\n        \t<\/div>\n<\/div><div class=\"qode-news-item qode-layout1-item\">\n\t\t<div class=\"qode-news-item-image-holder\">\n\t\t\t<div class=\"qode-post-image\">\n\t    <a itemprop=\"url\" href=\"https:\/\/phileo-lesaffre.com\/en\/better-feed-efficiency-drive-sustainability\/\" title=\"Better feed efficiency will drive sustainability\">\n                        <img loading=\"lazy\" decoding=\"async\" width=\"575\" height=\"375\" src=\"https:\/\/phileo-lesaffre.com\/wp-content\/uploads\/2022\/06\/article-Dairy-Knowledge-center.jpg\" class=\"attachment-portfolio-portrait size-portfolio-portrait wp-post-image\" alt=\"dairy cow\" srcset=\"https:\/\/phileo-lesaffre.com\/wp-content\/uploads\/2022\/06\/article-Dairy-Knowledge-center.jpg 575w, https:\/\/phileo-lesaffre.com\/wp-content\/uploads\/2022\/06\/article-Dairy-Knowledge-center-300x196.jpg 300w, https:\/\/phileo-lesaffre.com\/wp-content\/uploads\/2022\/06\/article-Dairy-Knowledge-center-400x260.jpg 400w\" sizes=\"(max-width: 575px) 100vw, 575px\" \/>            \t    <\/a>\n\t<\/div>\n        <div class=\"qode-news-image-info-holder-left\">\n\t\t\t        <\/div>\n        <div class=\"qode-news-image-info-holder-right\">\n\t\t\t\t\t<\/div>\n\t<\/div>\n    \t<div class=\"qode-ni-content\">\n        \t\t\n<h4 itemprop=\"name\" class=\"entry-title qode-post-title\">\n    <a itemprop=\"url\" href=\"https:\/\/phileo-lesaffre.com\/en\/better-feed-efficiency-drive-sustainability\/\" title=\"Better feed efficiency will drive sustainability\">\n        Better feed efficiency will drive sustainability    <\/a>\n<\/h4>\t\t\t\t\t<div itemprop=\"dateCreated\" class=\"qode-post-info-date entry-date published updated\">\n\t    \t        <a itemprop=\"url\" href=\"https:\/\/phileo-lesaffre.com\/pt-br\/2022\/06\/\">\n\t            <i class=\"dripicons-alarm\"><\/i>\n    \t9 de junho de 2022        <\/a>\n\t    <meta itemprop=\"interactionCount\" content=\"UserComments: 0\"\/>\n\t<\/div>\n        \t<\/div>\n<\/div><div class=\"qode-news-item qode-layout1-item\">\n\t\t<div class=\"qode-news-item-image-holder\">\n\t\t\t<div class=\"qode-post-image\">\n\t    <a itemprop=\"url\" href=\"https:\/\/phileo-lesaffre.com\/en\/yeast-postbiotic-helps-reduce-scc-dairy-cows\/\" title=\"Yeast postbiotic helps reduce SCC in dairy cows under challenging conditions\">\n                        <img loading=\"lazy\" decoding=\"async\" width=\"575\" height=\"375\" src=\"https:\/\/phileo-lesaffre.com\/wp-content\/uploads\/2022\/05\/article-Knowledge-center-SCC-1.jpg\" class=\"attachment-portfolio-portrait size-portfolio-portrait wp-post-image\" alt=\"dairy cow SCC\" srcset=\"https:\/\/phileo-lesaffre.com\/wp-content\/uploads\/2022\/05\/article-Knowledge-center-SCC-1.jpg 575w, https:\/\/phileo-lesaffre.com\/wp-content\/uploads\/2022\/05\/article-Knowledge-center-SCC-1-300x196.jpg 300w, https:\/\/phileo-lesaffre.com\/wp-content\/uploads\/2022\/05\/article-Knowledge-center-SCC-1-400x260.jpg 400w\" sizes=\"(max-width: 575px) 100vw, 575px\" \/>            \t    <\/a>\n\t<\/div>\n        <div class=\"qode-news-image-info-holder-left\">\n\t\t\t        <\/div>\n        <div class=\"qode-news-image-info-holder-right\">\n\t\t\t\t\t<\/div>\n\t<\/div>\n    \t<div class=\"qode-ni-content\">\n        \t\t\n<h4 itemprop=\"name\" class=\"entry-title qode-post-title\">\n    <a itemprop=\"url\" href=\"https:\/\/phileo-lesaffre.com\/en\/yeast-postbiotic-helps-reduce-scc-dairy-cows\/\" title=\"Yeast postbiotic helps reduce SCC in dairy cows under challenging conditions\">\n        Yeast postbiotic helps reduce SCC in dairy cows under challenging conditions    <\/a>\n<\/h4>\t\t\t\t\t<div itemprop=\"dateCreated\" class=\"qode-post-info-date entry-date published updated\">\n\t    \t        <a itemprop=\"url\" href=\"https:\/\/phileo-lesaffre.com\/pt-br\/2022\/05\/\">\n\t            <i class=\"dripicons-alarm\"><\/i>\n    \t25 de maio de 2022        <\/a>\n\t    <meta itemprop=\"interactionCount\" content=\"UserComments: 0\"\/>\n\t<\/div>\n        \t<\/div>\n<\/div><div class=\"qode-news-item qode-layout1-item\">\n\t\t<div class=\"qode-news-item-image-holder\">\n\t\t\t<div class=\"qode-post-image\">\n\t    <a itemprop=\"url\" href=\"https:\/\/phileo-lesaffre.com\/en\/le-secteur-laitier-francais-face-a-la-concurrence-europeenne-et-mondiale\/\" title=\"Le secteur laitier fran\u00e7ais face \u00e0 la concurrence europ\u00e9enne et mondiale \ud83c\udf99\">\n                        <img loading=\"lazy\" decoding=\"async\" width=\"575\" height=\"375\" src=\"https:\/\/phileo-lesaffre.com\/wp-content\/uploads\/2021\/06\/Webinar-dairy-Knowledge-center.jpg\" class=\"attachment-portfolio-portrait size-portfolio-portrait wp-post-image\" alt=\"\" srcset=\"https:\/\/phileo-lesaffre.com\/wp-content\/uploads\/2021\/06\/Webinar-dairy-Knowledge-center.jpg 575w, https:\/\/phileo-lesaffre.com\/wp-content\/uploads\/2021\/06\/Webinar-dairy-Knowledge-center-300x196.jpg 300w, https:\/\/phileo-lesaffre.com\/wp-content\/uploads\/2021\/06\/Webinar-dairy-Knowledge-center-400x260.jpg 400w\" sizes=\"(max-width: 575px) 100vw, 575px\" \/>            \t    <\/a>\n\t<\/div>\n        <div class=\"qode-news-image-info-holder-left\">\n\t\t\t        <\/div>\n        <div class=\"qode-news-image-info-holder-right\">\n\t\t\t\t\t<\/div>\n\t<\/div>\n    \t<div class=\"qode-ni-content\">\n        \t\t\n<h4 itemprop=\"name\" class=\"entry-title qode-post-title\">\n    <a itemprop=\"url\" href=\"https:\/\/phileo-lesaffre.com\/en\/le-secteur-laitier-francais-face-a-la-concurrence-europeenne-et-mondiale\/\" title=\"Le secteur laitier fran\u00e7ais face \u00e0 la concurrence europ\u00e9enne et mondiale \ud83c\udf99\">\n        Le secteur laitier fran\u00e7ais face \u00e0 la concurrence europ\u00e9enne et mondiale \ud83c\udf99    <\/a>\n<\/h4>\t\t\t\t\t<div itemprop=\"dateCreated\" class=\"qode-post-info-date entry-date published updated\">\n\t    \t        <a itemprop=\"url\" href=\"https:\/\/phileo-lesaffre.com\/pt-br\/2021\/06\/\">\n\t            <i class=\"dripicons-alarm\"><\/i>\n    \t30 de junho de 2021        <\/a>\n\t    <meta itemprop=\"interactionCount\" content=\"UserComments: 0\"\/>\n\t<\/div>\n        \t<\/div>\n<\/div><div class=\"qode-news-item qode-layout1-item\">\n\t\t<div class=\"qode-news-item-image-holder\">\n\t\t\t<div class=\"qode-post-image\">\n\t    <a itemprop=\"url\" href=\"https:\/\/phileo-lesaffre.com\/en\/yeast-solutions-heat-stress\/\" title=\"Yeast solutions to alleviate heat stress in dairy cows\">\n                        <img loading=\"lazy\" decoding=\"async\" width=\"575\" height=\"375\" src=\"https:\/\/phileo-lesaffre.com\/wp-content\/uploads\/2018\/03\/Heat-stress-1.jpg\" class=\"attachment-portfolio-portrait size-portfolio-portrait wp-post-image\" alt=\"\" srcset=\"https:\/\/phileo-lesaffre.com\/wp-content\/uploads\/2018\/03\/Heat-stress-1.jpg 575w, https:\/\/phileo-lesaffre.com\/wp-content\/uploads\/2018\/03\/Heat-stress-1-300x196.jpg 300w, https:\/\/phileo-lesaffre.com\/wp-content\/uploads\/2018\/03\/Heat-stress-1-400x260.jpg 400w\" sizes=\"(max-width: 575px) 100vw, 575px\" \/>            \t    <\/a>\n\t<\/div>\n        <div class=\"qode-news-image-info-holder-left\">\n\t\t\t        <\/div>\n        <div class=\"qode-news-image-info-holder-right\">\n\t\t\t\t\t<\/div>\n\t<\/div>\n    \t<div class=\"qode-ni-content\">\n        \t\t\n<h4 itemprop=\"name\" class=\"entry-title qode-post-title\">\n    <a itemprop=\"url\" href=\"https:\/\/phileo-lesaffre.com\/en\/yeast-solutions-heat-stress\/\" title=\"Yeast solutions to alleviate heat stress in dairy cows\">\n        Yeast solutions to alleviate heat stress in dairy cows    <\/a>\n<\/h4>\t\t\t\t\t<div itemprop=\"dateCreated\" class=\"qode-post-info-date entry-date published updated\">\n\t    \t        <a itemprop=\"url\" href=\"https:\/\/phileo-lesaffre.com\/pt-br\/2018\/03\/\">\n\t            <i class=\"dripicons-alarm\"><\/i>\n    \t21 de mar\u00e7o de 2018        <\/a>\n\t    <meta itemprop=\"interactionCount\" content=\"UserComments: 0\"\/>\n\t<\/div>\n        \t<\/div>\n<\/div><div class=\"qode-news-item qode-layout1-item\">\n\t\t<div class=\"qode-news-item-image-holder\">\n\t\t\t<div class=\"qode-post-image\">\n\t    <a itemprop=\"url\" href=\"https:\/\/phileo-lesaffre.com\/en\/the-effect-of-climate-change-on-dairy-production-mitigating-the-impacts-of-heat-stress\/\" title=\"The effect of climate change on dairy production: Mitigating the impacts of heat stress\">\n                        <img loading=\"lazy\" decoding=\"async\" width=\"575\" height=\"375\" src=\"https:\/\/phileo-lesaffre.com\/wp-content\/uploads\/2025\/05\/Image-Knowledge-center-Cow-HS.jpg\" class=\"attachment-portfolio-portrait size-portfolio-portrait wp-post-image\" alt=\"\" srcset=\"https:\/\/phileo-lesaffre.com\/wp-content\/uploads\/2025\/05\/Image-Knowledge-center-Cow-HS.jpg 575w, https:\/\/phileo-lesaffre.com\/wp-content\/uploads\/2025\/05\/Image-Knowledge-center-Cow-HS-300x196.jpg 300w, https:\/\/phileo-lesaffre.com\/wp-content\/uploads\/2025\/05\/Image-Knowledge-center-Cow-HS-400x260.jpg 400w\" sizes=\"(max-width: 575px) 100vw, 575px\" \/>            \t    <\/a>\n\t<\/div>\n        <div class=\"qode-news-image-info-holder-left\">\n\t\t\t        <\/div>\n        <div class=\"qode-news-image-info-holder-right\">\n\t\t\t\t\t<\/div>\n\t<\/div>\n    \t<div class=\"qode-ni-content\">\n        \t\t\n<h4 itemprop=\"name\" class=\"entry-title qode-post-title\">\n    <a itemprop=\"url\" href=\"https:\/\/phileo-lesaffre.com\/en\/the-effect-of-climate-change-on-dairy-production-mitigating-the-impacts-of-heat-stress\/\" title=\"The effect of climate change on dairy production: Mitigating the impacts of heat stress\">\n        The effect of climate change on dairy production: Mitigating the impacts of heat stress    <\/a>\n<\/h4>\t\t\t\t\t<div itemprop=\"dateCreated\" class=\"qode-post-info-date entry-date published updated\">\n\t    \t        <a itemprop=\"url\" href=\"https:\/\/phileo-lesaffre.com\/pt-br\/2025\/05\/\">\n\t            <i class=\"dripicons-alarm\"><\/i>\n    \t22 de maio de 2025        <\/a>\n\t    <meta itemprop=\"interactionCount\" content=\"UserComments: 0\"\/>\n\t<\/div>\n        \t<\/div>\n<\/div><div class=\"qode-news-item qode-layout1-item\">\n\t\t<div class=\"qode-news-item-image-holder\">\n\t\t\t<div class=\"qode-post-image\">\n\t    <a itemprop=\"url\" href=\"https:\/\/phileo-lesaffre.com\/en\/challenges-dairy-ewe-nutrition\/\" title=\"Main challenges in dairy ewe nutrition \ud83c\udf99\">\n                        <img loading=\"lazy\" decoding=\"async\" width=\"575\" height=\"375\" src=\"https:\/\/phileo-lesaffre.com\/wp-content\/uploads\/2021\/06\/Webinar-Dairy-ewe-Knowledge-center.jpg\" class=\"attachment-portfolio-portrait size-portfolio-portrait wp-post-image\" alt=\"\" srcset=\"https:\/\/phileo-lesaffre.com\/wp-content\/uploads\/2021\/06\/Webinar-Dairy-ewe-Knowledge-center.jpg 575w, https:\/\/phileo-lesaffre.com\/wp-content\/uploads\/2021\/06\/Webinar-Dairy-ewe-Knowledge-center-300x196.jpg 300w, https:\/\/phileo-lesaffre.com\/wp-content\/uploads\/2021\/06\/Webinar-Dairy-ewe-Knowledge-center-400x260.jpg 400w\" sizes=\"(max-width: 575px) 100vw, 575px\" \/>            \t    <\/a>\n\t<\/div>\n        <div class=\"qode-news-image-info-holder-left\">\n\t\t\t        <\/div>\n        <div class=\"qode-news-image-info-holder-right\">\n\t\t\t\t\t<\/div>\n\t<\/div>\n    \t<div class=\"qode-ni-content\">\n        \t\t\n<h4 itemprop=\"name\" class=\"entry-title qode-post-title\">\n    <a itemprop=\"url\" href=\"https:\/\/phileo-lesaffre.com\/en\/challenges-dairy-ewe-nutrition\/\" title=\"Main challenges in dairy ewe nutrition \ud83c\udf99\">\n        Main challenges in dairy ewe nutrition \ud83c\udf99    <\/a>\n<\/h4>\t\t\t\t\t<div itemprop=\"dateCreated\" class=\"qode-post-info-date entry-date published updated\">\n\t    \t        <a itemprop=\"url\" href=\"https:\/\/phileo-lesaffre.com\/pt-br\/2021\/06\/\">\n\t            <i class=\"dripicons-alarm\"><\/i>\n    \t28 de junho de 2021        <\/a>\n\t    <meta itemprop=\"interactionCount\" content=\"UserComments: 0\"\/>\n\t<\/div>\n        \t<\/div>\n<\/div><div class=\"qode-news-item qode-layout1-item\">\n\t\t<div class=\"qode-news-item-image-holder\">\n\t\t\t<div class=\"qode-post-image\">\n\t    <a itemprop=\"url\" href=\"https:\/\/phileo-lesaffre.com\/en\/optimizing-dairy-cow-farming-through-feed-efficiency\/\" title=\"Optimizing dairy cow farming through feed efficiency \ud83c\udf99\">\n                        <img loading=\"lazy\" decoding=\"async\" width=\"575\" height=\"375\" src=\"https:\/\/phileo-lesaffre.com\/wp-content\/uploads\/2021\/06\/Webinar-optimizing-dairy-Knowledge-center.jpg\" class=\"attachment-portfolio-portrait size-portfolio-portrait wp-post-image\" alt=\"\" srcset=\"https:\/\/phileo-lesaffre.com\/wp-content\/uploads\/2021\/06\/Webinar-optimizing-dairy-Knowledge-center.jpg 575w, https:\/\/phileo-lesaffre.com\/wp-content\/uploads\/2021\/06\/Webinar-optimizing-dairy-Knowledge-center-300x196.jpg 300w, https:\/\/phileo-lesaffre.com\/wp-content\/uploads\/2021\/06\/Webinar-optimizing-dairy-Knowledge-center-400x260.jpg 400w\" sizes=\"(max-width: 575px) 100vw, 575px\" \/>            \t    <\/a>\n\t<\/div>\n        <div class=\"qode-news-image-info-holder-left\">\n\t\t\t        <\/div>\n        <div class=\"qode-news-image-info-holder-right\">\n\t\t\t\t\t<\/div>\n\t<\/div>\n    \t<div class=\"qode-ni-content\">\n        \t\t\n<h4 itemprop=\"name\" class=\"entry-title qode-post-title\">\n    <a itemprop=\"url\" href=\"https:\/\/phileo-lesaffre.com\/en\/optimizing-dairy-cow-farming-through-feed-efficiency\/\" title=\"Optimizing dairy cow farming through feed efficiency \ud83c\udf99\">\n        Optimizing dairy cow farming through feed efficiency \ud83c\udf99    <\/a>\n<\/h4>\t\t\t\t\t<div itemprop=\"dateCreated\" class=\"qode-post-info-date entry-date published updated\">\n\t    \t        <a itemprop=\"url\" href=\"https:\/\/phileo-lesaffre.com\/pt-br\/2021\/05\/\">\n\t            <i class=\"dripicons-alarm\"><\/i>\n    \t3 de maio de 2021        <\/a>\n\t    <meta itemprop=\"interactionCount\" content=\"UserComments: 0\"\/>\n\t<\/div>\n        \t<\/div>\n<\/div><\/div><\/div>[\/vc_column][\/vc_row]<\/p>\n<\/div>","protected":false},"excerpt":{"rendered":"<p>[vc_row css_animation=&#8221;&#8221; row_type=&#8221;row&#8221; use_row_as_full_screen_section=&#8221;no&#8221; type=&#8221;full_width&#8221; angled_section=&#8221;no&#8221; text_align=&#8221;left&#8221; background_image_as_pattern=&#8221;without_pattern&#8221;][vc_column][qode_elements_holder number_of_columns=&#8221;two_columns&#8221; custom_class=&#8221;tete&#8221;][qode_elements_holder_item vertical_alignment=&#8221;middle&#8221; horizontal_alignment=&#8221;left&#8221; advanced_animations=&#8221;no&#8221; item_padding=&#8221;5% 8% 5% 0%&#8221;][vc_column_text] Efici\u00eancia alimentar e sa\u00fade do r\u00famen [\/vc_column_text][vc_single_image image=&#8221;398041&#8243; img_size=&#8221;65&#215;33&#8243; qode_css_animation=&#8221;&#8221; css=&#8221;.vc_custom_1590613047306{padding-top: 5% !important;padding-bottom: 5% !important;}&#8221;][vc_column_text css=&#8221;.vc_custom_1592914518564{padding-right: 8% !important;}&#8221;]A digest\u00e3o da vaca ocorre predominantemente no r\u00famen, atrav\u00e9s da fermenta\u00e7\u00e3o&#8230;<\/p>\n","protected":false},"author":1,"featured_media":0,"parent":402143,"menu_order":0,"comment_status":"closed","ping_status":"closed","template":"full_width.php","meta":{"footnotes":""},"class_list":["post-402335","page","type-page","status-publish","hentry"],"yoast_head":"<!-- This site is optimized with the Yoast SEO Premium plugin v25.9 (Yoast SEO v27.4) - https:\/\/yoast.com\/product\/yoast-seo-premium-wordpress\/ -->\n<title>Efici\u00eancia alimentar e sa\u00fade do r\u00famen de vacas leiteiras &#8226; Phileo by Lesaffre<\/title>\n<meta name=\"robots\" content=\"index, follow, max-snippet:-1, max-image-preview:large, max-video-preview:-1\" \/>\n<link rel=\"canonical\" href=\"https:\/\/phileo-lesaffre.com\/pt-br\/gado-leiteiro\/eficiencia-alimentar-e-saude-do-rumen-de-vacas-leiteiras\/\" \/>\n<meta property=\"og:locale\" content=\"pt_BR\" \/>\n<meta property=\"og:type\" content=\"article\" \/>\n<meta property=\"og:title\" content=\"Efici\u00eancia alimentar e sa\u00fade do r\u00famen de vacas leiteiras\" \/>\n<meta property=\"og:description\" content=\"Efici\u00eancia alimentar e sa\u00fade do r\u00famen A digest\u00e3o da vaca ocorre predominantemente no r\u00famen, atrav\u00e9s da fermenta\u00e7\u00e3o por micr\u00f3bios ao inv\u00e9s da digest\u00e3o pelo\" \/>\n<meta property=\"og:url\" content=\"https:\/\/phileo-lesaffre.com\/pt-br\/gado-leiteiro\/eficiencia-alimentar-e-saude-do-rumen-de-vacas-leiteiras\/\" \/>\n<meta property=\"og:site_name\" content=\"Phileo by Lesaffre\" \/>\n<meta property=\"article:publisher\" content=\"https:\/\/www.facebook.com\/phileo.lesaffre\/\" \/>\n<meta property=\"article:modified_time\" content=\"2020-12-16T10:32:19+00:00\" \/>\n<meta name=\"twitter:card\" content=\"summary_large_image\" \/>\n<meta name=\"twitter:site\" content=\"@PhileoLesaffre\" \/>\n<script type=\"application\/ld+json\" class=\"yoast-schema-graph\">{\"@context\":\"https:\\\/\\\/schema.org\",\"@graph\":[{\"@type\":\"WebPage\",\"@id\":\"https:\\\/\\\/phileo-lesaffre.com\\\/pt-br\\\/gado-leiteiro\\\/eficiencia-alimentar-e-saude-do-rumen-de-vacas-leiteiras\\\/\",\"url\":\"https:\\\/\\\/phileo-lesaffre.com\\\/pt-br\\\/gado-leiteiro\\\/eficiencia-alimentar-e-saude-do-rumen-de-vacas-leiteiras\\\/\",\"name\":\"Efici\u00eancia alimentar e sa\u00fade do r\u00famen de vacas leiteiras &#8226; Phileo by Lesaffre\",\"isPartOf\":{\"@id\":\"https:\\\/\\\/phileo-lesaffre.com\\\/pt-br\\\/#website\"},\"datePublished\":\"2020-11-18T07:15:48+00:00\",\"dateModified\":\"2020-12-16T10:32:19+00:00\",\"breadcrumb\":{\"@id\":\"https:\\\/\\\/phileo-lesaffre.com\\\/pt-br\\\/gado-leiteiro\\\/eficiencia-alimentar-e-saude-do-rumen-de-vacas-leiteiras\\\/#breadcrumb\"},\"inLanguage\":\"pt-BR\",\"potentialAction\":[{\"@type\":\"ReadAction\",\"target\":[\"https:\\\/\\\/phileo-lesaffre.com\\\/pt-br\\\/gado-leiteiro\\\/eficiencia-alimentar-e-saude-do-rumen-de-vacas-leiteiras\\\/\"]}]},{\"@type\":\"BreadcrumbList\",\"@id\":\"https:\\\/\\\/phileo-lesaffre.com\\\/pt-br\\\/gado-leiteiro\\\/eficiencia-alimentar-e-saude-do-rumen-de-vacas-leiteiras\\\/#breadcrumb\",\"itemListElement\":[{\"@type\":\"ListItem\",\"position\":1,\"name\":\"Phileo by Lesaffre\",\"item\":\"https:\\\/\\\/phileo-lesaffre.com\\\/pt-br\\\/\"},{\"@type\":\"ListItem\",\"position\":2,\"name\":\"Gado leiteiro\",\"item\":\"https:\\\/\\\/phileo-lesaffre.com\\\/pt-br\\\/gado-leiteiro\\\/\"},{\"@type\":\"ListItem\",\"position\":3,\"name\":\"Efici\u00eancia alimentar e sa\u00fade do r\u00famen de vacas leiteiras\"}]},{\"@type\":\"WebSite\",\"@id\":\"https:\\\/\\\/phileo-lesaffre.com\\\/pt-br\\\/#website\",\"url\":\"https:\\\/\\\/phileo-lesaffre.com\\\/pt-br\\\/\",\"name\":\"Phileo by Lesaffre\",\"description\":\"Animal nutrition and health from yeast products\",\"publisher\":{\"@id\":\"https:\\\/\\\/phileo-lesaffre.com\\\/pt-br\\\/#organization\"},\"potentialAction\":[{\"@type\":\"SearchAction\",\"target\":{\"@type\":\"EntryPoint\",\"urlTemplate\":\"https:\\\/\\\/phileo-lesaffre.com\\\/pt-br\\\/?s={search_term_string}\"},\"query-input\":{\"@type\":\"PropertyValueSpecification\",\"valueRequired\":true,\"valueName\":\"search_term_string\"}}],\"inLanguage\":\"pt-BR\"},{\"@type\":\"Organization\",\"@id\":\"https:\\\/\\\/phileo-lesaffre.com\\\/pt-br\\\/#organization\",\"name\":\"Phileo by Lesaffre\",\"url\":\"https:\\\/\\\/phileo-lesaffre.com\\\/pt-br\\\/\",\"logo\":{\"@type\":\"ImageObject\",\"inLanguage\":\"pt-BR\",\"@id\":\"https:\\\/\\\/phileo-lesaffre.com\\\/pt-br\\\/#\\\/schema\\\/logo\\\/image\\\/\",\"url\":\"https:\\\/\\\/phileo-lesaffre.com\\\/wp-content\\\/uploads\\\/2019\\\/04\\\/logo-phileo-lesaffre-1.jpg\",\"contentUrl\":\"https:\\\/\\\/phileo-lesaffre.com\\\/wp-content\\\/uploads\\\/2019\\\/04\\\/logo-phileo-lesaffre-1.jpg\",\"width\":500,\"height\":250,\"caption\":\"Phileo by Lesaffre\"},\"image\":{\"@id\":\"https:\\\/\\\/phileo-lesaffre.com\\\/pt-br\\\/#\\\/schema\\\/logo\\\/image\\\/\"},\"sameAs\":[\"https:\\\/\\\/www.facebook.com\\\/phileo.lesaffre\\\/\",\"https:\\\/\\\/x.com\\\/PhileoLesaffre\",\"https:\\\/\\\/www.linkedin.com\\\/company\\\/phileo\\\/\"]}]}<\/script>\n<!-- \/ Yoast SEO Premium plugin. -->","yoast_head_json":{"title":"Efici\u00eancia alimentar e sa\u00fade do r\u00famen de vacas leiteiras &#8226; Phileo by Lesaffre","robots":{"index":"index","follow":"follow","max-snippet":"max-snippet:-1","max-image-preview":"max-image-preview:large","max-video-preview":"max-video-preview:-1"},"canonical":"https:\/\/phileo-lesaffre.com\/pt-br\/gado-leiteiro\/eficiencia-alimentar-e-saude-do-rumen-de-vacas-leiteiras\/","og_locale":"pt_BR","og_type":"article","og_title":"Efici\u00eancia alimentar e sa\u00fade do r\u00famen de vacas leiteiras","og_description":"Efici\u00eancia alimentar e sa\u00fade do r\u00famen A digest\u00e3o da vaca ocorre predominantemente no r\u00famen, atrav\u00e9s da fermenta\u00e7\u00e3o por micr\u00f3bios ao inv\u00e9s da digest\u00e3o pelo","og_url":"https:\/\/phileo-lesaffre.com\/pt-br\/gado-leiteiro\/eficiencia-alimentar-e-saude-do-rumen-de-vacas-leiteiras\/","og_site_name":"Phileo by Lesaffre","article_publisher":"https:\/\/www.facebook.com\/phileo.lesaffre\/","article_modified_time":"2020-12-16T10:32:19+00:00","twitter_card":"summary_large_image","twitter_site":"@PhileoLesaffre","schema":{"@context":"https:\/\/schema.org","@graph":[{"@type":"WebPage","@id":"https:\/\/phileo-lesaffre.com\/pt-br\/gado-leiteiro\/eficiencia-alimentar-e-saude-do-rumen-de-vacas-leiteiras\/","url":"https:\/\/phileo-lesaffre.com\/pt-br\/gado-leiteiro\/eficiencia-alimentar-e-saude-do-rumen-de-vacas-leiteiras\/","name":"Efici\u00eancia alimentar e sa\u00fade do r\u00famen de vacas leiteiras &#8226; Phileo by Lesaffre","isPartOf":{"@id":"https:\/\/phileo-lesaffre.com\/pt-br\/#website"},"datePublished":"2020-11-18T07:15:48+00:00","dateModified":"2020-12-16T10:32:19+00:00","breadcrumb":{"@id":"https:\/\/phileo-lesaffre.com\/pt-br\/gado-leiteiro\/eficiencia-alimentar-e-saude-do-rumen-de-vacas-leiteiras\/#breadcrumb"},"inLanguage":"pt-BR","potentialAction":[{"@type":"ReadAction","target":["https:\/\/phileo-lesaffre.com\/pt-br\/gado-leiteiro\/eficiencia-alimentar-e-saude-do-rumen-de-vacas-leiteiras\/"]}]},{"@type":"BreadcrumbList","@id":"https:\/\/phileo-lesaffre.com\/pt-br\/gado-leiteiro\/eficiencia-alimentar-e-saude-do-rumen-de-vacas-leiteiras\/#breadcrumb","itemListElement":[{"@type":"ListItem","position":1,"name":"Phileo by Lesaffre","item":"https:\/\/phileo-lesaffre.com\/pt-br\/"},{"@type":"ListItem","position":2,"name":"Gado leiteiro","item":"https:\/\/phileo-lesaffre.com\/pt-br\/gado-leiteiro\/"},{"@type":"ListItem","position":3,"name":"Efici\u00eancia alimentar e sa\u00fade do r\u00famen de vacas leiteiras"}]},{"@type":"WebSite","@id":"https:\/\/phileo-lesaffre.com\/pt-br\/#website","url":"https:\/\/phileo-lesaffre.com\/pt-br\/","name":"Phileo by Lesaffre","description":"Animal nutrition and health from yeast products","publisher":{"@id":"https:\/\/phileo-lesaffre.com\/pt-br\/#organization"},"potentialAction":[{"@type":"SearchAction","target":{"@type":"EntryPoint","urlTemplate":"https:\/\/phileo-lesaffre.com\/pt-br\/?s={search_term_string}"},"query-input":{"@type":"PropertyValueSpecification","valueRequired":true,"valueName":"search_term_string"}}],"inLanguage":"pt-BR"},{"@type":"Organization","@id":"https:\/\/phileo-lesaffre.com\/pt-br\/#organization","name":"Phileo by Lesaffre","url":"https:\/\/phileo-lesaffre.com\/pt-br\/","logo":{"@type":"ImageObject","inLanguage":"pt-BR","@id":"https:\/\/phileo-lesaffre.com\/pt-br\/#\/schema\/logo\/image\/","url":"https:\/\/phileo-lesaffre.com\/wp-content\/uploads\/2019\/04\/logo-phileo-lesaffre-1.jpg","contentUrl":"https:\/\/phileo-lesaffre.com\/wp-content\/uploads\/2019\/04\/logo-phileo-lesaffre-1.jpg","width":500,"height":250,"caption":"Phileo by Lesaffre"},"image":{"@id":"https:\/\/phileo-lesaffre.com\/pt-br\/#\/schema\/logo\/image\/"},"sameAs":["https:\/\/www.facebook.com\/phileo.lesaffre\/","https:\/\/x.com\/PhileoLesaffre","https:\/\/www.linkedin.com\/company\/phileo\/"]}]}},"_links":{"self":[{"href":"https:\/\/phileo-lesaffre.com\/pt-br\/wp-json\/wp\/v2\/pages\/402335","targetHints":{"allow":["GET"]}}],"collection":[{"href":"https:\/\/phileo-lesaffre.com\/pt-br\/wp-json\/wp\/v2\/pages"}],"about":[{"href":"https:\/\/phileo-lesaffre.com\/pt-br\/wp-json\/wp\/v2\/types\/page"}],"author":[{"embeddable":true,"href":"https:\/\/phileo-lesaffre.com\/pt-br\/wp-json\/wp\/v2\/users\/1"}],"replies":[{"embeddable":true,"href":"https:\/\/phileo-lesaffre.com\/pt-br\/wp-json\/wp\/v2\/comments?post=402335"}],"version-history":[{"count":0,"href":"https:\/\/phileo-lesaffre.com\/pt-br\/wp-json\/wp\/v2\/pages\/402335\/revisions"}],"up":[{"embeddable":true,"href":"https:\/\/phileo-lesaffre.com\/pt-br\/wp-json\/wp\/v2\/pages\/402143"}],"wp:attachment":[{"href":"https:\/\/phileo-lesaffre.com\/pt-br\/wp-json\/wp\/v2\/media?parent=402335"}],"curies":[{"name":"wp","href":"https:\/\/api.w.org\/{rel}","templated":true}]}}