{"id":402230,"date":"2020-11-18T08:00:42","date_gmt":"2020-11-18T07:00:42","guid":{"rendered":"http:\/\/phileo-lesaffre.com\/poedeiras\/modulacao-da-microbiota-na-saude-intestinal-de-poedeiras\/"},"modified":"2020-12-16T11:45:17","modified_gmt":"2020-12-16T10:45:17","slug":"modulacao-da-microbiota-na-saude-intestinal-de-poedeiras","status":"publish","type":"page","link":"https:\/\/phileo-lesaffre.com\/pt-br\/poedeiras\/modulacao-da-microbiota-na-saude-intestinal-de-poedeiras\/","title":{"rendered":"Modula\u00e7\u00e3o da microbiota na sa\u00fade intestinal de poedeiras"},"content":{"rendered":"<div class=\"wpb-content-wrapper\"><p>[vc_row css_animation=&#8221;&#8221; row_type=&#8221;row&#8221; use_row_as_full_screen_section=&#8221;no&#8221; type=&#8221;full_width&#8221; angled_section=&#8221;no&#8221; text_align=&#8221;left&#8221; background_image_as_pattern=&#8221;without_pattern&#8221;][vc_column][qode_elements_holder number_of_columns=&#8221;two_columns&#8221; custom_class=&#8221;tete&#8221;][qode_elements_holder_item vertical_alignment=&#8221;middle&#8221; horizontal_alignment=&#8221;left&#8221; advanced_animations=&#8221;no&#8221; item_padding=&#8221;5% 8% 5% 0%&#8221;][vc_column_text]<\/p>\n<h2 class=\"feed2\"><span style=\"color: #4d4d4c;\">Manejo da sa\u00fade intestinal e modula\u00e7\u00e3o da microbiota<\/span><\/h2>\n<p>[\/vc_column_text][vc_single_image image=&#8221;398041&#8243; img_size=&#8221;65&#215;33&#8243; qode_css_animation=&#8221;&#8221; css=&#8221;.vc_custom_1590613047306{padding-top: 5% !important;padding-bottom: 5% !important;}&#8221;][vc_column_text css=&#8221;.vc_custom_1592474235276{padding-right: 8% !important;}&#8221;]O objetivo na produ\u00e7\u00e3o de poedeiras \u00e9 produzir 500 ovos por galinha at\u00e9 as 100 semanas de idade. Isso cria um estresse constante para as aves devido \u00e0 passagem de prote\u00edna, gordura e energia em seus ovos, resultando em inflama\u00e7\u00e3o fisiol\u00f3gica cr\u00f4nica. Algumas bact\u00e9rias, como <em>E.coli<\/em>, podem se beneficiar desta condi\u00e7\u00e3o intestinal, crescendo e tendo um impacto sobre a sa\u00fade intestinal. Como 70% da capacidade do sistema imunol\u00f3gico das aves est\u00e1 concentrada no intestino, as menores enterites podem afetar a produ\u00e7\u00e3o de ovos e deixar as aves mais sens\u00edveis a doen\u00e7as. Manter a boa sa\u00fade intestinal \u00e9 importante para transformar ra\u00e7\u00e3o em ovos e proteger as margens dos produtores.<\/p>\n<p>&nbsp;<\/p>\n<p>Fornecer Safmannan\u00ae a aves de alto desempenho mostrou reduzir os efeitos do estresse sobre a produ\u00e7\u00e3o e melhorar a sa\u00fade intestinal.[\/vc_column_text][vc_single_image image=&#8221;400287&#8243; img_size=&#8221;120&#215;178&#8243; alignment=&#8221;right&#8221; qode_css_animation=&#8221;&#8221;][\/qode_elements_holder_item][qode_elements_holder_item cover=&#8221;yes&#8221; vertical_alignment=&#8221;middle&#8221; horizontal_alignment=&#8221;left&#8221; advanced_animations=&#8221;no&#8221; background_image=&#8221;396300&#8243;][\/qode_elements_holder_item][\/qode_elements_holder][\/vc_column][\/vc_row][vc_row css_animation=&#8221;&#8221; row_type=&#8221;row&#8221; use_row_as_full_screen_section=&#8221;no&#8221; type=&#8221;full_width&#8221; angled_section=&#8221;no&#8221; text_align=&#8221;left&#8221; background_image_as_pattern=&#8221;without_pattern&#8221; z_index=&#8221;&#8221;][vc_column][qode_elements_holder number_of_columns=&#8221;two_columns&#8221;][qode_elements_holder_item vertical_alignment=&#8221;middle&#8221; horizontal_alignment=&#8221;left&#8221; advanced_animations=&#8221;no&#8221; item_padding=&#8221;5% 2% 5% 10%&#8221; background_color=&#8221;#e58734&#8243;][vc_column_text]<\/p>\n<h2 class=\"feed4\"><span style=\"color: #ffffff;\">Melhoria da morfologia intestinal<\/span><\/h2>\n<p>[\/vc_column_text][vc_single_image image=&#8221;397901&#8243; img_size=&#8221;50&#215;25&#8243; qode_css_animation=&#8221;&#8221; css=&#8221;.vc_custom_1592227932921{padding-top: 5% !important;padding-bottom: 5% !important;}&#8221;][vc_column_text css=&#8221;.vc_custom_1592474446719{padding-right: 10% !important;}&#8221;]<span style=\"color: #ffffff;\">Um estudo na Universidade Agr\u00edcola de Shandong, China, em 2015, envolveu tr\u00eas grupos diferentes de galinhas em gaiolas, de 12 a 29 semanas de idade. Um grupo n\u00e3o teve suplementa\u00e7\u00e3o e nem estresse por densidade (550 cm\u00b2\/poedeira = densidade baixa, nos padr\u00f5es chineses). Outro grupo n\u00e3o teve suplementa\u00e7\u00e3o e teve estresse por densidade (333 cm\u00b2\/poedeira = alta densidade) O terceiro grupo, suplementado com Safmannan\u00ae a 250\u00a0g\/ton, teve estresse por alta densidade (HD).<\/span><\/p>\n<p><span style=\"color: #ffffff;\">As vilosidades do jejuno permaneceram numericamente maiores no grupo do Safmannan\u00ae, apesar do estresse, do que no grupo controle de HD. Al\u00e9m disso, as criptas foram significativamente menos profundas no grupo do Safmannan\u00ae comparado com os dois outros grupos, indicando melhor sa\u00fade intestinal. O Safmannan\u00ae ajudou a preservar uma melhor morfologia do intestino sob condi\u00e7\u00f5es estressantes, permitindo melhor absor\u00e7\u00e3o do alimento e melhor efici\u00eancia alimentar.<\/span>[\/vc_column_text][\/qode_elements_holder_item][qode_elements_holder_item advanced_animations=&#8221;no&#8221;][vc_single_image image=&#8221;405065&#8243; img_size=&#8221;full&#8221; alignment=&#8221;center&#8221; onclick=&#8221;link_image&#8221; qode_css_animation=&#8221;&#8221; qode_hover_animation=&#8221;zoom_in&#8221;][\/qode_elements_holder_item][\/qode_elements_holder][\/vc_column][\/vc_row][vc_row css_animation=&#8221;&#8221; row_type=&#8221;row&#8221; use_row_as_full_screen_section=&#8221;no&#8221; type=&#8221;full_width&#8221; angled_section=&#8221;no&#8221; text_align=&#8221;left&#8221; background_image_as_pattern=&#8221;without_pattern&#8221; css=&#8221;.vc_custom_1592234497567{background-color: #ffffff !important;}&#8221; z_index=&#8221;&#8221;][vc_column][qode_elements_holder number_of_columns=&#8221;two_columns&#8221;][qode_elements_holder_item advanced_animations=&#8221;no&#8221;][vc_single_image image=&#8221;405069&#8243; img_size=&#8221;full&#8221; onclick=&#8221;link_image&#8221; qode_css_animation=&#8221;&#8221; qode_hover_animation=&#8221;zoom_in&#8221;][\/qode_elements_holder_item][qode_elements_holder_item vertical_alignment=&#8221;middle&#8221; horizontal_alignment=&#8221;left&#8221; advanced_animations=&#8221;no&#8221; item_padding=&#8221;5% 10% 5% 5%&#8221; background_color=&#8221;#706f6f&#8221;][vc_column_text]<\/p>\n<h2 class=\"feed4\"><span style=\"color: #ffffff;\">Preserva\u00e7\u00e3o das jun\u00e7\u00f5es oclusivas e integridade do epit\u00e9lio<\/span><\/h2>\n<p>[\/vc_column_text][vc_single_image image=&#8221;397901&#8243; img_size=&#8221;50&#215;25&#8243; qode_css_animation=&#8221;&#8221; css=&#8221;.vc_custom_1592232787710{padding-top: 5% !important;padding-bottom: 5% !important;}&#8221;][vc_column_text]<span style=\"color: #ffffff;\">Um estudo tamb\u00e9m foi realizado pelo IRTA para avaliar o efeito do Safmannan\u00ae na integridade das jun\u00e7\u00f5es oclusivas. O m\u00e9todo de fluoresc\u00eancia foi usado, que destaca a ZO-1, a principal prote\u00edna compreendendo as jun\u00e7\u00f5es oclusivas, na superf\u00edcie das vilosidades. Os pontos de fluoresc\u00eancia foram mais intensos no grupo do Safmannan\u00ae do que no controle. Isso demonstra melhor integridade das jun\u00e7\u00f5es oclusivas devido ao Safmannan\u00ae, ap\u00f3s um desafio local com inflama\u00e7\u00e3o. Isso ajuda a reduzir a passagem de fluidos da circula\u00e7\u00e3o sangu\u00ednea para dentro do intestino, evitando o intestino perme\u00e1vel e fezes \u00famidas.<\/span><br \/>\n[\/vc_column_text][\/qode_elements_holder_item][\/qode_elements_holder][\/vc_column][\/vc_row][vc_row css_animation=&#8221;&#8221; row_type=&#8221;row&#8221; use_row_as_full_screen_section=&#8221;no&#8221; type=&#8221;full_width&#8221; angled_section=&#8221;no&#8221; text_align=&#8221;left&#8221; background_image_as_pattern=&#8221;without_pattern&#8221; z_index=&#8221;&#8221;][vc_column][qode_elements_holder number_of_columns=&#8221;two_columns&#8221;][qode_elements_holder_item vertical_alignment=&#8221;middle&#8221; horizontal_alignment=&#8221;left&#8221; advanced_animations=&#8221;no&#8221; item_padding=&#8221;5% 2% 5% 10%&#8221; background_color=&#8221;#e58734&#8243;][vc_column_text]<\/p>\n<h2 class=\"feed4\"><span style=\"color: #ffffff;\">Diminui\u00e7\u00e3o da press\u00e3o de pat\u00f3genos e manuten\u00e7\u00e3o de um bom equil\u00edbrio da microbiota intestinal<\/span><\/h2>\n<p>[\/vc_column_text][vc_single_image image=&#8221;397901&#8243; img_size=&#8221;50&#215;25&#8243; qode_css_animation=&#8221;&#8221; css=&#8221;.vc_custom_1592232787710{padding-top: 5% !important;padding-bottom: 5% !important;}&#8221;][vc_column_text]<span style=\"color: #ffffff;\">No estudo da Universidade Agr\u00edcola de Shandong, <em>E.coli<\/em> (bact\u00e9ria potencialmente patog\u00eanica) e Lactobacillus (bact\u00e9ria ben\u00e9fica do intestino) foram enumeradas no \u00edleo e jejuno \u00e0s 29 semanas, ao final do estudo.<\/span><\/p>\n<p>&nbsp;<\/p>\n<p><span style=\"color: #ffffff;\">Em cada \u00e1rea do intestino, a <em>E.coli<\/em> no grupo do Safmannan\u00ae foi significativamente reduzida, enquanto o Lactobacillus foi significativamente aumentado, mostrando melhor equil\u00edbrio da microbiota intestinal, gra\u00e7as ao Safmannan\u00ae.<\/span>[\/vc_column_text][\/qode_elements_holder_item][qode_elements_holder_item advanced_animations=&#8221;no&#8221;][vc_single_image image=&#8221;405073&#8243; img_size=&#8221;full&#8221; onclick=&#8221;link_image&#8221; qode_css_animation=&#8221;&#8221; qode_hover_animation=&#8221;zoom_in&#8221;][\/qode_elements_holder_item][\/qode_elements_holder][\/vc_column][\/vc_row][vc_row css_animation=&#8221;&#8221; row_type=&#8221;row&#8221; use_row_as_full_screen_section=&#8221;no&#8221; type=&#8221;full_width&#8221; angled_section=&#8221;no&#8221; text_align=&#8221;left&#8221; background_image_as_pattern=&#8221;without_pattern&#8221; z_index=&#8221;&#8221;][vc_column][qode_elements_holder number_of_columns=&#8221;two_columns&#8221;][qode_elements_holder_item advanced_animations=&#8221;no&#8221;][vc_single_image image=&#8221;405077&#8243; img_size=&#8221;full&#8221; onclick=&#8221;link_image&#8221; qode_css_animation=&#8221;&#8221; qode_hover_animation=&#8221;zoom_in&#8221;][\/qode_elements_holder_item][qode_elements_holder_item vertical_alignment=&#8221;middle&#8221; horizontal_alignment=&#8221;left&#8221; advanced_animations=&#8221;no&#8221; item_padding=&#8221;5% 2% 5% 10%&#8221; background_color=&#8221;#706f6f&#8221;][vc_column_text]<\/p>\n<h2 class=\"feed4\"><span style=\"color: #ffffff;\">Estudos in vitro com Safmannan<\/span><\/h2>\n<p>[\/vc_column_text][vc_single_image image=&#8221;397901&#8243; img_size=&#8221;50&#215;25&#8243; qode_css_animation=&#8221;&#8221; css=&#8221;.vc_custom_1592232787710{padding-top: 5% !important;padding-bottom: 5% !important;}&#8221;][vc_column_text]<span style=\"color: #ffffff;\">V\u00e1rios estudos in vitro demonstraram a capacidade do Safmannan\u00ae de se ligar \u00e0s f\u00edmbrias de bact\u00e9rias Gram, como <em>E.coli.<\/em> Isso \u00e9 \u00fatil em granjas de poedeiras comerciais quando os picos de mortalidade devido a E.coli ocorrem durante a produ\u00e7\u00e3o dos ovos, quando o tratamento com antibi\u00f3ticos \u00e9 proibido sem o descarte dos ovos.<\/span><\/p>\n<p>&nbsp;<\/p>\n<p><span style=\"color: #ffffff;\">Os seguintes dados v\u00eam de uma granja no Reino Unido com 8.000 aves e 2 granjas de poedeiras na Pol\u00f4nia, cada uma com 60.000 aves. Os granjeiros envolvidos observaram uma diminui\u00e7\u00e3o nas mortalidades dentro de 48 horas ap\u00f3s a suplementa\u00e7\u00e3o com Safmannan\u00ae. <em>As popula\u00e7\u00f5es intestinais de E.coli<\/em> foram drasticamente reduzidas.<\/span>[\/vc_column_text][\/qode_elements_holder_item][\/qode_elements_holder][vc_separator type=&#8221;normal&#8221; color=&#8221;#ffffff&#8221;][\/vc_column][\/vc_row][vc_row css_animation=&#8221;&#8221; row_type=&#8221;row&#8221; use_row_as_full_screen_section=&#8221;yes&#8221; type=&#8221;full_width&#8221; angled_section=&#8221;no&#8221; text_align=&#8221;left&#8221; background_image_as_pattern=&#8221;without_pattern&#8221; z_index=&#8221;&#8221;][vc_column][vc_separator type=&#8221;transparent&#8221; up=&#8221;10&#8243; down=&#8221;10&#8243;][vc_column_text css=&#8221;.vc_custom_1593403421530{padding-top: 2% !important;padding-bottom: 2% !important;}&#8221;]<\/p>\n<h2 class=\"feed3\"><span style=\"color: #4d4d4c;\">Saiba mais sobre manejo de poedeiras<\/span><\/h2>\n<p>[\/vc_column_text][vc_separator type=&#8221;transparent&#8221; up=&#8221;5&#8243; down=&#8221;5&#8243;][\/vc_column][vc_column width=&#8221;1\/4&#8243;][vc_single_image image=&#8221;403685&#8243; img_size=&#8221;full&#8221; alignment=&#8221;center&#8221; onclick=&#8221;custom_link&#8221; qode_css_animation=&#8221;&#8221; qode_hover_animation=&#8221;zoom_in&#8221; css=&#8221;.vc_custom_1607519311040{padding-top: 5% !important;padding-bottom: 5% !important;}&#8221; link=&#8221;\/pt-br\/poedeiras\/controle-de-salmonela-em-poedeiras\/&#8221;][\/vc_column][vc_column width=&#8221;1\/4&#8243;][vc_single_image image=&#8221;403697&#8243; img_size=&#8221;full&#8221; alignment=&#8221;center&#8221; onclick=&#8221;custom_link&#8221; qode_css_animation=&#8221;&#8221; qode_hover_animation=&#8221;zoom_in&#8221; css=&#8221;.vc_custom_1607519336926{padding-top: 5% !important;padding-bottom: 5% !important;}&#8221; link=&#8221;\/pt-br\/poedeiras\/modulacao-imune-das-poedeiras\/&#8221;][\/vc_column][vc_column width=&#8221;1\/4&#8243;][vc_single_image image=&#8221;403689&#8243; img_size=&#8221;full&#8221; alignment=&#8221;center&#8221; onclick=&#8221;custom_link&#8221; qode_css_animation=&#8221;&#8221; qode_hover_animation=&#8221;zoom_in&#8221; css=&#8221;.vc_custom_1607519377771{padding-top: 5% !important;padding-bottom: 5% !important;}&#8221; link=&#8221;\/pt-br\/poedeiras\/desempenho-de-postura-das-poedeiras\/&#8221;][\/vc_column][vc_column width=&#8221;1\/4&#8243;][\/vc_column][\/vc_row]<\/p>\n<\/div>","protected":false},"excerpt":{"rendered":"<p>[vc_row css_animation=&#8221;&#8221; row_type=&#8221;row&#8221; use_row_as_full_screen_section=&#8221;no&#8221; type=&#8221;full_width&#8221; angled_section=&#8221;no&#8221; text_align=&#8221;left&#8221; background_image_as_pattern=&#8221;without_pattern&#8221;][vc_column][qode_elements_holder number_of_columns=&#8221;two_columns&#8221; custom_class=&#8221;tete&#8221;][qode_elements_holder_item vertical_alignment=&#8221;middle&#8221; horizontal_alignment=&#8221;left&#8221; advanced_animations=&#8221;no&#8221; item_padding=&#8221;5% 8% 5% 0%&#8221;][vc_column_text] Manejo da sa\u00fade intestinal e modula\u00e7\u00e3o da microbiota [\/vc_column_text][vc_single_image image=&#8221;398041&#8243; img_size=&#8221;65&#215;33&#8243; qode_css_animation=&#8221;&#8221; css=&#8221;.vc_custom_1590613047306{padding-top: 5% !important;padding-bottom: 5% !important;}&#8221;][vc_column_text css=&#8221;.vc_custom_1592474235276{padding-right: 8% !important;}&#8221;]O objetivo na produ\u00e7\u00e3o de poedeiras \u00e9 produzir 500&#8230;<\/p>\n","protected":false},"author":1,"featured_media":0,"parent":402147,"menu_order":0,"comment_status":"closed","ping_status":"closed","template":"full_width.php","meta":{"footnotes":""},"class_list":["post-402230","page","type-page","status-publish","hentry"],"yoast_head":"<!-- This site is optimized with the Yoast SEO Premium plugin v25.9 (Yoast SEO v27.5) - https:\/\/yoast.com\/product\/yoast-seo-premium-wordpress\/ -->\n<title>Modula\u00e7\u00e3o da microbiota na sa\u00fade intestinal de poedeiras &#8226; Phileo by Lesaffre<\/title>\n<meta name=\"robots\" content=\"index, follow, max-snippet:-1, max-image-preview:large, max-video-preview:-1\" \/>\n<link rel=\"canonical\" href=\"https:\/\/phileo-lesaffre.com\/pt-br\/poedeiras\/modulacao-da-microbiota-na-saude-intestinal-de-poedeiras\/\" \/>\n<meta property=\"og:locale\" content=\"pt_BR\" \/>\n<meta property=\"og:type\" content=\"article\" \/>\n<meta property=\"og:title\" content=\"Modula\u00e7\u00e3o da microbiota na sa\u00fade intestinal de poedeiras\" \/>\n<meta property=\"og:description\" content=\"Manejo da sa\u00fade intestinal e modula\u00e7\u00e3o da microbiota O objetivo na produ\u00e7\u00e3o de poedeiras \u00e9 produzir 500 ovos por galinha at\u00e9 as 100 semanas de idade. Isso\" \/>\n<meta property=\"og:url\" content=\"https:\/\/phileo-lesaffre.com\/pt-br\/poedeiras\/modulacao-da-microbiota-na-saude-intestinal-de-poedeiras\/\" \/>\n<meta property=\"og:site_name\" content=\"Phileo by Lesaffre\" \/>\n<meta property=\"article:publisher\" content=\"https:\/\/www.facebook.com\/phileo.lesaffre\/\" \/>\n<meta property=\"article:modified_time\" content=\"2020-12-16T10:45:17+00:00\" \/>\n<meta name=\"twitter:card\" content=\"summary_large_image\" \/>\n<meta name=\"twitter:site\" content=\"@PhileoLesaffre\" \/>\n<script type=\"application\/ld+json\" class=\"yoast-schema-graph\">{\"@context\":\"https:\\\/\\\/schema.org\",\"@graph\":[{\"@type\":\"WebPage\",\"@id\":\"https:\\\/\\\/phileo-lesaffre.com\\\/pt-br\\\/poedeiras\\\/modulacao-da-microbiota-na-saude-intestinal-de-poedeiras\\\/\",\"url\":\"https:\\\/\\\/phileo-lesaffre.com\\\/pt-br\\\/poedeiras\\\/modulacao-da-microbiota-na-saude-intestinal-de-poedeiras\\\/\",\"name\":\"Modula\u00e7\u00e3o da microbiota na sa\u00fade intestinal de poedeiras &#8226; Phileo by Lesaffre\",\"isPartOf\":{\"@id\":\"https:\\\/\\\/phileo-lesaffre.com\\\/pt-br\\\/#website\"},\"datePublished\":\"2020-11-18T07:00:42+00:00\",\"dateModified\":\"2020-12-16T10:45:17+00:00\",\"breadcrumb\":{\"@id\":\"https:\\\/\\\/phileo-lesaffre.com\\\/pt-br\\\/poedeiras\\\/modulacao-da-microbiota-na-saude-intestinal-de-poedeiras\\\/#breadcrumb\"},\"inLanguage\":\"pt-BR\",\"potentialAction\":[{\"@type\":\"ReadAction\",\"target\":[\"https:\\\/\\\/phileo-lesaffre.com\\\/pt-br\\\/poedeiras\\\/modulacao-da-microbiota-na-saude-intestinal-de-poedeiras\\\/\"]}]},{\"@type\":\"BreadcrumbList\",\"@id\":\"https:\\\/\\\/phileo-lesaffre.com\\\/pt-br\\\/poedeiras\\\/modulacao-da-microbiota-na-saude-intestinal-de-poedeiras\\\/#breadcrumb\",\"itemListElement\":[{\"@type\":\"ListItem\",\"position\":1,\"name\":\"Phileo by Lesaffre\",\"item\":\"https:\\\/\\\/phileo-lesaffre.com\\\/pt-br\\\/\"},{\"@type\":\"ListItem\",\"position\":2,\"name\":\"Poedeiras\",\"item\":\"https:\\\/\\\/phileo-lesaffre.com\\\/pt-br\\\/poedeiras\\\/\"},{\"@type\":\"ListItem\",\"position\":3,\"name\":\"Modula\u00e7\u00e3o da microbiota na sa\u00fade intestinal de poedeiras\"}]},{\"@type\":\"WebSite\",\"@id\":\"https:\\\/\\\/phileo-lesaffre.com\\\/pt-br\\\/#website\",\"url\":\"https:\\\/\\\/phileo-lesaffre.com\\\/pt-br\\\/\",\"name\":\"Phileo by Lesaffre\",\"description\":\"Animal nutrition and health from yeast products\",\"publisher\":{\"@id\":\"https:\\\/\\\/phileo-lesaffre.com\\\/pt-br\\\/#organization\"},\"potentialAction\":[{\"@type\":\"SearchAction\",\"target\":{\"@type\":\"EntryPoint\",\"urlTemplate\":\"https:\\\/\\\/phileo-lesaffre.com\\\/pt-br\\\/?s={search_term_string}\"},\"query-input\":{\"@type\":\"PropertyValueSpecification\",\"valueRequired\":true,\"valueName\":\"search_term_string\"}}],\"inLanguage\":\"pt-BR\"},{\"@type\":\"Organization\",\"@id\":\"https:\\\/\\\/phileo-lesaffre.com\\\/pt-br\\\/#organization\",\"name\":\"Phileo by Lesaffre\",\"url\":\"https:\\\/\\\/phileo-lesaffre.com\\\/pt-br\\\/\",\"logo\":{\"@type\":\"ImageObject\",\"inLanguage\":\"pt-BR\",\"@id\":\"https:\\\/\\\/phileo-lesaffre.com\\\/pt-br\\\/#\\\/schema\\\/logo\\\/image\\\/\",\"url\":\"https:\\\/\\\/phileo-lesaffre.com\\\/wp-content\\\/uploads\\\/2019\\\/04\\\/logo-phileo-lesaffre-1.jpg\",\"contentUrl\":\"https:\\\/\\\/phileo-lesaffre.com\\\/wp-content\\\/uploads\\\/2019\\\/04\\\/logo-phileo-lesaffre-1.jpg\",\"width\":500,\"height\":250,\"caption\":\"Phileo by Lesaffre\"},\"image\":{\"@id\":\"https:\\\/\\\/phileo-lesaffre.com\\\/pt-br\\\/#\\\/schema\\\/logo\\\/image\\\/\"},\"sameAs\":[\"https:\\\/\\\/www.facebook.com\\\/phileo.lesaffre\\\/\",\"https:\\\/\\\/x.com\\\/PhileoLesaffre\",\"https:\\\/\\\/www.linkedin.com\\\/company\\\/phileo\\\/\"]}]}<\/script>\n<!-- \/ Yoast SEO Premium plugin. -->","yoast_head_json":{"title":"Modula\u00e7\u00e3o da microbiota na sa\u00fade intestinal de poedeiras &#8226; Phileo by Lesaffre","robots":{"index":"index","follow":"follow","max-snippet":"max-snippet:-1","max-image-preview":"max-image-preview:large","max-video-preview":"max-video-preview:-1"},"canonical":"https:\/\/phileo-lesaffre.com\/pt-br\/poedeiras\/modulacao-da-microbiota-na-saude-intestinal-de-poedeiras\/","og_locale":"pt_BR","og_type":"article","og_title":"Modula\u00e7\u00e3o da microbiota na sa\u00fade intestinal de poedeiras","og_description":"Manejo da sa\u00fade intestinal e modula\u00e7\u00e3o da microbiota O objetivo na produ\u00e7\u00e3o de poedeiras \u00e9 produzir 500 ovos por galinha at\u00e9 as 100 semanas de idade. Isso","og_url":"https:\/\/phileo-lesaffre.com\/pt-br\/poedeiras\/modulacao-da-microbiota-na-saude-intestinal-de-poedeiras\/","og_site_name":"Phileo by Lesaffre","article_publisher":"https:\/\/www.facebook.com\/phileo.lesaffre\/","article_modified_time":"2020-12-16T10:45:17+00:00","twitter_card":"summary_large_image","twitter_site":"@PhileoLesaffre","schema":{"@context":"https:\/\/schema.org","@graph":[{"@type":"WebPage","@id":"https:\/\/phileo-lesaffre.com\/pt-br\/poedeiras\/modulacao-da-microbiota-na-saude-intestinal-de-poedeiras\/","url":"https:\/\/phileo-lesaffre.com\/pt-br\/poedeiras\/modulacao-da-microbiota-na-saude-intestinal-de-poedeiras\/","name":"Modula\u00e7\u00e3o da microbiota na sa\u00fade intestinal de poedeiras &#8226; Phileo by Lesaffre","isPartOf":{"@id":"https:\/\/phileo-lesaffre.com\/pt-br\/#website"},"datePublished":"2020-11-18T07:00:42+00:00","dateModified":"2020-12-16T10:45:17+00:00","breadcrumb":{"@id":"https:\/\/phileo-lesaffre.com\/pt-br\/poedeiras\/modulacao-da-microbiota-na-saude-intestinal-de-poedeiras\/#breadcrumb"},"inLanguage":"pt-BR","potentialAction":[{"@type":"ReadAction","target":["https:\/\/phileo-lesaffre.com\/pt-br\/poedeiras\/modulacao-da-microbiota-na-saude-intestinal-de-poedeiras\/"]}]},{"@type":"BreadcrumbList","@id":"https:\/\/phileo-lesaffre.com\/pt-br\/poedeiras\/modulacao-da-microbiota-na-saude-intestinal-de-poedeiras\/#breadcrumb","itemListElement":[{"@type":"ListItem","position":1,"name":"Phileo by Lesaffre","item":"https:\/\/phileo-lesaffre.com\/pt-br\/"},{"@type":"ListItem","position":2,"name":"Poedeiras","item":"https:\/\/phileo-lesaffre.com\/pt-br\/poedeiras\/"},{"@type":"ListItem","position":3,"name":"Modula\u00e7\u00e3o da microbiota na sa\u00fade intestinal de poedeiras"}]},{"@type":"WebSite","@id":"https:\/\/phileo-lesaffre.com\/pt-br\/#website","url":"https:\/\/phileo-lesaffre.com\/pt-br\/","name":"Phileo by Lesaffre","description":"Animal nutrition and health from yeast products","publisher":{"@id":"https:\/\/phileo-lesaffre.com\/pt-br\/#organization"},"potentialAction":[{"@type":"SearchAction","target":{"@type":"EntryPoint","urlTemplate":"https:\/\/phileo-lesaffre.com\/pt-br\/?s={search_term_string}"},"query-input":{"@type":"PropertyValueSpecification","valueRequired":true,"valueName":"search_term_string"}}],"inLanguage":"pt-BR"},{"@type":"Organization","@id":"https:\/\/phileo-lesaffre.com\/pt-br\/#organization","name":"Phileo by Lesaffre","url":"https:\/\/phileo-lesaffre.com\/pt-br\/","logo":{"@type":"ImageObject","inLanguage":"pt-BR","@id":"https:\/\/phileo-lesaffre.com\/pt-br\/#\/schema\/logo\/image\/","url":"https:\/\/phileo-lesaffre.com\/wp-content\/uploads\/2019\/04\/logo-phileo-lesaffre-1.jpg","contentUrl":"https:\/\/phileo-lesaffre.com\/wp-content\/uploads\/2019\/04\/logo-phileo-lesaffre-1.jpg","width":500,"height":250,"caption":"Phileo by Lesaffre"},"image":{"@id":"https:\/\/phileo-lesaffre.com\/pt-br\/#\/schema\/logo\/image\/"},"sameAs":["https:\/\/www.facebook.com\/phileo.lesaffre\/","https:\/\/x.com\/PhileoLesaffre","https:\/\/www.linkedin.com\/company\/phileo\/"]}]}},"_links":{"self":[{"href":"https:\/\/phileo-lesaffre.com\/pt-br\/wp-json\/wp\/v2\/pages\/402230","targetHints":{"allow":["GET"]}}],"collection":[{"href":"https:\/\/phileo-lesaffre.com\/pt-br\/wp-json\/wp\/v2\/pages"}],"about":[{"href":"https:\/\/phileo-lesaffre.com\/pt-br\/wp-json\/wp\/v2\/types\/page"}],"author":[{"embeddable":true,"href":"https:\/\/phileo-lesaffre.com\/pt-br\/wp-json\/wp\/v2\/users\/1"}],"replies":[{"embeddable":true,"href":"https:\/\/phileo-lesaffre.com\/pt-br\/wp-json\/wp\/v2\/comments?post=402230"}],"version-history":[{"count":0,"href":"https:\/\/phileo-lesaffre.com\/pt-br\/wp-json\/wp\/v2\/pages\/402230\/revisions"}],"up":[{"embeddable":true,"href":"https:\/\/phileo-lesaffre.com\/pt-br\/wp-json\/wp\/v2\/pages\/402147"}],"wp:attachment":[{"href":"https:\/\/phileo-lesaffre.com\/pt-br\/wp-json\/wp\/v2\/media?parent=402230"}],"curies":[{"name":"wp","href":"https:\/\/api.w.org\/{rel}","templated":true}]}}