{"id":402226,"date":"2020-11-18T08:00:32","date_gmt":"2020-11-18T07:00:32","guid":{"rendered":"http:\/\/phileo-lesaffre.com\/poedeiras\/modulacao-imune-das-poedeiras\/"},"modified":"2020-12-16T11:46:39","modified_gmt":"2020-12-16T10:46:39","slug":"modulacao-imune-das-poedeiras","status":"publish","type":"page","link":"https:\/\/phileo-lesaffre.com\/pt-br\/poedeiras\/modulacao-imune-das-poedeiras\/","title":{"rendered":"Modula\u00e7\u00e3o imune das poedeiras"},"content":{"rendered":"<div class=\"wpb-content-wrapper\"><p>[vc_row css_animation=&#8221;&#8221; row_type=&#8221;row&#8221; use_row_as_full_screen_section=&#8221;no&#8221; type=&#8221;full_width&#8221; angled_section=&#8221;no&#8221; text_align=&#8221;left&#8221; background_image_as_pattern=&#8221;without_pattern&#8221;][vc_column][qode_elements_holder number_of_columns=&#8221;two_columns&#8221; custom_class=&#8221;tete&#8221;][qode_elements_holder_item vertical_alignment=&#8221;middle&#8221; horizontal_alignment=&#8221;left&#8221; advanced_animations=&#8221;no&#8221; item_padding=&#8221;5% 8% 5% 0%&#8221;][vc_column_text]<\/p>\n<h2 class=\"feed2\"><span style=\"color: #4d4d4c;\">Melhora da resposta a vacinas para modula\u00e7\u00e3o imunol\u00f3gica<\/span><\/h2>\n<p>[\/vc_column_text][vc_single_image image=&#8221;398041&#8243; img_size=&#8221;65&#215;33&#8243; qode_css_animation=&#8221;&#8221; css=&#8221;.vc_custom_1590613047306{padding-top: 5% !important;padding-bottom: 5% !important;}&#8221;][vc_column_text css=&#8221;.vc_custom_1592483057015{padding-right: 8% !important;}&#8221;]A preven\u00e7\u00e3o de doen\u00e7as exige uma abordagem global para compreendermos a contamina\u00e7\u00e3o por pat\u00f3genos e a aplica\u00e7\u00e3o de procedimentos de limpeza e desinfec\u00e7\u00e3o nas fazendas. A biosseguran\u00e7a \u00e9 fundamental. A Phileo by Lesaffre desenvolveu solu\u00e7\u00f5es para aumentar a resist\u00eancia das aves a doen\u00e7as, complementando as medidas existentes.<\/p>\n<p>&nbsp;<\/p>\n<p>Safmannan<sup>\u00ae<\/sup>, uma fra\u00e7\u00e3o parietal de leveduras premium, rica em mananos e betaglucanos 1,3 e 1,6 ajuda a manter a boa integridade intestinal, prevenindo a contamina\u00e7\u00e3o por bact\u00e9rias patog\u00eanicas (como E.coli, Salmonella e Clostridium). Tamb\u00e9m ajuda a melhorar o funcionamento do sistema imunol\u00f3gico e a resposta das aves a vacinas.[\/vc_column_text][vc_single_image image=&#8221;400287&#8243; img_size=&#8221;120&#215;178&#8243; alignment=&#8221;right&#8221; qode_css_animation=&#8221;&#8221;][\/qode_elements_holder_item][qode_elements_holder_item cover=&#8221;yes&#8221; vertical_alignment=&#8221;middle&#8221; horizontal_alignment=&#8221;left&#8221; advanced_animations=&#8221;no&#8221; background_image=&#8221;396346&#8243;][\/qode_elements_holder_item][\/qode_elements_holder][\/vc_column][\/vc_row][vc_row css_animation=&#8221;&#8221; row_type=&#8221;row&#8221; use_row_as_full_screen_section=&#8221;no&#8221; type=&#8221;full_width&#8221; angled_section=&#8221;no&#8221; text_align=&#8221;left&#8221; background_image_as_pattern=&#8221;without_pattern&#8221; z_index=&#8221;&#8221;][vc_column][qode_elements_holder number_of_columns=&#8221;two_columns&#8221;][qode_elements_holder_item vertical_alignment=&#8221;middle&#8221; horizontal_alignment=&#8221;left&#8221; advanced_animations=&#8221;no&#8221; item_padding=&#8221;5% 2% 5% 10%&#8221; background_color=&#8221;#e58734&#8243;][vc_column_text]<\/p>\n<h2 class=\"feed4\"><span style=\"color: #ffffff;\">Treinamento do sistema imunol\u00f3gico<\/span><\/h2>\n<p>[\/vc_column_text][vc_single_image image=&#8221;397901&#8243; img_size=&#8221;50&#215;25&#8243; qode_css_animation=&#8221;&#8221; css=&#8221;.vc_custom_1592227932921{padding-top: 5% !important;padding-bottom: 5% !important;}&#8221;][vc_column_text css=&#8221;.vc_custom_1592483067724{padding-right: 10% !important;}&#8221;]<span style=\"color: #ffffff;\">Quando betaglucanos 1,3 e 1,6 s\u00e3o fornecidos ao organismo, eles acionam receptores nas c\u00e9lulas imunes inatas, chamados fag\u00f3citos. Chamados Dectina 1, estes receptores reconhecem o betaglucano, resultando em ativa\u00e7\u00e3o imune dos fag\u00f3citos, o que produz citocinas. A intera\u00e7\u00e3o Dectina 1\/betaglucano induz a uma imunidade treinada da mem\u00f3ria imune inata nos fag\u00f3citos. Os mecanismos que levam \u00e0 mem\u00f3ria inata s\u00e3o diferentes dos usados para desenvolver a mem\u00f3ria adaptativa. Os termos imunidade treinada ou mem\u00f3ria imune inata definem o estado aprimorado de respostas imunes inatas, induzidas pela exposi\u00e7\u00e3o a certas vacinas, componentes microbianos ou metab\u00f3litos. Isso resulta em resposta aumentada a infec\u00e7\u00f5es secund\u00e1rias n\u00e3o relacionadas, um aumento nas respostas pr\u00f3-inflamat\u00f3rias e uma melhor capacidade de eliminar infec\u00e7\u00f5es.<\/span>[\/vc_column_text][\/qode_elements_holder_item][qode_elements_holder_item advanced_animations=&#8221;no&#8221;][vc_single_image image=&#8221;405083&#8243; img_size=&#8221;full&#8221; alignment=&#8221;center&#8221; onclick=&#8221;link_image&#8221; qode_css_animation=&#8221;&#8221; qode_hover_animation=&#8221;zoom_in&#8221;][\/qode_elements_holder_item][\/qode_elements_holder][\/vc_column][\/vc_row][vc_row css_animation=&#8221;&#8221; row_type=&#8221;row&#8221; use_row_as_full_screen_section=&#8221;no&#8221; type=&#8221;full_width&#8221; angled_section=&#8221;no&#8221; text_align=&#8221;left&#8221; background_image_as_pattern=&#8221;without_pattern&#8221; css=&#8221;.vc_custom_1592234497567{background-color: #ffffff !important;}&#8221; z_index=&#8221;&#8221;][vc_column][qode_elements_holder number_of_columns=&#8221;two_columns&#8221;][qode_elements_holder_item advanced_animations=&#8221;no&#8221;][vc_single_image image=&#8221;405087&#8243; img_size=&#8221;full&#8221; onclick=&#8221;link_image&#8221; qode_css_animation=&#8221;&#8221; qode_hover_animation=&#8221;zoom_in&#8221;][\/qode_elements_holder_item][qode_elements_holder_item vertical_alignment=&#8221;middle&#8221; horizontal_alignment=&#8221;left&#8221; advanced_animations=&#8221;no&#8221; item_padding=&#8221;5% 10% 5% 5%&#8221; background_color=&#8221;#706f6f&#8221;][vc_column_text]<\/p>\n<h2 class=\"feed4\"><span style=\"color: #ffffff;\">Efeitos do Safmannan<sup>\u00ae<\/sup> sobre a modula\u00e7\u00e3o do sistema imunol\u00f3gico<\/span><\/h2>\n<p>[\/vc_column_text][vc_single_image image=&#8221;397901&#8243; img_size=&#8221;50&#215;25&#8243; qode_css_animation=&#8221;&#8221; css=&#8221;.vc_custom_1592232787710{padding-top: 5% !important;padding-bottom: 5% !important;}&#8221;][vc_column_text]<span style=\"color: #ffffff;\">Shahir et al. 2013, publicaram resultados de estudos provando como o Safmannan<sup>\u00ae<\/sup> pode ajudar a preservar os t\u00edtulos de anticorpos em galinhas poedeiras vacinadas. As aves foram colocadas em uma granja para o per\u00edodo de cria, do dia 0 at\u00e9 20 semanas de idade. Todas foram vacinadas de acordo com o mesmo plano de vacina\u00e7\u00e3o, incluindo doen\u00e7a de Newcastle (ND) e influenza avi\u00e1ria de baixa patogenia (LPAI). <\/span><span style=\"color: #ffffff;\">Das semanas 33-44, metade das galinhas recebeu ra\u00e7\u00e3o suplementada com Safmannan<sup>\u00ae<\/sup> a 500 g\/t<\/span><\/p>\n<p>&nbsp;<\/p>\n<p><span style=\"color: #ffffff;\">Como a \u00faltima vacina\u00e7\u00e3o foi feita 27 semanas antes da amostra de sangue e 16 semanas antes do in\u00edcio da suplementa\u00e7\u00e3o com Safmannan<sup>\u00ae<\/sup>, a resposta \u00e0 vacina foi completada antes da suplementa\u00e7\u00e3o iniciar. Durante a produ\u00e7\u00e3o de ovos, os t\u00edtulos de anticorpos diminu\u00edram continuamente. No estudo, o Safmannan<sup>\u00ae<\/sup> ajudou a reduzir a velocidade da diminui\u00e7\u00e3o dos t\u00edtulos de anticorpos. Isso pode ajudar as galinhas, \u00e0 face da evolu\u00e7\u00e3o gen\u00e9tica que torna o per\u00edodo de produ\u00e7\u00e3o de ovos mais longo, motivado pelo objetivo de produzir 500 ovos por galinha em 100 semanas de idade.<\/span>[\/vc_column_text][\/qode_elements_holder_item][\/qode_elements_holder][\/vc_column][\/vc_row][vc_row css_animation=&#8221;&#8221; row_type=&#8221;row&#8221; use_row_as_full_screen_section=&#8221;no&#8221; type=&#8221;full_width&#8221; angled_section=&#8221;no&#8221; text_align=&#8221;left&#8221; background_image_as_pattern=&#8221;without_pattern&#8221; z_index=&#8221;&#8221;][vc_column][qode_elements_holder number_of_columns=&#8221;two_columns&#8221;][qode_elements_holder_item vertical_alignment=&#8221;middle&#8221; horizontal_alignment=&#8221;left&#8221; advanced_animations=&#8221;no&#8221; item_padding=&#8221;5% 2% 5% 10%&#8221; background_color=&#8221;#e58734&#8243;][vc_column_text]<\/p>\n<h2 class=\"feed4\"><span style=\"color: #ffffff;\">Efeitos do Safglucan<sup>\u00ae<\/sup> sobre a modula\u00e7\u00e3o do sistema imunol\u00f3gico<\/span><\/h2>\n<p>[\/vc_column_text][vc_single_image image=&#8221;397901&#8243; img_size=&#8221;50&#215;25&#8243; qode_css_animation=&#8221;&#8221; css=&#8221;.vc_custom_1592232787710{padding-top: 5% !important;padding-bottom: 5% !important;}&#8221;][vc_column_text]<span style=\"color: #ffffff;\">A Phileo by Lesaffre tamb\u00e9m desenvolveu uma solu\u00e7\u00e3o chamada Safglucan<sup>\u00ae<\/sup>, na qual os betaglucanos 1,3 e 1,6 s\u00e3o purificados, atingindo mais de 50% da composi\u00e7\u00e3o do produto. Sua atividade no sistema imunol\u00f3gico \u00e9 mais direcionada, enquanto o Safmannan<sup>\u00ae<\/sup> tem um efeito mais amplo. O Safglucan<sup>\u00ae<\/sup> \u00e9 usado a 125\u00a0g\/t durante a segunda metade do per\u00edodo de cria\u00e7\u00e3o, para melhorar a resposta \u00e0 vacina, criando o maior pico de anticorpos poss\u00edvel quando as poedeiras chegarem nos locais de produ\u00e7\u00e3o de ovos.<\/span><\/p>\n<p><span style=\"color: #ffffff;\">O Safmannan<sup>\u00ae<\/sup> pode ajudar a melhorar a resist\u00eancia das aves naturalmente contaminadas com pat\u00f3genos selvagens e,assim como o Safglucan<sup>\u00ae<\/sup>, pode ajudar a melhorar a prote\u00e7\u00e3o das aves ap\u00f3s a vacina\u00e7\u00e3o. Quando as aves s\u00e3o contaminadas com v\u00edrus, ambos os produtos podem reduzir a dissemina\u00e7\u00e3o do v\u00edrus, reduzindo a quantidade e a dura\u00e7\u00e3o da excre\u00e7\u00e3o do v\u00edrus por aves infectadas.<\/span>[\/vc_column_text][\/qode_elements_holder_item][qode_elements_holder_item advanced_animations=&#8221;no&#8221;][vc_single_image image=&#8221;405091&#8243; img_size=&#8221;full&#8221; onclick=&#8221;link_image&#8221; qode_css_animation=&#8221;&#8221; qode_hover_animation=&#8221;zoom_in&#8221;][\/qode_elements_holder_item][\/qode_elements_holder][vc_separator type=&#8221;normal&#8221; color=&#8221;#ffffff&#8221;][\/vc_column][\/vc_row][vc_row css_animation=&#8221;&#8221; row_type=&#8221;row&#8221; use_row_as_full_screen_section=&#8221;yes&#8221; type=&#8221;full_width&#8221; angled_section=&#8221;no&#8221; text_align=&#8221;left&#8221; background_image_as_pattern=&#8221;without_pattern&#8221; z_index=&#8221;&#8221;][vc_column][vc_separator type=&#8221;transparent&#8221; up=&#8221;10&#8243; down=&#8221;10&#8243;][vc_column_text css=&#8221;.vc_custom_1593403421530{padding-top: 2% !important;padding-bottom: 2% !important;}&#8221;]<\/p>\n<h2 class=\"feed3\"><span style=\"color: #4d4d4c;\">Saiba mais sobre manejo de poedeiras<\/span><\/h2>\n<p>[\/vc_column_text][vc_separator type=&#8221;transparent&#8221; up=&#8221;5&#8243; down=&#8221;5&#8243;][\/vc_column][vc_column width=&#8221;1\/4&#8243;][vc_single_image image=&#8221;403685&#8243; img_size=&#8221;full&#8221; alignment=&#8221;center&#8221; onclick=&#8221;custom_link&#8221; qode_css_animation=&#8221;&#8221; qode_hover_animation=&#8221;zoom_in&#8221; css=&#8221;.vc_custom_1607519311040{padding-top: 5% !important;padding-bottom: 5% !important;}&#8221; link=&#8221;\/pt-br\/poedeiras\/controle-de-salmonela-em-poedeiras\/&#8221;][\/vc_column][vc_column width=&#8221;1\/4&#8243;][vc_single_image image=&#8221;403693&#8243; img_size=&#8221;full&#8221; alignment=&#8221;center&#8221; onclick=&#8221;custom_link&#8221; qode_css_animation=&#8221;&#8221; qode_hover_animation=&#8221;zoom_in&#8221; css=&#8221;.vc_custom_1607519356952{padding-top: 5% !important;padding-bottom: 5% !important;}&#8221; link=&#8221;\/pt-br\/poedeiras\/modulacao-da-microbiota-na-saude-intestinal-de-poedeiras\/&#8221;][\/vc_column][vc_column width=&#8221;1\/4&#8243;][vc_single_image image=&#8221;403689&#8243; img_size=&#8221;full&#8221; alignment=&#8221;center&#8221; onclick=&#8221;custom_link&#8221; qode_css_animation=&#8221;&#8221; qode_hover_animation=&#8221;zoom_in&#8221; css=&#8221;.vc_custom_1607519377771{padding-top: 5% !important;padding-bottom: 5% !important;}&#8221; link=&#8221;\/pt-br\/poedeiras\/desempenho-de-postura-das-poedeiras\/&#8221;][\/vc_column][vc_column width=&#8221;1\/4&#8243;][\/vc_column][\/vc_row]<\/p>\n<\/div>","protected":false},"excerpt":{"rendered":"<p>[vc_row css_animation=&#8221;&#8221; row_type=&#8221;row&#8221; use_row_as_full_screen_section=&#8221;no&#8221; type=&#8221;full_width&#8221; angled_section=&#8221;no&#8221; text_align=&#8221;left&#8221; background_image_as_pattern=&#8221;without_pattern&#8221;][vc_column][qode_elements_holder number_of_columns=&#8221;two_columns&#8221; custom_class=&#8221;tete&#8221;][qode_elements_holder_item vertical_alignment=&#8221;middle&#8221; horizontal_alignment=&#8221;left&#8221; advanced_animations=&#8221;no&#8221; item_padding=&#8221;5% 8% 5% 0%&#8221;][vc_column_text] Melhora da resposta a vacinas para modula\u00e7\u00e3o imunol\u00f3gica [\/vc_column_text][vc_single_image image=&#8221;398041&#8243; img_size=&#8221;65&#215;33&#8243; qode_css_animation=&#8221;&#8221; css=&#8221;.vc_custom_1590613047306{padding-top: 5% !important;padding-bottom: 5% !important;}&#8221;][vc_column_text css=&#8221;.vc_custom_1592483057015{padding-right: 8% !important;}&#8221;]A preven\u00e7\u00e3o de doen\u00e7as exige uma abordagem global para&#8230;<\/p>\n","protected":false},"author":1,"featured_media":0,"parent":402147,"menu_order":0,"comment_status":"closed","ping_status":"closed","template":"full_width.php","meta":{"footnotes":""},"class_list":["post-402226","page","type-page","status-publish","hentry"],"yoast_head":"<!-- This site is optimized with the Yoast SEO Premium plugin v25.9 (Yoast SEO v27.4) - https:\/\/yoast.com\/product\/yoast-seo-premium-wordpress\/ -->\n<title>Modula\u00e7\u00e3o imune das poedeiras &#8226; Phileo by Lesaffre<\/title>\n<meta name=\"robots\" content=\"index, follow, max-snippet:-1, max-image-preview:large, max-video-preview:-1\" \/>\n<link rel=\"canonical\" href=\"https:\/\/phileo-lesaffre.com\/pt-br\/poedeiras\/modulacao-imune-das-poedeiras\/\" \/>\n<meta property=\"og:locale\" content=\"pt_BR\" \/>\n<meta property=\"og:type\" content=\"article\" \/>\n<meta property=\"og:title\" content=\"Modula\u00e7\u00e3o imune das poedeiras\" \/>\n<meta property=\"og:description\" content=\"Melhora da resposta a vacinas para modula\u00e7\u00e3o imunol\u00f3gica A preven\u00e7\u00e3o de doen\u00e7as exige uma abordagem global para compreendermos a contamina\u00e7\u00e3o por\" \/>\n<meta property=\"og:url\" content=\"https:\/\/phileo-lesaffre.com\/pt-br\/poedeiras\/modulacao-imune-das-poedeiras\/\" \/>\n<meta property=\"og:site_name\" content=\"Phileo by Lesaffre\" \/>\n<meta property=\"article:publisher\" content=\"https:\/\/www.facebook.com\/phileo.lesaffre\/\" \/>\n<meta property=\"article:modified_time\" content=\"2020-12-16T10:46:39+00:00\" \/>\n<meta name=\"twitter:card\" content=\"summary_large_image\" \/>\n<meta name=\"twitter:site\" content=\"@PhileoLesaffre\" \/>\n<script type=\"application\/ld+json\" class=\"yoast-schema-graph\">{\"@context\":\"https:\\\/\\\/schema.org\",\"@graph\":[{\"@type\":\"WebPage\",\"@id\":\"https:\\\/\\\/phileo-lesaffre.com\\\/pt-br\\\/poedeiras\\\/modulacao-imune-das-poedeiras\\\/\",\"url\":\"https:\\\/\\\/phileo-lesaffre.com\\\/pt-br\\\/poedeiras\\\/modulacao-imune-das-poedeiras\\\/\",\"name\":\"Modula\u00e7\u00e3o imune das poedeiras &#8226; Phileo by Lesaffre\",\"isPartOf\":{\"@id\":\"https:\\\/\\\/phileo-lesaffre.com\\\/pt-br\\\/#website\"},\"datePublished\":\"2020-11-18T07:00:32+00:00\",\"dateModified\":\"2020-12-16T10:46:39+00:00\",\"breadcrumb\":{\"@id\":\"https:\\\/\\\/phileo-lesaffre.com\\\/pt-br\\\/poedeiras\\\/modulacao-imune-das-poedeiras\\\/#breadcrumb\"},\"inLanguage\":\"pt-BR\",\"potentialAction\":[{\"@type\":\"ReadAction\",\"target\":[\"https:\\\/\\\/phileo-lesaffre.com\\\/pt-br\\\/poedeiras\\\/modulacao-imune-das-poedeiras\\\/\"]}]},{\"@type\":\"BreadcrumbList\",\"@id\":\"https:\\\/\\\/phileo-lesaffre.com\\\/pt-br\\\/poedeiras\\\/modulacao-imune-das-poedeiras\\\/#breadcrumb\",\"itemListElement\":[{\"@type\":\"ListItem\",\"position\":1,\"name\":\"Phileo by Lesaffre\",\"item\":\"https:\\\/\\\/phileo-lesaffre.com\\\/pt-br\\\/\"},{\"@type\":\"ListItem\",\"position\":2,\"name\":\"Poedeiras\",\"item\":\"https:\\\/\\\/phileo-lesaffre.com\\\/pt-br\\\/poedeiras\\\/\"},{\"@type\":\"ListItem\",\"position\":3,\"name\":\"Modula\u00e7\u00e3o imune das poedeiras\"}]},{\"@type\":\"WebSite\",\"@id\":\"https:\\\/\\\/phileo-lesaffre.com\\\/pt-br\\\/#website\",\"url\":\"https:\\\/\\\/phileo-lesaffre.com\\\/pt-br\\\/\",\"name\":\"Phileo by Lesaffre\",\"description\":\"Animal nutrition and health from yeast products\",\"publisher\":{\"@id\":\"https:\\\/\\\/phileo-lesaffre.com\\\/pt-br\\\/#organization\"},\"potentialAction\":[{\"@type\":\"SearchAction\",\"target\":{\"@type\":\"EntryPoint\",\"urlTemplate\":\"https:\\\/\\\/phileo-lesaffre.com\\\/pt-br\\\/?s={search_term_string}\"},\"query-input\":{\"@type\":\"PropertyValueSpecification\",\"valueRequired\":true,\"valueName\":\"search_term_string\"}}],\"inLanguage\":\"pt-BR\"},{\"@type\":\"Organization\",\"@id\":\"https:\\\/\\\/phileo-lesaffre.com\\\/pt-br\\\/#organization\",\"name\":\"Phileo by Lesaffre\",\"url\":\"https:\\\/\\\/phileo-lesaffre.com\\\/pt-br\\\/\",\"logo\":{\"@type\":\"ImageObject\",\"inLanguage\":\"pt-BR\",\"@id\":\"https:\\\/\\\/phileo-lesaffre.com\\\/pt-br\\\/#\\\/schema\\\/logo\\\/image\\\/\",\"url\":\"https:\\\/\\\/phileo-lesaffre.com\\\/wp-content\\\/uploads\\\/2019\\\/04\\\/logo-phileo-lesaffre-1.jpg\",\"contentUrl\":\"https:\\\/\\\/phileo-lesaffre.com\\\/wp-content\\\/uploads\\\/2019\\\/04\\\/logo-phileo-lesaffre-1.jpg\",\"width\":500,\"height\":250,\"caption\":\"Phileo by Lesaffre\"},\"image\":{\"@id\":\"https:\\\/\\\/phileo-lesaffre.com\\\/pt-br\\\/#\\\/schema\\\/logo\\\/image\\\/\"},\"sameAs\":[\"https:\\\/\\\/www.facebook.com\\\/phileo.lesaffre\\\/\",\"https:\\\/\\\/x.com\\\/PhileoLesaffre\",\"https:\\\/\\\/www.linkedin.com\\\/company\\\/phileo\\\/\"]}]}<\/script>\n<!-- \/ Yoast SEO Premium plugin. -->","yoast_head_json":{"title":"Modula\u00e7\u00e3o imune das poedeiras &#8226; Phileo by Lesaffre","robots":{"index":"index","follow":"follow","max-snippet":"max-snippet:-1","max-image-preview":"max-image-preview:large","max-video-preview":"max-video-preview:-1"},"canonical":"https:\/\/phileo-lesaffre.com\/pt-br\/poedeiras\/modulacao-imune-das-poedeiras\/","og_locale":"pt_BR","og_type":"article","og_title":"Modula\u00e7\u00e3o imune das poedeiras","og_description":"Melhora da resposta a vacinas para modula\u00e7\u00e3o imunol\u00f3gica A preven\u00e7\u00e3o de doen\u00e7as exige uma abordagem global para compreendermos a contamina\u00e7\u00e3o por","og_url":"https:\/\/phileo-lesaffre.com\/pt-br\/poedeiras\/modulacao-imune-das-poedeiras\/","og_site_name":"Phileo by Lesaffre","article_publisher":"https:\/\/www.facebook.com\/phileo.lesaffre\/","article_modified_time":"2020-12-16T10:46:39+00:00","twitter_card":"summary_large_image","twitter_site":"@PhileoLesaffre","schema":{"@context":"https:\/\/schema.org","@graph":[{"@type":"WebPage","@id":"https:\/\/phileo-lesaffre.com\/pt-br\/poedeiras\/modulacao-imune-das-poedeiras\/","url":"https:\/\/phileo-lesaffre.com\/pt-br\/poedeiras\/modulacao-imune-das-poedeiras\/","name":"Modula\u00e7\u00e3o imune das poedeiras &#8226; Phileo by Lesaffre","isPartOf":{"@id":"https:\/\/phileo-lesaffre.com\/pt-br\/#website"},"datePublished":"2020-11-18T07:00:32+00:00","dateModified":"2020-12-16T10:46:39+00:00","breadcrumb":{"@id":"https:\/\/phileo-lesaffre.com\/pt-br\/poedeiras\/modulacao-imune-das-poedeiras\/#breadcrumb"},"inLanguage":"pt-BR","potentialAction":[{"@type":"ReadAction","target":["https:\/\/phileo-lesaffre.com\/pt-br\/poedeiras\/modulacao-imune-das-poedeiras\/"]}]},{"@type":"BreadcrumbList","@id":"https:\/\/phileo-lesaffre.com\/pt-br\/poedeiras\/modulacao-imune-das-poedeiras\/#breadcrumb","itemListElement":[{"@type":"ListItem","position":1,"name":"Phileo by Lesaffre","item":"https:\/\/phileo-lesaffre.com\/pt-br\/"},{"@type":"ListItem","position":2,"name":"Poedeiras","item":"https:\/\/phileo-lesaffre.com\/pt-br\/poedeiras\/"},{"@type":"ListItem","position":3,"name":"Modula\u00e7\u00e3o imune das poedeiras"}]},{"@type":"WebSite","@id":"https:\/\/phileo-lesaffre.com\/pt-br\/#website","url":"https:\/\/phileo-lesaffre.com\/pt-br\/","name":"Phileo by Lesaffre","description":"Animal nutrition and health from yeast products","publisher":{"@id":"https:\/\/phileo-lesaffre.com\/pt-br\/#organization"},"potentialAction":[{"@type":"SearchAction","target":{"@type":"EntryPoint","urlTemplate":"https:\/\/phileo-lesaffre.com\/pt-br\/?s={search_term_string}"},"query-input":{"@type":"PropertyValueSpecification","valueRequired":true,"valueName":"search_term_string"}}],"inLanguage":"pt-BR"},{"@type":"Organization","@id":"https:\/\/phileo-lesaffre.com\/pt-br\/#organization","name":"Phileo by Lesaffre","url":"https:\/\/phileo-lesaffre.com\/pt-br\/","logo":{"@type":"ImageObject","inLanguage":"pt-BR","@id":"https:\/\/phileo-lesaffre.com\/pt-br\/#\/schema\/logo\/image\/","url":"https:\/\/phileo-lesaffre.com\/wp-content\/uploads\/2019\/04\/logo-phileo-lesaffre-1.jpg","contentUrl":"https:\/\/phileo-lesaffre.com\/wp-content\/uploads\/2019\/04\/logo-phileo-lesaffre-1.jpg","width":500,"height":250,"caption":"Phileo by Lesaffre"},"image":{"@id":"https:\/\/phileo-lesaffre.com\/pt-br\/#\/schema\/logo\/image\/"},"sameAs":["https:\/\/www.facebook.com\/phileo.lesaffre\/","https:\/\/x.com\/PhileoLesaffre","https:\/\/www.linkedin.com\/company\/phileo\/"]}]}},"_links":{"self":[{"href":"https:\/\/phileo-lesaffre.com\/pt-br\/wp-json\/wp\/v2\/pages\/402226","targetHints":{"allow":["GET"]}}],"collection":[{"href":"https:\/\/phileo-lesaffre.com\/pt-br\/wp-json\/wp\/v2\/pages"}],"about":[{"href":"https:\/\/phileo-lesaffre.com\/pt-br\/wp-json\/wp\/v2\/types\/page"}],"author":[{"embeddable":true,"href":"https:\/\/phileo-lesaffre.com\/pt-br\/wp-json\/wp\/v2\/users\/1"}],"replies":[{"embeddable":true,"href":"https:\/\/phileo-lesaffre.com\/pt-br\/wp-json\/wp\/v2\/comments?post=402226"}],"version-history":[{"count":0,"href":"https:\/\/phileo-lesaffre.com\/pt-br\/wp-json\/wp\/v2\/pages\/402226\/revisions"}],"up":[{"embeddable":true,"href":"https:\/\/phileo-lesaffre.com\/pt-br\/wp-json\/wp\/v2\/pages\/402147"}],"wp:attachment":[{"href":"https:\/\/phileo-lesaffre.com\/pt-br\/wp-json\/wp\/v2\/media?parent=402226"}],"curies":[{"name":"wp","href":"https:\/\/api.w.org\/{rel}","templated":true}]}}