{"id":414976,"date":"2025-03-26T10:09:01","date_gmt":"2025-03-26T09:09:01","guid":{"rendered":"https:\/\/phileo-lesaffre.com\/?page_id=414976"},"modified":"2025-03-26T11:34:54","modified_gmt":"2025-03-26T10:34:54","slug":"programme-contre-le-stress-thermique-chez-le-porc","status":"publish","type":"page","link":"https:\/\/phileo-lesaffre.com\/fr\/programme-contre-le-stress-thermique-chez-le-porc\/","title":{"rendered":"Programme contre le stress thermique chez le porc"},"content":{"rendered":"<div class=\"wpb-content-wrapper\"><p>[vc_row css_animation=\u00a0\u00bb\u00a0\u00bb row_type=\u00a0\u00bbrow\u00a0\u00bb use_row_as_full_screen_section=\u00a0\u00bbno\u00a0\u00bb type=\u00a0\u00bbfull_width\u00a0\u00bb angled_section=\u00a0\u00bbno\u00a0\u00bb text_align=\u00a0\u00bbleft\u00a0\u00bb background_image_as_pattern=\u00a0\u00bbwithout_pattern\u00a0\u00bb el_class=\u00a0\u00bbbreadcrumbtxt\u00a0\u00bb z_index=\u00a0\u00bb\u00a0\u00bb][vc_column][vc_column_text]<span style=\"font-size: 12px;\"><span><span><a href=\"https:\/\/phileo-lesaffre.com\/fr\/\">Phileo by Lesaffre<\/a><\/span><\/span><\/span>[\/vc_column_text][\/vc_column][\/vc_row][vc_row css_animation=\u00a0\u00bb\u00a0\u00bb row_type=\u00a0\u00bbrow\u00a0\u00bb use_row_as_full_screen_section=\u00a0\u00bbno\u00a0\u00bb type=\u00a0\u00bbfull_width\u00a0\u00bb angled_section=\u00a0\u00bbno\u00a0\u00bb text_align=\u00a0\u00bbleft\u00a0\u00bb background_image_as_pattern=\u00a0\u00bbwithout_pattern\u00a0\u00bb][vc_column][vc_column_text]<\/p>\n<p>[\/vc_column_text][\/vc_column][\/vc_row][vc_row css_animation=\u00a0\u00bb\u00a0\u00bb row_type=\u00a0\u00bbrow\u00a0\u00bb use_row_as_full_screen_section=\u00a0\u00bbno\u00a0\u00bb type=\u00a0\u00bbfull_width\u00a0\u00bb angled_section=\u00a0\u00bbno\u00a0\u00bb text_align=\u00a0\u00bbleft\u00a0\u00bb background_image_as_pattern=\u00a0\u00bbwithout_pattern\u00a0\u00bb][vc_column][qode_elements_holder number_of_columns=\u00a0\u00bbtwo_columns\u00a0\u00bb][qode_elements_holder_item vertical_alignment=\u00a0\u00bbmiddle\u00a0\u00bb horizontal_alignment=\u00a0\u00bbleft\u00a0\u00bb advanced_animations=\u00a0\u00bbno\u00a0\u00bb item_padding=\u00a0\u00bb1% 8% 1% 0%\u00a0\u00bb][vc_column_text]<\/p>\n<h1 class=\"feed2\"><span style=\"color: #4d4d4c;\">Programme contre le stress thermique chez le porc<\/span><\/h1>\n<p>[\/vc_column_text][vc_single_image image=\u00a0\u00bb407413&Prime; img_size=\u00a0\u00bb65&#215;33&Prime; css=\u00a0\u00bb.vc_custom_1590613047306{padding-top: 5% !important;padding-bottom: 5% !important;}\u00a0\u00bb qode_css_animation=\u00a0\u00bb\u00a0\u00bb][vc_column_text css=\u00a0\u00bb.vc_custom_1719918392138{padding-right: 8% !important;}\u00a0\u00bb]<strong>Le challenge du stress thermique chez le porc<\/strong><\/p>\n<p>&nbsp;<\/p>\n<p>Lorsque la chaleur monte, les porcs, aussi, essaient de rester au frais. Cependant, comme ils ne peuvent pas transpirer, les porcs ont du mal \u00e0 dissiper la grande quantit\u00e9 de chaleur m\u00e9tabolique qu&rsquo;ils produisent. Ils souffrent alors d&rsquo;un \u00e9tat appel\u00e9 stress thermique. La temp\u00e9rature ambiante et l&rsquo;humidit\u00e9 sont les principaux facteurs environnementaux du stress thermique. Leur impact combin\u00e9 sur les porcs est mesur\u00e9 par un indice appel\u00e9 indice de temp\u00e9rature et d&rsquo;humidit\u00e9 (ITH). Un ITH plus \u00e9lev\u00e9 indique un stress thermique plus important avec des cons\u00e9quences n\u00e9gatives croissantes sur les performances et le bien-\u00eatre des animaux. En r\u00e8gle g\u00e9n\u00e9rale, d\u00e8s que la temp\u00e9rature d\u00e9passe 22-24\u00b0C, les porcs souffrent de stress thermique. Le r\u00e9chauffement climatique combin\u00e9 source de vagues de chaleurs, le d\u00e9veloppement de la production porcine dans les pays tropicaux et la chaleur m\u00e9tabolique plus \u00e9lev\u00e9e des races modernes font des strat\u00e9gies d&rsquo;att\u00e9nuation du stress thermique une intervention majeure pour soutenir la productivit\u00e9 de l&rsquo;\u00e9levage porcin.[\/vc_column_text][vc_single_image image=\u00a0\u00bb415059&Prime; img_size=\u00a0\u00bb61&#215;88&Prime; alignment=\u00a0\u00bbright\u00a0\u00bb qode_css_animation=\u00a0\u00bb\u00a0\u00bb][\/qode_elements_holder_item][qode_elements_holder_item vertical_alignment=\u00a0\u00bbmiddle\u00a0\u00bb horizontal_alignment=\u00a0\u00bbleft\u00a0\u00bb advanced_animations=\u00a0\u00bbno\u00a0\u00bb][vc_gallery interval=\u00a0\u00bb3&Prime; images=\u00a0\u00bb415000,415656&Prime; img_size=\u00a0\u00bbfull\u00a0\u00bb css=\u00a0\u00bb\u00a0\u00bb direction_nav=\u00a0\u00bbyes\u00a0\u00bb control_nav=\u00a0\u00bbno\u00a0\u00bb][\/qode_elements_holder_item][\/qode_elements_holder][\/vc_column][\/vc_row][vc_row css_animation=\u00a0\u00bb\u00a0\u00bb row_type=\u00a0\u00bbrow\u00a0\u00bb use_row_as_full_screen_section=\u00a0\u00bbno\u00a0\u00bb type=\u00a0\u00bbfull_width\u00a0\u00bb angled_section=\u00a0\u00bbno\u00a0\u00bb text_align=\u00a0\u00bbleft\u00a0\u00bb background_image_as_pattern=\u00a0\u00bbwithout_pattern\u00a0\u00bb z_index=\u00a0\u00bb\u00a0\u00bb][vc_column][qode_elements_holder number_of_columns=\u00a0\u00bbtwo_columns\u00a0\u00bb][qode_elements_holder_item vertical_alignment=\u00a0\u00bbmiddle\u00a0\u00bb horizontal_alignment=\u00a0\u00bbleft\u00a0\u00bb advanced_animations=\u00a0\u00bbno\u00a0\u00bb item_padding=\u00a0\u00bb5% 2% 5% 10%\u00a0\u00bb background_color=\u00a0\u00bb#ad1a22&Prime;][vc_column_text]<\/p>\n<h2><span style=\"color: #ffffff;\"><strong>Le stress thermique ruine les b\u00e9n\u00e9fices du troupeau des truies<\/strong><\/span><\/h2>\n<p>[\/vc_column_text][vc_single_image image=\u00a0\u00bb409029&Prime; img_size=\u00a0\u00bb50&#215;25&Prime; css=\u00a0\u00bb.vc_custom_1592232787710{padding-top: 5% !important;padding-bottom: 5% !important;}\u00a0\u00bb qode_css_animation=\u00a0\u00bb\u00a0\u00bb][vc_column_text]<span style=\"color: #ffffff;\">Le stress thermique a un impact n\u00e9gatif sur la fertilit\u00e9 des truies, notamment avec une augmentation du nombre de jours entre le sevrage et l&rsquo;\u0153strus, une diminution des taux de conception, une augmentation du nombre de retours irr\u00e9guliers \u00e0 l&rsquo;\u0153strus entra\u00eenant finalement une hausse du nombre de jours improductifs. Ceci ajout\u00e9 \u00e0 une reduction de la taille des port\u00e9es contribue \u00e0 une r\u00e9duction du nombre de porcelets sevr\u00e9s par truie et par an pendant l&rsquo;\u00e9t\u00e9. Plus de truies productives doivent alors \u00eatre maintenues pour obtenir le nombre requis de porcelets \u00e0 passer en engraissement. <\/span><\/p>\n<p>&nbsp;<\/p>\n<p><span style=\"color: #ffffff;\">Au dela des temp\u00e9ratures de confort, les truies en lactation diminuent leur ingestion alimentaire et leur production laiti\u00e8re pour r\u00e9duire leur production de chaleur interne. La production laiti\u00e8re se fait encore pus au d\u00e9triment des r\u00e9serves corporelles des truies et la qualit\u00e9 du colostrum sera \u00e9galement impact\u00e9e avec une teneur plus faible en immunoglobulines. Par cons\u00e9quent, la croissance des porcelets est n\u00e9gativement affect\u00e9e. <\/span>[\/vc_column_text][\/qode_elements_holder_item][qode_elements_holder_item advanced_animations=\u00a0\u00bbno\u00a0\u00bb][vc_gallery interval=\u00a0\u00bb3&Prime; images=\u00a0\u00bb415660,415664&Prime; img_size=\u00a0\u00bbfull\u00a0\u00bb css=\u00a0\u00bb\u00a0\u00bb][\/qode_elements_holder_item][\/qode_elements_holder][\/vc_column][\/vc_row][vc_row css_animation=\u00a0\u00bb\u00a0\u00bb row_type=\u00a0\u00bbrow\u00a0\u00bb use_row_as_full_screen_section=\u00a0\u00bbno\u00a0\u00bb type=\u00a0\u00bbfull_width\u00a0\u00bb angled_section=\u00a0\u00bbno\u00a0\u00bb text_align=\u00a0\u00bbleft\u00a0\u00bb background_image_as_pattern=\u00a0\u00bbwithout_pattern\u00a0\u00bb css=\u00a0\u00bb.vc_custom_1592234497567{background-color: #ffffff !important;}\u00a0\u00bb z_index=\u00a0\u00bb\u00a0\u00bb][vc_column][qode_elements_holder number_of_columns=\u00a0\u00bbtwo_columns\u00a0\u00bb][qode_elements_holder_item advanced_animations=\u00a0\u00bbno\u00a0\u00bb][vc_single_image image=\u00a0\u00bb415668&Prime; img_size=\u00a0\u00bbfull\u00a0\u00bb onclick=\u00a0\u00bblink_image\u00a0\u00bb css=\u00a0\u00bb\u00a0\u00bb qode_css_animation=\u00a0\u00bb\u00a0\u00bb qode_hover_animation=\u00a0\u00bbzoom_in\u00a0\u00bb][\/qode_elements_holder_item][qode_elements_holder_item vertical_alignment=\u00a0\u00bbmiddle\u00a0\u00bb horizontal_alignment=\u00a0\u00bbleft\u00a0\u00bb advanced_animations=\u00a0\u00bbno\u00a0\u00bb item_padding=\u00a0\u00bb5% 10% 5% 5%\u00a0\u00bb background_color=\u00a0\u00bb#706f6f\u00a0\u00bb][vc_column_text]<\/p>\n<h2><span style=\"color: #ffffff;\"><strong>L&rsquo;int\u00e9grit\u00e9 intestinale sous pression<\/strong><\/span><\/h2>\n<p>[\/vc_column_text][vc_single_image image=\u00a0\u00bb409029&Prime; img_size=\u00a0\u00bb50&#215;25&Prime; css=\u00a0\u00bb.vc_custom_1592232787710{padding-top: 5% !important;padding-bottom: 5% !important;}\u00a0\u00bb qode_css_animation=\u00a0\u00bb\u00a0\u00bb][vc_column_text]<span style=\"color: #ffffff;\">D\u00e8s que la temp\u00e9rature augmente, le porc r\u00e9duit son ingestion alimentaire et le sang est redistribu\u00e9 vers la p\u00e9riph\u00e9rie pour augmenter la dissipation de la chaleur. Dans le tractus gastro-intestinal, la redirection du flux sanguin compromet l&rsquo;int\u00e9grit\u00e9 de la barri\u00e8re \u00e9pith\u00e9liale intestinale, ce qui entra\u00eene souvent un syndrome d'\u00a0\u00bbintestin perm\u00e9able\u00a0\u00bb. Cela permet le transfert d&rsquo;antig\u00e8nes alimentaires ou l&rsquo;infiltration de pathog\u00e8nes. Le stress oxydatif cellulaire dans les ent\u00e9rocytes est un contributeur majeur \u00e0 cet \u00e9tat d&rsquo;intestin perm\u00e9able. <\/span>[\/vc_column_text][\/qode_elements_holder_item][\/qode_elements_holder][\/vc_column][\/vc_row][vc_row css_animation=\u00a0\u00bb\u00a0\u00bb row_type=\u00a0\u00bbrow\u00a0\u00bb use_row_as_full_screen_section=\u00a0\u00bbno\u00a0\u00bb type=\u00a0\u00bbfull_width\u00a0\u00bb angled_section=\u00a0\u00bbno\u00a0\u00bb text_align=\u00a0\u00bbleft\u00a0\u00bb background_image_as_pattern=\u00a0\u00bbwithout_pattern\u00a0\u00bb z_index=\u00a0\u00bb\u00a0\u00bb][vc_column][qode_elements_holder number_of_columns=\u00a0\u00bbtwo_columns\u00a0\u00bb][qode_elements_holder_item vertical_alignment=\u00a0\u00bbmiddle\u00a0\u00bb horizontal_alignment=\u00a0\u00bbleft\u00a0\u00bb advanced_animations=\u00a0\u00bbno\u00a0\u00bb item_padding=\u00a0\u00bb5% 2% 5% 10%\u00a0\u00bb background_color=\u00a0\u00bb#ad1a22&Prime;][vc_column_text]<\/p>\n<h2><span style=\"color: #ffffff;\"><strong>Am\u00e9liorer la condition corporelle et la production laiti\u00e8re des truies en p\u00e9riode de stress thermique<\/strong><\/span><\/h2>\n<p>[\/vc_column_text][vc_single_image image=\u00a0\u00bb409029&Prime; img_size=\u00a0\u00bb50&#215;25&Prime; css=\u00a0\u00bb.vc_custom_1592232787710{padding-top: 5% !important;padding-bottom: 5% !important;}\u00a0\u00bb qode_css_animation=\u00a0\u00bb\u00a0\u00bb][vc_column_text]<span style=\"color: #ffffff;\">Soutenir l&rsquo;ingestion alimentaire et aider \u00e0 augmenter la digestibilit\u00e9 de l&rsquo;aliment peuvent contribuer \u00e0 att\u00e9nuer l&rsquo;impact n\u00e9gatif du stress thermique sur les performances des truies. L&rsquo;alimentation avec la levure probiotique <strong><a style=\"color: #ffffff;\" href=\"https:\/\/phileo-lesaffre.com\/fr\/actisaf\/\">Actisaf\u00ae Sc47<\/a><\/strong> module les populations de microbiote, aidant \u00e0 mieux dig\u00e9rer la fraction de fibres alimentaires. L&rsquo;\u00e9nergie suppl\u00e9mentaire extraite de l&rsquo;alimentation aide les \u00e9leveurs \u00e0 r\u00e9duire leur bilan \u00e9nerg\u00e9tique n\u00e9gatif, conduisant \u00e0 une condition corporelle mieux pr\u00e9serv\u00e9e tout en maintenant une production \u00e9lev\u00e9e de lait de bonne qualit\u00e9 pour les porcelets. <\/span>[\/vc_column_text][\/qode_elements_holder_item][qode_elements_holder_item advanced_animations=\u00a0\u00bbno\u00a0\u00bb][vc_gallery interval=\u00a0\u00bb3&Prime; images=\u00a0\u00bb415677,415673&Prime; img_size=\u00a0\u00bbfull\u00a0\u00bb css=\u00a0\u00bb\u00a0\u00bb][\/qode_elements_holder_item][\/qode_elements_holder][\/vc_column][\/vc_row][vc_row css_animation=\u00a0\u00bb\u00a0\u00bb row_type=\u00a0\u00bbrow\u00a0\u00bb use_row_as_full_screen_section=\u00a0\u00bbno\u00a0\u00bb type=\u00a0\u00bbfull_width\u00a0\u00bb angled_section=\u00a0\u00bbno\u00a0\u00bb text_align=\u00a0\u00bbleft\u00a0\u00bb background_image_as_pattern=\u00a0\u00bbwithout_pattern\u00a0\u00bb css=\u00a0\u00bb.vc_custom_1592234497567{background-color: #ffffff !important;}\u00a0\u00bb z_index=\u00a0\u00bb\u00a0\u00bb][vc_column][qode_elements_holder number_of_columns=\u00a0\u00bbtwo_columns\u00a0\u00bb][qode_elements_holder_item advanced_animations=\u00a0\u00bbno\u00a0\u00bb][vc_single_image image=\u00a0\u00bb415681&Prime; img_size=\u00a0\u00bbfull\u00a0\u00bb onclick=\u00a0\u00bblink_image\u00a0\u00bb css=\u00a0\u00bb\u00a0\u00bb qode_css_animation=\u00a0\u00bb\u00a0\u00bb qode_hover_animation=\u00a0\u00bbzoom_in\u00a0\u00bb][\/qode_elements_holder_item][qode_elements_holder_item vertical_alignment=\u00a0\u00bbmiddle\u00a0\u00bb horizontal_alignment=\u00a0\u00bbleft\u00a0\u00bb advanced_animations=\u00a0\u00bbno\u00a0\u00bb item_padding=\u00a0\u00bb5% 10% 5% 5%\u00a0\u00bb background_color=\u00a0\u00bb#706f6f\u00a0\u00bb][vc_column_text]<\/p>\n<h2><span style=\"color: #ffffff;\"><strong>Donner un bon d\u00e9part dans la vie<\/strong><\/span><\/h2>\n<p>[\/vc_column_text][vc_single_image image=\u00a0\u00bb409029&Prime; img_size=\u00a0\u00bb50&#215;25&Prime; css=\u00a0\u00bb.vc_custom_1592232787710{padding-top: 5% !important;padding-bottom: 5% !important;}\u00a0\u00bb qode_css_animation=\u00a0\u00bb\u00a0\u00bb][vc_column_text]<span style=\"color: #ffffff;\">Les immunoglobulines dans le colostrum, le premier lait des truies, sont cruciales pour la survie et la sant\u00e9 des porcelets nouveau-n\u00e9s. Elles fournissent une immunit\u00e9 passive, transf\u00e9rant des anticorps aux porcelets, qui naissent sans leur propre protection immunitaire. Chez les truies hyperprolifiques, le niveau d&rsquo;immunoglobulines dans le colostrum est d\u00e9j\u00e0 un facteur limitant et le stress thermique peut exacerber le probl\u00e8me. Actisaf\u00ae Sc47 augmente la qualit\u00e9 du colostrum en augmentant le niveau d&rsquo;IgG qui a \u00e9t\u00e9 efficacement transf\u00e9r\u00e9 aux porcelets en lactation. Actisaf\u00ae Sc47 contribue \u00e0 un bon d\u00e9part dans la vie des porcelets en renfor\u00e7ant leurs d\u00e9fenses contre les agents pathog\u00e8nes. <\/span>[\/vc_column_text][\/qode_elements_holder_item][\/qode_elements_holder][\/vc_column][\/vc_row][vc_row css_animation=\u00a0\u00bb\u00a0\u00bb row_type=\u00a0\u00bbrow\u00a0\u00bb use_row_as_full_screen_section=\u00a0\u00bbno\u00a0\u00bb type=\u00a0\u00bbfull_width\u00a0\u00bb angled_section=\u00a0\u00bbno\u00a0\u00bb text_align=\u00a0\u00bbleft\u00a0\u00bb background_image_as_pattern=\u00a0\u00bbwithout_pattern\u00a0\u00bb z_index=\u00a0\u00bb\u00a0\u00bb][vc_column][qode_elements_holder number_of_columns=\u00a0\u00bbtwo_columns\u00a0\u00bb][qode_elements_holder_item vertical_alignment=\u00a0\u00bbmiddle\u00a0\u00bb horizontal_alignment=\u00a0\u00bbleft\u00a0\u00bb advanced_animations=\u00a0\u00bbno\u00a0\u00bb item_padding=\u00a0\u00bb5% 2% 5% 10%\u00a0\u00bb background_color=\u00a0\u00bb#ad1a22&Prime;][vc_column_text]<\/p>\n<h2><span class=\"ui-provider a b c d e f g h i j k l m n o p q r s t u v w x y z ab ac ae af ag ah ai aj ak\" dir=\"ltr\" style=\"color: #ffffff;\"><strong>Renforcer la capacit\u00e9 antioxydante<\/strong><\/span><\/h2>\n<p>[\/vc_column_text][vc_single_image image=\u00a0\u00bb409029&Prime; img_size=\u00a0\u00bb50&#215;25&Prime; css=\u00a0\u00bb.vc_custom_1592232787710{padding-top: 5% !important;padding-bottom: 5% !important;}\u00a0\u00bb qode_css_animation=\u00a0\u00bb\u00a0\u00bb][vc_column_text]<span class=\"ui-provider a b c d e f g h i j k l m n o p q r s t u v w x y z ab ac ae af ag ah ai aj ak\" dir=\"ltr\" style=\"color: #ffffff;\"><a href=\"https:\/\/phileo-lesaffre.com\/fr\/selsaf-3000\/\"><strong><span style=\"color: #ffffff;\">Selsaf\u00ae<\/span><\/strong><\/a> am\u00e9liore la r\u00e9sistance naturelle au stress oxydatif. Selsaf\u00ae aide l&rsquo;organisme \u00e0 lutter contre le stress oxydatif, qui est pr\u00e9judiciable aux performances des animaux, \u00e0 court terme gr\u00e2ce \u00e0 la s\u00e9l\u00e9nocyst\u00e9ine et \u00e0 long terme gr\u00e2ce \u00e0 la s\u00e9l\u00e9nom\u00e9thionine. <\/span>[\/vc_column_text][\/qode_elements_holder_item][qode_elements_holder_item advanced_animations=\u00a0\u00bbno\u00a0\u00bb][vc_single_image image=\u00a0\u00bb415685&Prime; img_size=\u00a0\u00bbfull\u00a0\u00bb onclick=\u00a0\u00bblink_image\u00a0\u00bb css=\u00a0\u00bb\u00a0\u00bb qode_css_animation=\u00a0\u00bb\u00a0\u00bb qode_hover_animation=\u00a0\u00bbzoom_in\u00a0\u00bb][\/qode_elements_holder_item][\/qode_elements_holder][\/vc_column][\/vc_row][vc_row css_animation=\u00a0\u00bb\u00a0\u00bb row_type=\u00a0\u00bbrow\u00a0\u00bb use_row_as_full_screen_section=\u00a0\u00bbyes\u00a0\u00bb type=\u00a0\u00bbfull_width\u00a0\u00bb angled_section=\u00a0\u00bbno\u00a0\u00bb text_align=\u00a0\u00bbleft\u00a0\u00bb background_image_as_pattern=\u00a0\u00bbwithout_pattern\u00a0\u00bb css=\u00a0\u00bb.vc_custom_1590613174422{padding-top: 1% !important;padding-bottom: 1% !important;}\u00a0\u00bb z_index=\u00a0\u00bb\u00a0\u00bb][vc_column][vc_column_text css=\u00a0\u00bb.vc_custom_1592721276378{padding-top: 2% !important;padding-bottom: 2% !important;}\u00a0\u00bb]<\/p>\n<h2 class=\"feed3\"><span style=\"color: #4d4d4c;\">En savoir plus sur nos programmes<\/span><\/h2>\n<p>[\/vc_column_text][vc_separator type=\u00a0\u00bbtransparent\u00a0\u00bb up=\u00a0\u00bb15&Prime; down=\u00a0\u00bb15&Prime;][vc_row_inner row_type=\u00a0\u00bbrow\u00a0\u00bb type=\u00a0\u00bbfull_width\u00a0\u00bb text_align=\u00a0\u00bbleft\u00a0\u00bb css_animation=\u00a0\u00bb\u00a0\u00bb][vc_column_inner]<div class=\"qode-advanced-image-gallery  qode-aig-carousel-type qode-normal-space  qode-image-behavior-custom-link \">\n\t<div class=\"qode-aig-slider qode-owl-slider\" data-number-of-items=\"5\" data-enable-loop=\"yes\" data-enable-autoplay=\"yes\" data-slider-speed=\"5000\" data-slider-speed-animation=\"600\" data-slider-padding=\"no\" data-enable-navigation=\"yes\" data-enable-pagination=\"yes\">\n\t\t\t\t\t<div class=\"qode-aig-image\">\n\t\t\t\t\t\t\t\t\t<a itemprop=\"url\" class=\"qode-aig-custom-link qode-block-drag-link\" href=\"\/en\/program-milk-profit\/\" target=\"_self\" title=\"Prog-lait rentabilit\u00e9-ruminant-404&#215;245\">\n\t\t\t\t\t\t\t\t\t<img fetchpriority=\"high\" decoding=\"async\" width=\"404\" height=\"245\" src=\"https:\/\/phileo-lesaffre.com\/wp-content\/uploads\/2020\/07\/Prog-milk-profit-ruminant-404x245-1.jpg\" class=\"attachment-full size-full\" alt=\"Rentabilit\u00e9 laiti\u00e8re vache laiti\u00e8re\" srcset=\"https:\/\/phileo-lesaffre.com\/wp-content\/uploads\/2020\/07\/Prog-milk-profit-ruminant-404x245-1.jpg 404w, https:\/\/phileo-lesaffre.com\/wp-content\/uploads\/2020\/07\/Prog-milk-profit-ruminant-404x245-1-300x182.jpg 300w\" sizes=\"(max-width: 404px) 100vw, 404px\" \/>\t\t\t\t\t<span class=\"aig-gallery-hover\">\n\t\t\t\t\t\t\t\t\t\t\t<\/span>\n\t\t\t\t\t\t\t\t\t<\/a>\n\t\t\t\t\t\t\t<\/div>\n\t\t\t\t\t<div class=\"qode-aig-image\">\n\t\t\t\t\t\t\t\t\t<a itemprop=\"url\" class=\"qode-aig-custom-link qode-block-drag-link\" href=\"\/en\/program-neonate\/\" target=\"_self\" title=\"Prog-nouveau-n\u00e9-404&#215;245\">\n\t\t\t\t\t\t\t\t\t<img decoding=\"async\" width=\"404\" height=\"245\" src=\"https:\/\/phileo-lesaffre.com\/wp-content\/uploads\/2020\/07\/Prog-neonate-404x245-1.jpg\" class=\"attachment-full size-full\" alt=\"Programme nouveau-n\u00e9 phileo\" srcset=\"https:\/\/phileo-lesaffre.com\/wp-content\/uploads\/2020\/07\/Prog-neonate-404x245-1.jpg 404w, https:\/\/phileo-lesaffre.com\/wp-content\/uploads\/2020\/07\/Prog-neonate-404x245-1-300x182.jpg 300w\" sizes=\"(max-width: 404px) 100vw, 404px\" \/>\t\t\t\t\t<span class=\"aig-gallery-hover\">\n\t\t\t\t\t\t\t\t\t\t\t<\/span>\n\t\t\t\t\t\t\t\t\t<\/a>\n\t\t\t\t\t\t\t<\/div>\n\t\t\t\t\t<div class=\"qode-aig-image\">\n\t\t\t\t\t\t\t\t\t<a itemprop=\"url\" class=\"qode-aig-custom-link qode-block-drag-link\" href=\"\/en\/program-salmo-control\/\" target=\"_self\" title=\"Prog-Salmo-poultry-404&#215;245\">\n\t\t\t\t\t\t\t\t\t<img decoding=\"async\" width=\"404\" height=\"245\" src=\"https:\/\/phileo-lesaffre.com\/wp-content\/uploads\/2020\/07\/Prog-Salmo-poultry-404x245-1.jpg\" class=\"attachment-full size-full\" alt=\"contr\u00f4le de Salmo poulets de chair\" srcset=\"https:\/\/phileo-lesaffre.com\/wp-content\/uploads\/2020\/07\/Prog-Salmo-poultry-404x245-1.jpg 404w, https:\/\/phileo-lesaffre.com\/wp-content\/uploads\/2020\/07\/Prog-Salmo-poultry-404x245-1-300x182.jpg 300w\" sizes=\"(max-width: 404px) 100vw, 404px\" \/>\t\t\t\t\t<span class=\"aig-gallery-hover\">\n\t\t\t\t\t\t\t\t\t\t\t<\/span>\n\t\t\t\t\t\t\t\t\t<\/a>\n\t\t\t\t\t\t\t<\/div>\n\t\t\t\t\t<div class=\"qode-aig-image\">\n\t\t\t\t\t\t\t\t\t<a itemprop=\"url\" class=\"qode-aig-custom-link qode-block-drag-link\" href=\"\/en\/program-heat-stress-broilers\/\" target=\"_self\" title=\"Prog-HS-poultry-404&#215;245\">\n\t\t\t\t\t\t\t\t\t<img loading=\"lazy\" decoding=\"async\" width=\"404\" height=\"245\" src=\"https:\/\/phileo-lesaffre.com\/wp-content\/uploads\/2020\/07\/Prog-HS-poultry-404x245-2.jpg\" class=\"attachment-full size-full\" alt=\"\" srcset=\"https:\/\/phileo-lesaffre.com\/wp-content\/uploads\/2020\/07\/Prog-HS-poultry-404x245-2.jpg 404w, https:\/\/phileo-lesaffre.com\/wp-content\/uploads\/2020\/07\/Prog-HS-poultry-404x245-2-300x182.jpg 300w\" sizes=\"(max-width: 404px) 100vw, 404px\" \/>\t\t\t\t\t<span class=\"aig-gallery-hover\">\n\t\t\t\t\t\t\t\t\t\t\t<\/span>\n\t\t\t\t\t\t\t\t\t<\/a>\n\t\t\t\t\t\t\t<\/div>\n\t\t\t\t\t<div class=\"qode-aig-image\">\n\t\t\t\t\t\t\t\t\t<a itemprop=\"url\" class=\"qode-aig-custom-link qode-block-drag-link\" href=\"\/en\/program-meat-profit\/\" target=\"_self\" title=\"Prog-meat profit-ruminant-404&#215;245\">\n\t\t\t\t\t\t\t\t\t<img loading=\"lazy\" decoding=\"async\" width=\"404\" height=\"245\" src=\"https:\/\/phileo-lesaffre.com\/wp-content\/uploads\/2020\/07\/Prog-meat-profit-ruminant-404x245-1.jpg\" class=\"attachment-full size-full\" alt=\"B\u00e9n\u00e9fice de la viande bovins\" srcset=\"https:\/\/phileo-lesaffre.com\/wp-content\/uploads\/2020\/07\/Prog-meat-profit-ruminant-404x245-1.jpg 404w, https:\/\/phileo-lesaffre.com\/wp-content\/uploads\/2020\/07\/Prog-meat-profit-ruminant-404x245-1-300x182.jpg 300w\" sizes=\"(max-width: 404px) 100vw, 404px\" \/>\t\t\t\t\t<span class=\"aig-gallery-hover\">\n\t\t\t\t\t\t\t\t\t\t\t<\/span>\n\t\t\t\t\t\t\t\t\t<\/a>\n\t\t\t\t\t\t\t<\/div>\n\t\t\t\t\t<div class=\"qode-aig-image\">\n\t\t\t\t\t\t\t\t\t<a itemprop=\"url\" class=\"qode-aig-custom-link qode-block-drag-link\" href=\"\/en\/program-gut-health-broiler\/\" target=\"_self\" title=\"Prog-GH-poultry-404&#215;245\">\n\t\t\t\t\t\t\t\t\t<img loading=\"lazy\" decoding=\"async\" width=\"404\" height=\"245\" src=\"https:\/\/phileo-lesaffre.com\/wp-content\/uploads\/2020\/07\/Prog-GH-poultry-404x245-1.jpg\" class=\"attachment-full size-full\" alt=\"sant\u00e9 intestinale phileo\" srcset=\"https:\/\/phileo-lesaffre.com\/wp-content\/uploads\/2020\/07\/Prog-GH-poultry-404x245-1.jpg 404w, https:\/\/phileo-lesaffre.com\/wp-content\/uploads\/2020\/07\/Prog-GH-poultry-404x245-1-300x182.jpg 300w\" sizes=\"(max-width: 404px) 100vw, 404px\" \/>\t\t\t\t\t<span class=\"aig-gallery-hover\">\n\t\t\t\t\t\t\t\t\t\t\t<\/span>\n\t\t\t\t\t\t\t\t\t<\/a>\n\t\t\t\t\t\t\t<\/div>\n\t\t\t\t\t<div class=\"qode-aig-image\">\n\t\t\t\t\t\t\t\t\t<a itemprop=\"url\" class=\"qode-aig-custom-link qode-block-drag-link\" href=\"\/en\/program-gut-health-piglets\/\" target=\"_self\" title=\"Prog-GH-porc-404&#215;245\">\n\t\t\t\t\t\t\t\t\t<img loading=\"lazy\" decoding=\"async\" width=\"404\" height=\"245\" src=\"https:\/\/phileo-lesaffre.com\/wp-content\/uploads\/2020\/07\/Prog-GH-swine-404x245-1.jpg\" class=\"attachment-full size-full\" alt=\"sant\u00e9 intestinale porc\" srcset=\"https:\/\/phileo-lesaffre.com\/wp-content\/uploads\/2020\/07\/Prog-GH-swine-404x245-1.jpg 404w, https:\/\/phileo-lesaffre.com\/wp-content\/uploads\/2020\/07\/Prog-GH-swine-404x245-1-300x182.jpg 300w\" sizes=\"(max-width: 404px) 100vw, 404px\" \/>\t\t\t\t\t<span class=\"aig-gallery-hover\">\n\t\t\t\t\t\t\t\t\t\t\t<\/span>\n\t\t\t\t\t\t\t\t\t<\/a>\n\t\t\t\t\t\t\t<\/div>\n\t\t\t<\/div>\n<\/div>[\/vc_column_inner][\/vc_row_inner][\/vc_column][\/vc_row][vc_row css_animation=\u00a0\u00bb\u00a0\u00bb row_type=\u00a0\u00bbrow\u00a0\u00bb use_row_as_full_screen_section=\u00a0\u00bbyes\u00a0\u00bb type=\u00a0\u00bbfull_width\u00a0\u00bb angled_section=\u00a0\u00bbno\u00a0\u00bb text_align=\u00a0\u00bbleft\u00a0\u00bb background_image_as_pattern=\u00a0\u00bbwithout_pattern\u00a0\u00bb css=\u00a0\u00bb.vc_custom_1590613187372{padding-bottom: 2% !important;}\u00a0\u00bb z_index=\u00a0\u00bb\u00a0\u00bb][vc_column][vc_column_text css=\u00a0\u00bb.vc_custom_1592721260210{padding-top: 2% !important;padding-bottom: 2% !important;}\u00a0\u00bb]<\/p>\n<h2 class=\"feed3\"><span style=\"color: #96bb39;\">Articles li\u00e9s<\/span><\/h2>\n<p>[\/vc_column_text][vc_separator type=\u00a0\u00bbtransparent\u00a0\u00bb up=\u00a0\u00bb15&Prime; down=\u00a0\u00bb15&Prime;]<div class=\"qode-news-holder qode-post-carousel1 qode-nl-normal-space\"  data-post-status=publish data-category-name=swine data-ignore-sticky-posts=1 data-orderby=rand data-sort=random data-paged=1 data-max-num-pages=3 data-next-page=2 data-title-tag=h4 data-image-size=portfolio-portrait data-display-categories=no data-display-excerpt=no data-display-date=yes data-display-author=no data-display-share=yes data-display-hot-trending-icons=no data-layout=qode_post_carousel1><div class=\"qode-news-list-inner-holder qode-owl-slider\" data-number-of-items=\"4\"><div class=\"qode-news-item qode-layout1-item\">\n\t\t<div class=\"qode-news-item-image-holder\">\n\t\t\t<div class=\"qode-post-image\">\n\t    <a itemprop=\"url\" href=\"https:\/\/phileo-lesaffre.com\/en\/feeding-sows-actisaf-hr-a-premium-yeast-probiotic-results-in-better-post-weaning-baby-pig-growth\/\" title=\"Feeding sows ActiSaf\u00ae HR+, a premium yeast probiotic, results in better post-weaning baby pig growth\">\n                        <img loading=\"lazy\" decoding=\"async\" width=\"575\" height=\"375\" src=\"https:\/\/phileo-lesaffre.com\/wp-content\/uploads\/2020\/09\/Swine-feeding-sows-Knowledge-center.jpg\" class=\"attachment-portfolio-portrait size-portfolio-portrait wp-post-image\" alt=\"feeding sows swine\" srcset=\"https:\/\/phileo-lesaffre.com\/wp-content\/uploads\/2020\/09\/Swine-feeding-sows-Knowledge-center.jpg 575w, https:\/\/phileo-lesaffre.com\/wp-content\/uploads\/2020\/09\/Swine-feeding-sows-Knowledge-center-300x196.jpg 300w, https:\/\/phileo-lesaffre.com\/wp-content\/uploads\/2020\/09\/Swine-feeding-sows-Knowledge-center-400x260.jpg 400w\" sizes=\"(max-width: 575px) 100vw, 575px\" \/>            \t    <\/a>\n\t<\/div>\n        <div class=\"qode-news-image-info-holder-left\">\n\t\t\t        <\/div>\n        <div class=\"qode-news-image-info-holder-right\">\n\t\t\t\t\t<\/div>\n\t<\/div>\n    \t<div class=\"qode-ni-content\">\n        \t\t\n<h4 itemprop=\"name\" class=\"entry-title qode-post-title\">\n    <a itemprop=\"url\" href=\"https:\/\/phileo-lesaffre.com\/en\/feeding-sows-actisaf-hr-a-premium-yeast-probiotic-results-in-better-post-weaning-baby-pig-growth\/\" title=\"Feeding sows ActiSaf\u00ae HR+, a premium yeast probiotic, results in better post-weaning baby pig growth\">\n        Feeding sows ActiSaf<sup>\u00ae<\/sup> HR+, a premium yeast probiotic, results in better post-weaning baby pig growth    <\/a>\n<\/h4>\t\t\t\t\t<div itemprop=\"dateCreated\" class=\"qode-post-info-date entry-date published updated\">\n\t    \t        <a itemprop=\"url\" href=\"https:\/\/phileo-lesaffre.com\/fr\/2020\/09\/\">\n\t            <i class=\"dripicons-alarm\"><\/i>\n    \t11 septembre 2020        <\/a>\n\t    <meta itemprop=\"interactionCount\" content=\"UserComments: 0\"\/>\n\t<\/div>\n        \t<\/div>\n<\/div><div class=\"qode-news-item qode-layout1-item\">\n\t\t<div class=\"qode-news-item-image-holder\">\n\t\t\t<div class=\"qode-post-image\">\n\t    <a itemprop=\"url\" href=\"https:\/\/phileo-lesaffre.com\/en\/dr-andres-gomez\/\" title=\"Dr. Andres Gomez \ud83c\udf99\">\n                        <img loading=\"lazy\" decoding=\"async\" width=\"575\" height=\"375\" src=\"https:\/\/phileo-lesaffre.com\/wp-content\/uploads\/2022\/03\/Podcast-A-Gomez.jpg\" class=\"attachment-portfolio-portrait size-portfolio-portrait wp-post-image\" alt=\"\" srcset=\"https:\/\/phileo-lesaffre.com\/wp-content\/uploads\/2022\/03\/Podcast-A-Gomez.jpg 575w, https:\/\/phileo-lesaffre.com\/wp-content\/uploads\/2022\/03\/Podcast-A-Gomez-300x196.jpg 300w, https:\/\/phileo-lesaffre.com\/wp-content\/uploads\/2022\/03\/Podcast-A-Gomez-400x260.jpg 400w\" sizes=\"(max-width: 575px) 100vw, 575px\" \/>            \t    <\/a>\n\t<\/div>\n        <div class=\"qode-news-image-info-holder-left\">\n\t\t\t        <\/div>\n        <div class=\"qode-news-image-info-holder-right\">\n\t\t\t\t\t<\/div>\n\t<\/div>\n    \t<div class=\"qode-ni-content\">\n        \t\t\n<h4 itemprop=\"name\" class=\"entry-title qode-post-title\">\n    <a itemprop=\"url\" href=\"https:\/\/phileo-lesaffre.com\/en\/dr-andres-gomez\/\" title=\"Dr. Andres Gomez \ud83c\udf99\">\n        Dr. Andres Gomez \ud83c\udf99    <\/a>\n<\/h4>\t\t\t\t\t<div itemprop=\"dateCreated\" class=\"qode-post-info-date entry-date published updated\">\n\t    \t        <a itemprop=\"url\" href=\"https:\/\/phileo-lesaffre.com\/fr\/2021\/04\/\">\n\t            <i class=\"dripicons-alarm\"><\/i>\n    \t23 avril 2021        <\/a>\n\t    <meta itemprop=\"interactionCount\" content=\"UserComments: 0\"\/>\n\t<\/div>\n        \t<\/div>\n<\/div><div class=\"qode-news-item qode-layout1-item\">\n\t\t<div class=\"qode-news-item-image-holder\">\n\t\t\t<div class=\"qode-post-image\">\n\t    <a itemprop=\"url\" href=\"https:\/\/phileo-lesaffre.com\/en\/dr-crystal-loving\/\" title=\"Dr. Crystal Loving \ud83c\udf99\">\n                        <img loading=\"lazy\" decoding=\"async\" width=\"575\" height=\"375\" src=\"https:\/\/phileo-lesaffre.com\/wp-content\/uploads\/2022\/03\/Podcast-C-Loving.jpg\" class=\"attachment-portfolio-portrait size-portfolio-portrait wp-post-image\" alt=\"\" srcset=\"https:\/\/phileo-lesaffre.com\/wp-content\/uploads\/2022\/03\/Podcast-C-Loving.jpg 575w, https:\/\/phileo-lesaffre.com\/wp-content\/uploads\/2022\/03\/Podcast-C-Loving-300x196.jpg 300w, https:\/\/phileo-lesaffre.com\/wp-content\/uploads\/2022\/03\/Podcast-C-Loving-400x260.jpg 400w\" sizes=\"(max-width: 575px) 100vw, 575px\" \/>            \t    <\/a>\n\t<\/div>\n        <div class=\"qode-news-image-info-holder-left\">\n\t\t\t        <\/div>\n        <div class=\"qode-news-image-info-holder-right\">\n\t\t\t\t\t<\/div>\n\t<\/div>\n    \t<div class=\"qode-ni-content\">\n        \t\t\n<h4 itemprop=\"name\" class=\"entry-title qode-post-title\">\n    <a itemprop=\"url\" href=\"https:\/\/phileo-lesaffre.com\/en\/dr-crystal-loving\/\" title=\"Dr. Crystal Loving \ud83c\udf99\">\n        Dr. Crystal Loving \ud83c\udf99    <\/a>\n<\/h4>\t\t\t\t\t<div itemprop=\"dateCreated\" class=\"qode-post-info-date entry-date published updated\">\n\t    \t        <a itemprop=\"url\" href=\"https:\/\/phileo-lesaffre.com\/fr\/2021\/06\/\">\n\t            <i class=\"dripicons-alarm\"><\/i>\n    \t21 juin 2021        <\/a>\n\t    <meta itemprop=\"interactionCount\" content=\"UserComments: 0\"\/>\n\t<\/div>\n        \t<\/div>\n<\/div><div class=\"qode-news-item qode-layout1-item\">\n\t\t<div class=\"qode-news-item-image-holder\">\n\t\t\t<div class=\"qode-post-image\">\n\t    <a itemprop=\"url\" href=\"https:\/\/phileo-lesaffre.com\/en\/feeding-actisaf-hr-to-pigs-helps-reduce-pathogens-and-improve-performance\/\" title=\"Feeding ActiSaf\u00ae HR+ to pigs helps reduce pathogens and improve performance\">\n                        <img loading=\"lazy\" decoding=\"async\" width=\"575\" height=\"375\" src=\"https:\/\/phileo-lesaffre.com\/wp-content\/uploads\/2020\/09\/Swine-feeding-actisaf-Knowledge-center.jpg\" class=\"attachment-portfolio-portrait size-portfolio-portrait wp-post-image\" alt=\"feeding actisaf swine\" srcset=\"https:\/\/phileo-lesaffre.com\/wp-content\/uploads\/2020\/09\/Swine-feeding-actisaf-Knowledge-center.jpg 575w, https:\/\/phileo-lesaffre.com\/wp-content\/uploads\/2020\/09\/Swine-feeding-actisaf-Knowledge-center-300x196.jpg 300w, https:\/\/phileo-lesaffre.com\/wp-content\/uploads\/2020\/09\/Swine-feeding-actisaf-Knowledge-center-400x260.jpg 400w\" sizes=\"(max-width: 575px) 100vw, 575px\" \/>            \t    <\/a>\n\t<\/div>\n        <div class=\"qode-news-image-info-holder-left\">\n\t\t\t        <\/div>\n        <div class=\"qode-news-image-info-holder-right\">\n\t\t\t\t\t<\/div>\n\t<\/div>\n    \t<div class=\"qode-ni-content\">\n        \t\t\n<h4 itemprop=\"name\" class=\"entry-title qode-post-title\">\n    <a itemprop=\"url\" href=\"https:\/\/phileo-lesaffre.com\/en\/feeding-actisaf-hr-to-pigs-helps-reduce-pathogens-and-improve-performance\/\" title=\"Feeding ActiSaf\u00ae HR+ to pigs helps reduce pathogens and improve performance\">\n        Feeding ActiSaf<sup>\u00ae<\/sup> HR+ to pigs helps reduce pathogens and improve performance    <\/a>\n<\/h4>\t\t\t\t\t<div itemprop=\"dateCreated\" class=\"qode-post-info-date entry-date published updated\">\n\t    \t        <a itemprop=\"url\" href=\"https:\/\/phileo-lesaffre.com\/fr\/2020\/09\/\">\n\t            <i class=\"dripicons-alarm\"><\/i>\n    \t11 septembre 2020        <\/a>\n\t    <meta itemprop=\"interactionCount\" content=\"UserComments: 0\"\/>\n\t<\/div>\n        \t<\/div>\n<\/div><div class=\"qode-news-item qode-layout1-item\">\n\t\t<div class=\"qode-news-item-image-holder\">\n\t\t\t<div class=\"qode-post-image\">\n\t    <a itemprop=\"url\" href=\"https:\/\/phileo-lesaffre.com\/en\/actisaf-productivity-fattening-pigs\/\" title=\"Yeast Probiotic Actisaf\u00ae Sc 47 to boost productivity in fattening pigs\">\n                        <img loading=\"lazy\" decoding=\"async\" width=\"575\" height=\"375\" src=\"https:\/\/phileo-lesaffre.com\/wp-content\/uploads\/2021\/01\/Actisaf-swine-boost-Knowledge-center.jpg\" class=\"attachment-portfolio-portrait size-portfolio-portrait wp-post-image\" alt=\"swine boost\" srcset=\"https:\/\/phileo-lesaffre.com\/wp-content\/uploads\/2021\/01\/Actisaf-swine-boost-Knowledge-center.jpg 575w, https:\/\/phileo-lesaffre.com\/wp-content\/uploads\/2021\/01\/Actisaf-swine-boost-Knowledge-center-300x196.jpg 300w, https:\/\/phileo-lesaffre.com\/wp-content\/uploads\/2021\/01\/Actisaf-swine-boost-Knowledge-center-400x260.jpg 400w\" sizes=\"(max-width: 575px) 100vw, 575px\" \/>            \t    <\/a>\n\t<\/div>\n        <div class=\"qode-news-image-info-holder-left\">\n\t\t\t        <\/div>\n        <div class=\"qode-news-image-info-holder-right\">\n\t\t\t\t\t<\/div>\n\t<\/div>\n    \t<div class=\"qode-ni-content\">\n        \t\t\n<h4 itemprop=\"name\" class=\"entry-title qode-post-title\">\n    <a itemprop=\"url\" href=\"https:\/\/phileo-lesaffre.com\/en\/actisaf-productivity-fattening-pigs\/\" title=\"Yeast Probiotic Actisaf\u00ae Sc 47 to boost productivity in fattening pigs\">\n        Yeast Probiotic Actisaf\u00ae Sc 47 to boost productivity in fattening pigs    <\/a>\n<\/h4>\t\t\t\t\t<div itemprop=\"dateCreated\" class=\"qode-post-info-date entry-date published updated\">\n\t    \t        <a itemprop=\"url\" href=\"https:\/\/phileo-lesaffre.com\/fr\/2021\/01\/\">\n\t            <i class=\"dripicons-alarm\"><\/i>\n    \t5 janvier 2021        <\/a>\n\t    <meta itemprop=\"interactionCount\" content=\"UserComments: 0\"\/>\n\t<\/div>\n        \t<\/div>\n<\/div><div class=\"qode-news-item qode-layout1-item\">\n\t\t<div class=\"qode-news-item-image-holder\">\n\t\t\t<div class=\"qode-post-image\">\n\t    <a itemprop=\"url\" href=\"https:\/\/phileo-lesaffre.com\/en\/characterisation-of-a-protein-rich-yeast-extract-that-may-be-used-as-a-source-of-highly-digestible-protein-in-feed-for-weaned-piglets\/\" title=\"Characterisation of a protein-rich yeast extract that may be used as a source of highly digestible protein in feed for weaned piglets\">\n                        <img loading=\"lazy\" decoding=\"async\" width=\"575\" height=\"375\" src=\"https:\/\/phileo-lesaffre.com\/wp-content\/uploads\/2021\/03\/Prosaf-swine-Knowledge-center.jpg\" class=\"attachment-portfolio-portrait size-portfolio-portrait wp-post-image\" alt=\"swine\" srcset=\"https:\/\/phileo-lesaffre.com\/wp-content\/uploads\/2021\/03\/Prosaf-swine-Knowledge-center.jpg 575w, https:\/\/phileo-lesaffre.com\/wp-content\/uploads\/2021\/03\/Prosaf-swine-Knowledge-center-300x196.jpg 300w, https:\/\/phileo-lesaffre.com\/wp-content\/uploads\/2021\/03\/Prosaf-swine-Knowledge-center-400x260.jpg 400w\" sizes=\"(max-width: 575px) 100vw, 575px\" \/>            \t    <\/a>\n\t<\/div>\n        <div class=\"qode-news-image-info-holder-left\">\n\t\t\t        <\/div>\n        <div class=\"qode-news-image-info-holder-right\">\n\t\t\t\t\t<\/div>\n\t<\/div>\n    \t<div class=\"qode-ni-content\">\n        \t\t\n<h4 itemprop=\"name\" class=\"entry-title qode-post-title\">\n    <a itemprop=\"url\" href=\"https:\/\/phileo-lesaffre.com\/en\/characterisation-of-a-protein-rich-yeast-extract-that-may-be-used-as-a-source-of-highly-digestible-protein-in-feed-for-weaned-piglets\/\" title=\"Characterisation of a protein-rich yeast extract that may be used as a source of highly digestible protein in feed for weaned piglets\">\n        Characterisation of a protein-rich yeast extract that may be used as a source of highly digestible protein in feed for weaned piglets    <\/a>\n<\/h4>\t\t\t\t\t<div itemprop=\"dateCreated\" class=\"qode-post-info-date entry-date published updated\">\n\t    \t        <a itemprop=\"url\" href=\"https:\/\/phileo-lesaffre.com\/fr\/2021\/03\/\">\n\t            <i class=\"dripicons-alarm\"><\/i>\n    \t18 mars 2021        <\/a>\n\t    <meta itemprop=\"interactionCount\" content=\"UserComments: 0\"\/>\n\t<\/div>\n        \t<\/div>\n<\/div><div class=\"qode-news-item qode-layout1-item\">\n\t\t<div class=\"qode-news-item-image-holder\">\n\t\t\t<div class=\"qode-post-image\">\n\t    <a itemprop=\"url\" href=\"https:\/\/phileo-lesaffre.com\/en\/dr-andrew-van-kessel\/\" title=\"Dr. Andrew Van Kessel \ud83c\udf99\">\n                        <img loading=\"lazy\" decoding=\"async\" width=\"575\" height=\"375\" src=\"https:\/\/phileo-lesaffre.com\/wp-content\/uploads\/2022\/03\/Podcast-Van-Kessel.jpg\" class=\"attachment-portfolio-portrait size-portfolio-portrait wp-post-image\" alt=\"\" srcset=\"https:\/\/phileo-lesaffre.com\/wp-content\/uploads\/2022\/03\/Podcast-Van-Kessel.jpg 575w, https:\/\/phileo-lesaffre.com\/wp-content\/uploads\/2022\/03\/Podcast-Van-Kessel-300x196.jpg 300w, https:\/\/phileo-lesaffre.com\/wp-content\/uploads\/2022\/03\/Podcast-Van-Kessel-400x260.jpg 400w\" sizes=\"(max-width: 575px) 100vw, 575px\" \/>            \t    <\/a>\n\t<\/div>\n        <div class=\"qode-news-image-info-holder-left\">\n\t\t\t        <\/div>\n        <div class=\"qode-news-image-info-holder-right\">\n\t\t\t\t\t<\/div>\n\t<\/div>\n    \t<div class=\"qode-ni-content\">\n        \t\t\n<h4 itemprop=\"name\" class=\"entry-title qode-post-title\">\n    <a itemprop=\"url\" href=\"https:\/\/phileo-lesaffre.com\/en\/dr-andrew-van-kessel\/\" title=\"Dr. Andrew Van Kessel \ud83c\udf99\">\n        Dr. Andrew Van Kessel \ud83c\udf99    <\/a>\n<\/h4>\t\t\t\t\t<div itemprop=\"dateCreated\" class=\"qode-post-info-date entry-date published updated\">\n\t    \t        <a itemprop=\"url\" href=\"https:\/\/phileo-lesaffre.com\/fr\/2021\/04\/\">\n\t            <i class=\"dripicons-alarm\"><\/i>\n    \t23 avril 2021        <\/a>\n\t    <meta itemprop=\"interactionCount\" content=\"UserComments: 0\"\/>\n\t<\/div>\n        \t<\/div>\n<\/div><div class=\"qode-news-item qode-layout1-item\">\n\t\t<div class=\"qode-news-item-image-holder\">\n\t\t\t<div class=\"qode-post-image\">\n\t    <a itemprop=\"url\" href=\"https:\/\/phileo-lesaffre.com\/en\/effect-of-live-yeast-supplementation-on-the-performance-of-hyperprolific-sows-and-their-piglets\/\" title=\"Effect of live yeast supplementation on the performance of hyperprolific sows and their piglets\">\n                        <img loading=\"lazy\" decoding=\"async\" width=\"575\" height=\"375\" src=\"https:\/\/phileo-lesaffre.com\/wp-content\/uploads\/2021\/03\/Swine-effect-live-yeast-Knowledge-center.jpg\" class=\"attachment-portfolio-portrait size-portfolio-portrait wp-post-image\" alt=\"swine\" srcset=\"https:\/\/phileo-lesaffre.com\/wp-content\/uploads\/2021\/03\/Swine-effect-live-yeast-Knowledge-center.jpg 575w, https:\/\/phileo-lesaffre.com\/wp-content\/uploads\/2021\/03\/Swine-effect-live-yeast-Knowledge-center-300x196.jpg 300w, https:\/\/phileo-lesaffre.com\/wp-content\/uploads\/2021\/03\/Swine-effect-live-yeast-Knowledge-center-400x260.jpg 400w\" sizes=\"(max-width: 575px) 100vw, 575px\" \/>            \t    <\/a>\n\t<\/div>\n        <div class=\"qode-news-image-info-holder-left\">\n\t\t\t        <\/div>\n        <div class=\"qode-news-image-info-holder-right\">\n\t\t\t\t\t<\/div>\n\t<\/div>\n    \t<div class=\"qode-ni-content\">\n        \t\t\n<h4 itemprop=\"name\" class=\"entry-title qode-post-title\">\n    <a itemprop=\"url\" href=\"https:\/\/phileo-lesaffre.com\/en\/effect-of-live-yeast-supplementation-on-the-performance-of-hyperprolific-sows-and-their-piglets\/\" title=\"Effect of live yeast supplementation on the performance of hyperprolific sows and their piglets\">\n        Effect of live yeast supplementation on the performance of hyperprolific sows and their piglets    <\/a>\n<\/h4>\t\t\t\t\t<div itemprop=\"dateCreated\" class=\"qode-post-info-date entry-date published updated\">\n\t    \t        <a itemprop=\"url\" href=\"https:\/\/phileo-lesaffre.com\/fr\/2021\/03\/\">\n\t            <i class=\"dripicons-alarm\"><\/i>\n    \t18 mars 2021        <\/a>\n\t    <meta itemprop=\"interactionCount\" content=\"UserComments: 0\"\/>\n\t<\/div>\n        \t<\/div>\n<\/div><div class=\"qode-news-item qode-layout1-item\">\n\t\t<div class=\"qode-news-item-image-holder\">\n\t\t\t<div class=\"qode-post-image\">\n\t    <a itemprop=\"url\" href=\"https:\/\/phileo-lesaffre.com\/en\/weaning-piglets-without-zinc-oxide-podcast\/\" title=\"Weaning piglets without zinc oxide\ud83c\udf99\">\n                        <img loading=\"lazy\" decoding=\"async\" width=\"573\" height=\"375\" src=\"https:\/\/phileo-lesaffre.com\/wp-content\/uploads\/2022\/02\/Weaning-piglet-Knowledge-center.jpg\" class=\"attachment-portfolio-portrait size-portfolio-portrait wp-post-image\" alt=\"\" srcset=\"https:\/\/phileo-lesaffre.com\/wp-content\/uploads\/2022\/02\/Weaning-piglet-Knowledge-center.jpg 573w, https:\/\/phileo-lesaffre.com\/wp-content\/uploads\/2022\/02\/Weaning-piglet-Knowledge-center-300x196.jpg 300w\" sizes=\"(max-width: 573px) 100vw, 573px\" \/>            \t    <\/a>\n\t<\/div>\n        <div class=\"qode-news-image-info-holder-left\">\n\t\t\t        <\/div>\n        <div class=\"qode-news-image-info-holder-right\">\n\t\t\t\t\t<\/div>\n\t<\/div>\n    \t<div class=\"qode-ni-content\">\n        \t\t\n<h4 itemprop=\"name\" class=\"entry-title qode-post-title\">\n    <a itemprop=\"url\" href=\"https:\/\/phileo-lesaffre.com\/en\/weaning-piglets-without-zinc-oxide-podcast\/\" title=\"Weaning piglets without zinc oxide\ud83c\udf99\">\n        Weaning piglets without zinc oxide\ud83c\udf99    <\/a>\n<\/h4>\t\t\t\t\t<div itemprop=\"dateCreated\" class=\"qode-post-info-date entry-date published updated\">\n\t    \t        <a itemprop=\"url\" href=\"https:\/\/phileo-lesaffre.com\/fr\/2021\/11\/\">\n\t            <i class=\"dripicons-alarm\"><\/i>\n    \t16 novembre 2021        <\/a>\n\t    <meta itemprop=\"interactionCount\" content=\"UserComments: 0\"\/>\n\t<\/div>\n        \t<\/div>\n<\/div><div class=\"qode-news-item qode-layout1-item\">\n\t\t<div class=\"qode-news-item-image-holder\">\n\t\t\t<div class=\"qode-post-image\">\n\t    <a itemprop=\"url\" href=\"https:\/\/phileo-lesaffre.com\/en\/how-to-train-the-first-line-of-defence-for-better-immunity-in-pigs\/\" title=\"How to train the first line of defence for better immunity in pigs\">\n                        <img loading=\"lazy\" decoding=\"async\" width=\"575\" height=\"375\" src=\"https:\/\/phileo-lesaffre.com\/wp-content\/uploads\/2021\/06\/Safglucan-swine-Knowledge-center.jpg\" class=\"attachment-portfolio-portrait size-portfolio-portrait wp-post-image\" alt=\"immunity swine safglucan\" srcset=\"https:\/\/phileo-lesaffre.com\/wp-content\/uploads\/2021\/06\/Safglucan-swine-Knowledge-center.jpg 575w, https:\/\/phileo-lesaffre.com\/wp-content\/uploads\/2021\/06\/Safglucan-swine-Knowledge-center-300x196.jpg 300w, https:\/\/phileo-lesaffre.com\/wp-content\/uploads\/2021\/06\/Safglucan-swine-Knowledge-center-400x260.jpg 400w\" sizes=\"(max-width: 575px) 100vw, 575px\" \/>            \t    <\/a>\n\t<\/div>\n        <div class=\"qode-news-image-info-holder-left\">\n\t\t\t        <\/div>\n        <div class=\"qode-news-image-info-holder-right\">\n\t\t\t\t\t<\/div>\n\t<\/div>\n    \t<div class=\"qode-ni-content\">\n        \t\t\n<h4 itemprop=\"name\" class=\"entry-title qode-post-title\">\n    <a itemprop=\"url\" href=\"https:\/\/phileo-lesaffre.com\/en\/how-to-train-the-first-line-of-defence-for-better-immunity-in-pigs\/\" title=\"How to train the first line of defence for better immunity in pigs\">\n        How to train the first line of defence for better immunity in pigs    <\/a>\n<\/h4>\t\t\t\t\t<div itemprop=\"dateCreated\" class=\"qode-post-info-date entry-date published updated\">\n\t    \t        <a itemprop=\"url\" href=\"https:\/\/phileo-lesaffre.com\/fr\/2021\/06\/\">\n\t            <i class=\"dripicons-alarm\"><\/i>\n    \t24 juin 2021        <\/a>\n\t    <meta itemprop=\"interactionCount\" content=\"UserComments: 0\"\/>\n\t<\/div>\n        \t<\/div>\n<\/div><div class=\"qode-news-item qode-layout1-item\">\n\t\t<div class=\"qode-news-item-image-holder\">\n\t\t\t<div class=\"qode-post-image\">\n\t    <a itemprop=\"url\" href=\"https:\/\/phileo-lesaffre.com\/en\/the-effects-of-live-yeast-supplementation-on-the-performance-of-fattening-pigs\/\" title=\"The effects of live yeast supplementation on the performance of fattening pigs\">\n                        <img loading=\"lazy\" decoding=\"async\" width=\"575\" height=\"375\" src=\"https:\/\/phileo-lesaffre.com\/wp-content\/uploads\/2021\/03\/Swine-fattening-pigs-Knowledge-center.jpg\" class=\"attachment-portfolio-portrait size-portfolio-portrait wp-post-image\" alt=\"swine phileo\" srcset=\"https:\/\/phileo-lesaffre.com\/wp-content\/uploads\/2021\/03\/Swine-fattening-pigs-Knowledge-center.jpg 575w, https:\/\/phileo-lesaffre.com\/wp-content\/uploads\/2021\/03\/Swine-fattening-pigs-Knowledge-center-300x196.jpg 300w, https:\/\/phileo-lesaffre.com\/wp-content\/uploads\/2021\/03\/Swine-fattening-pigs-Knowledge-center-400x260.jpg 400w\" sizes=\"(max-width: 575px) 100vw, 575px\" \/>            \t    <\/a>\n\t<\/div>\n        <div class=\"qode-news-image-info-holder-left\">\n\t\t\t        <\/div>\n        <div class=\"qode-news-image-info-holder-right\">\n\t\t\t\t\t<\/div>\n\t<\/div>\n    \t<div class=\"qode-ni-content\">\n        \t\t\n<h4 itemprop=\"name\" class=\"entry-title qode-post-title\">\n    <a itemprop=\"url\" href=\"https:\/\/phileo-lesaffre.com\/en\/the-effects-of-live-yeast-supplementation-on-the-performance-of-fattening-pigs\/\" title=\"The effects of live yeast supplementation on the performance of fattening pigs\">\n        The effects of live yeast supplementation on the performance of fattening pigs    <\/a>\n<\/h4>\t\t\t\t\t<div itemprop=\"dateCreated\" class=\"qode-post-info-date entry-date published updated\">\n\t    \t        <a itemprop=\"url\" href=\"https:\/\/phileo-lesaffre.com\/fr\/2021\/03\/\">\n\t            <i class=\"dripicons-alarm\"><\/i>\n    \t18 mars 2021        <\/a>\n\t    <meta itemprop=\"interactionCount\" content=\"UserComments: 0\"\/>\n\t<\/div>\n        \t<\/div>\n<\/div><div class=\"qode-news-item qode-layout1-item\">\n\t\t<div class=\"qode-news-item-image-holder\">\n\t\t\t<div class=\"qode-post-image\">\n\t    <a itemprop=\"url\" href=\"https:\/\/phileo-lesaffre.com\/en\/transitioning-to-zero-zno-the-changes-in-diet-formulation\/\" title=\"Transitioning to Zero ZnO: The changes in diet formulation\">\n                        <img loading=\"lazy\" decoding=\"async\" width=\"575\" height=\"374\" src=\"https:\/\/phileo-lesaffre.com\/wp-content\/uploads\/2022\/03\/Swine-change-500x374-1.jpg\" class=\"attachment-portfolio-portrait size-portfolio-portrait wp-post-image\" alt=\"swine\" srcset=\"https:\/\/phileo-lesaffre.com\/wp-content\/uploads\/2022\/03\/Swine-change-500x374-1.jpg 575w, https:\/\/phileo-lesaffre.com\/wp-content\/uploads\/2022\/03\/Swine-change-500x374-1-300x195.jpg 300w, https:\/\/phileo-lesaffre.com\/wp-content\/uploads\/2022\/03\/Swine-change-500x374-1-400x260.jpg 400w\" sizes=\"(max-width: 575px) 100vw, 575px\" \/>            \t    <\/a>\n\t<\/div>\n        <div class=\"qode-news-image-info-holder-left\">\n\t\t\t        <\/div>\n        <div class=\"qode-news-image-info-holder-right\">\n\t\t\t\t\t<\/div>\n\t<\/div>\n    \t<div class=\"qode-ni-content\">\n        \t\t\n<h4 itemprop=\"name\" class=\"entry-title qode-post-title\">\n    <a itemprop=\"url\" href=\"https:\/\/phileo-lesaffre.com\/en\/transitioning-to-zero-zno-the-changes-in-diet-formulation\/\" title=\"Transitioning to Zero ZnO: The changes in diet formulation\">\n        Transitioning to Zero ZnO: The changes in diet formulation    <\/a>\n<\/h4>\t\t\t\t\t<div itemprop=\"dateCreated\" class=\"qode-post-info-date entry-date published updated\">\n\t    \t        <a itemprop=\"url\" href=\"https:\/\/phileo-lesaffre.com\/fr\/2022\/03\/\">\n\t            <i class=\"dripicons-alarm\"><\/i>\n    \t10 mars 2022        <\/a>\n\t    <meta itemprop=\"interactionCount\" content=\"UserComments: 0\"\/>\n\t<\/div>\n        \t<\/div>\n<\/div><\/div><\/div>[\/vc_column][\/vc_row]<\/p>\n<\/div>","protected":false},"excerpt":{"rendered":"<p>[vc_row css_animation=\u00a0\u00bb\u00a0\u00bb row_type=\u00a0\u00bbrow\u00a0\u00bb use_row_as_full_screen_section=\u00a0\u00bbno\u00a0\u00bb type=\u00a0\u00bbfull_width\u00a0\u00bb angled_section=\u00a0\u00bbno\u00a0\u00bb text_align=\u00a0\u00bbleft\u00a0\u00bb background_image_as_pattern=\u00a0\u00bbwithout_pattern\u00a0\u00bb el_class=\u00a0\u00bbbreadcrumbtxt\u00a0\u00bb z_index=\u00a0\u00bb\u00a0\u00bb][vc_column][vc_column_text][\/vc_column_text][\/vc_column][\/vc_row][vc_row css_animation=\u00a0\u00bb\u00a0\u00bb row_type=\u00a0\u00bbrow\u00a0\u00bb use_row_as_full_screen_section=\u00a0\u00bbno\u00a0\u00bb type=\u00a0\u00bbfull_width\u00a0\u00bb angled_section=\u00a0\u00bbno\u00a0\u00bb text_align=\u00a0\u00bbleft\u00a0\u00bb background_image_as_pattern=\u00a0\u00bbwithout_pattern\u00a0\u00bb][vc_column][vc_column_text] [\/vc_column_text][\/vc_column][\/vc_row][vc_row css_animation=\u00a0\u00bb\u00a0\u00bb row_type=\u00a0\u00bbrow\u00a0\u00bb use_row_as_full_screen_section=\u00a0\u00bbno\u00a0\u00bb type=\u00a0\u00bbfull_width\u00a0\u00bb angled_section=\u00a0\u00bbno\u00a0\u00bb text_align=\u00a0\u00bbleft\u00a0\u00bb background_image_as_pattern=\u00a0\u00bbwithout_pattern\u00a0\u00bb][vc_column][qode_elements_holder number_of_columns=\u00a0\u00bbtwo_columns\u00a0\u00bb][qode_elements_holder_item vertical_alignment=\u00a0\u00bbmiddle\u00a0\u00bb horizontal_alignment=\u00a0\u00bbleft\u00a0\u00bb advanced_animations=\u00a0\u00bbno\u00a0\u00bb item_padding=\u00a0\u00bb1% 8% 1% 0%\u00a0\u00bb][vc_column_text] Programme contre le stress thermique chez le porc [\/vc_column_text][vc_single_image image=\u00a0\u00bb407413&Prime; img_size=\u00a0\u00bb65&#215;33&Prime; css=\u00a0\u00bb.vc_custom_1590613047306{padding-top:&#8230;<\/p>\n","protected":false},"author":8,"featured_media":0,"parent":0,"menu_order":0,"comment_status":"closed","ping_status":"closed","template":"full_width.php","meta":{"footnotes":""},"class_list":["post-414976","page","type-page","status-publish","hentry"],"yoast_head":"<!-- This site is optimized with the Yoast SEO Premium plugin v25.9 (Yoast SEO v27.4) - https:\/\/yoast.com\/product\/yoast-seo-premium-wordpress\/ -->\n<title>Le challenge du stress thermique chez le porc | Phileo by Lesaffre<\/title>\n<meta name=\"description\" content=\"Lorsque la chaleur augmente, les porcs essaient de rester au frais et \u00e0 l\u2019aise. Cependant, parce qu\u2019ils ne peuvent pas transpirer, les porcs ont du mal \u00e0 dissiper la grande quantit\u00e9 de chaleur m\u00e9tabolique qu\u2019ils produisent.\" \/>\n<meta name=\"robots\" content=\"index, follow, max-snippet:-1, max-image-preview:large, max-video-preview:-1\" \/>\n<link rel=\"canonical\" href=\"https:\/\/phileo-lesaffre.com\/fr\/programme-contre-le-stress-thermique-chez-le-porc\/\" \/>\n<meta property=\"og:locale\" content=\"fr_FR\" \/>\n<meta property=\"og:type\" content=\"article\" \/>\n<meta property=\"og:title\" content=\"Programme contre le stress thermique chez le porc\" \/>\n<meta property=\"og:description\" content=\"Programme contre le stress thermique chez le porc Le challenge du stress thermique chez le porc &nbsp; Lorsque la chaleur monte, les porcs, aussi,\" \/>\n<meta property=\"og:url\" content=\"https:\/\/phileo-lesaffre.com\/fr\/programme-contre-le-stress-thermique-chez-le-porc\/\" \/>\n<meta property=\"og:site_name\" content=\"Phileo by Lesaffre\" \/>\n<meta property=\"article:publisher\" content=\"https:\/\/www.facebook.com\/phileo.lesaffre\/\" \/>\n<meta property=\"article:modified_time\" content=\"2025-03-26T10:34:54+00:00\" \/>\n<meta name=\"twitter:card\" content=\"summary_large_image\" \/>\n<meta name=\"twitter:site\" content=\"@PhileoLesaffre\" \/>\n<script type=\"application\/ld+json\" class=\"yoast-schema-graph\">{\"@context\":\"https:\\\/\\\/schema.org\",\"@graph\":[{\"@type\":\"WebPage\",\"@id\":\"https:\\\/\\\/phileo-lesaffre.com\\\/fr\\\/programme-contre-le-stress-thermique-chez-le-porc\\\/\",\"url\":\"https:\\\/\\\/phileo-lesaffre.com\\\/fr\\\/programme-contre-le-stress-thermique-chez-le-porc\\\/\",\"name\":\"Le challenge du stress thermique chez le porc | Phileo by Lesaffre\",\"isPartOf\":{\"@id\":\"https:\\\/\\\/phileo-lesaffre.com\\\/fr\\\/#website\"},\"datePublished\":\"2025-03-26T09:09:01+00:00\",\"dateModified\":\"2025-03-26T10:34:54+00:00\",\"description\":\"Lorsque la chaleur augmente, les porcs essaient de rester au frais et \u00e0 l\u2019aise. Cependant, parce qu\u2019ils ne peuvent pas transpirer, les porcs ont du mal \u00e0 dissiper la grande quantit\u00e9 de chaleur m\u00e9tabolique qu\u2019ils produisent.\",\"breadcrumb\":{\"@id\":\"https:\\\/\\\/phileo-lesaffre.com\\\/fr\\\/programme-contre-le-stress-thermique-chez-le-porc\\\/#breadcrumb\"},\"inLanguage\":\"fr-FR\",\"potentialAction\":[{\"@type\":\"ReadAction\",\"target\":[\"https:\\\/\\\/phileo-lesaffre.com\\\/fr\\\/programme-contre-le-stress-thermique-chez-le-porc\\\/\"]}]},{\"@type\":\"BreadcrumbList\",\"@id\":\"https:\\\/\\\/phileo-lesaffre.com\\\/fr\\\/programme-contre-le-stress-thermique-chez-le-porc\\\/#breadcrumb\",\"itemListElement\":[{\"@type\":\"ListItem\",\"position\":1,\"name\":\"Phileo by Lesaffre\",\"item\":\"https:\\\/\\\/phileo-lesaffre.com\\\/fr\\\/\"},{\"@type\":\"ListItem\",\"position\":2,\"name\":\"Programme contre le stress thermique chez le porc\"}]},{\"@type\":\"WebSite\",\"@id\":\"https:\\\/\\\/phileo-lesaffre.com\\\/fr\\\/#website\",\"url\":\"https:\\\/\\\/phileo-lesaffre.com\\\/fr\\\/\",\"name\":\"Phileo by Lesaffre\",\"description\":\"Animal nutrition and health from yeast products\",\"publisher\":{\"@id\":\"https:\\\/\\\/phileo-lesaffre.com\\\/fr\\\/#organization\"},\"potentialAction\":[{\"@type\":\"SearchAction\",\"target\":{\"@type\":\"EntryPoint\",\"urlTemplate\":\"https:\\\/\\\/phileo-lesaffre.com\\\/fr\\\/?s={search_term_string}\"},\"query-input\":{\"@type\":\"PropertyValueSpecification\",\"valueRequired\":true,\"valueName\":\"search_term_string\"}}],\"inLanguage\":\"fr-FR\"},{\"@type\":\"Organization\",\"@id\":\"https:\\\/\\\/phileo-lesaffre.com\\\/fr\\\/#organization\",\"name\":\"Phileo by Lesaffre\",\"url\":\"https:\\\/\\\/phileo-lesaffre.com\\\/fr\\\/\",\"logo\":{\"@type\":\"ImageObject\",\"inLanguage\":\"fr-FR\",\"@id\":\"https:\\\/\\\/phileo-lesaffre.com\\\/fr\\\/#\\\/schema\\\/logo\\\/image\\\/\",\"url\":\"https:\\\/\\\/phileo-lesaffre.com\\\/wp-content\\\/uploads\\\/2019\\\/04\\\/logo-phileo-lesaffre-1.jpg\",\"contentUrl\":\"https:\\\/\\\/phileo-lesaffre.com\\\/wp-content\\\/uploads\\\/2019\\\/04\\\/logo-phileo-lesaffre-1.jpg\",\"width\":500,\"height\":250,\"caption\":\"Phileo by Lesaffre\"},\"image\":{\"@id\":\"https:\\\/\\\/phileo-lesaffre.com\\\/fr\\\/#\\\/schema\\\/logo\\\/image\\\/\"},\"sameAs\":[\"https:\\\/\\\/www.facebook.com\\\/phileo.lesaffre\\\/\",\"https:\\\/\\\/x.com\\\/PhileoLesaffre\",\"https:\\\/\\\/www.linkedin.com\\\/company\\\/phileo\\\/\"]}]}<\/script>\n<!-- \/ Yoast SEO Premium plugin. -->","yoast_head_json":{"title":"Le challenge du stress thermique chez le porc | Phileo by Lesaffre","description":"Lorsque la chaleur augmente, les porcs essaient de rester au frais et \u00e0 l\u2019aise. Cependant, parce qu\u2019ils ne peuvent pas transpirer, les porcs ont du mal \u00e0 dissiper la grande quantit\u00e9 de chaleur m\u00e9tabolique qu\u2019ils produisent.","robots":{"index":"index","follow":"follow","max-snippet":"max-snippet:-1","max-image-preview":"max-image-preview:large","max-video-preview":"max-video-preview:-1"},"canonical":"https:\/\/phileo-lesaffre.com\/fr\/programme-contre-le-stress-thermique-chez-le-porc\/","og_locale":"fr_FR","og_type":"article","og_title":"Programme contre le stress thermique chez le porc","og_description":"Programme contre le stress thermique chez le porc Le challenge du stress thermique chez le porc &nbsp; Lorsque la chaleur monte, les porcs, aussi,","og_url":"https:\/\/phileo-lesaffre.com\/fr\/programme-contre-le-stress-thermique-chez-le-porc\/","og_site_name":"Phileo by Lesaffre","article_publisher":"https:\/\/www.facebook.com\/phileo.lesaffre\/","article_modified_time":"2025-03-26T10:34:54+00:00","twitter_card":"summary_large_image","twitter_site":"@PhileoLesaffre","schema":{"@context":"https:\/\/schema.org","@graph":[{"@type":"WebPage","@id":"https:\/\/phileo-lesaffre.com\/fr\/programme-contre-le-stress-thermique-chez-le-porc\/","url":"https:\/\/phileo-lesaffre.com\/fr\/programme-contre-le-stress-thermique-chez-le-porc\/","name":"Le challenge du stress thermique chez le porc | Phileo by Lesaffre","isPartOf":{"@id":"https:\/\/phileo-lesaffre.com\/fr\/#website"},"datePublished":"2025-03-26T09:09:01+00:00","dateModified":"2025-03-26T10:34:54+00:00","description":"Lorsque la chaleur augmente, les porcs essaient de rester au frais et \u00e0 l\u2019aise. Cependant, parce qu\u2019ils ne peuvent pas transpirer, les porcs ont du mal \u00e0 dissiper la grande quantit\u00e9 de chaleur m\u00e9tabolique qu\u2019ils produisent.","breadcrumb":{"@id":"https:\/\/phileo-lesaffre.com\/fr\/programme-contre-le-stress-thermique-chez-le-porc\/#breadcrumb"},"inLanguage":"fr-FR","potentialAction":[{"@type":"ReadAction","target":["https:\/\/phileo-lesaffre.com\/fr\/programme-contre-le-stress-thermique-chez-le-porc\/"]}]},{"@type":"BreadcrumbList","@id":"https:\/\/phileo-lesaffre.com\/fr\/programme-contre-le-stress-thermique-chez-le-porc\/#breadcrumb","itemListElement":[{"@type":"ListItem","position":1,"name":"Phileo by Lesaffre","item":"https:\/\/phileo-lesaffre.com\/fr\/"},{"@type":"ListItem","position":2,"name":"Programme contre le stress thermique chez le porc"}]},{"@type":"WebSite","@id":"https:\/\/phileo-lesaffre.com\/fr\/#website","url":"https:\/\/phileo-lesaffre.com\/fr\/","name":"Phileo by Lesaffre","description":"Animal nutrition and health from yeast products","publisher":{"@id":"https:\/\/phileo-lesaffre.com\/fr\/#organization"},"potentialAction":[{"@type":"SearchAction","target":{"@type":"EntryPoint","urlTemplate":"https:\/\/phileo-lesaffre.com\/fr\/?s={search_term_string}"},"query-input":{"@type":"PropertyValueSpecification","valueRequired":true,"valueName":"search_term_string"}}],"inLanguage":"fr-FR"},{"@type":"Organization","@id":"https:\/\/phileo-lesaffre.com\/fr\/#organization","name":"Phileo by Lesaffre","url":"https:\/\/phileo-lesaffre.com\/fr\/","logo":{"@type":"ImageObject","inLanguage":"fr-FR","@id":"https:\/\/phileo-lesaffre.com\/fr\/#\/schema\/logo\/image\/","url":"https:\/\/phileo-lesaffre.com\/wp-content\/uploads\/2019\/04\/logo-phileo-lesaffre-1.jpg","contentUrl":"https:\/\/phileo-lesaffre.com\/wp-content\/uploads\/2019\/04\/logo-phileo-lesaffre-1.jpg","width":500,"height":250,"caption":"Phileo by Lesaffre"},"image":{"@id":"https:\/\/phileo-lesaffre.com\/fr\/#\/schema\/logo\/image\/"},"sameAs":["https:\/\/www.facebook.com\/phileo.lesaffre\/","https:\/\/x.com\/PhileoLesaffre","https:\/\/www.linkedin.com\/company\/phileo\/"]}]}},"_links":{"self":[{"href":"https:\/\/phileo-lesaffre.com\/fr\/wp-json\/wp\/v2\/pages\/414976","targetHints":{"allow":["GET"]}}],"collection":[{"href":"https:\/\/phileo-lesaffre.com\/fr\/wp-json\/wp\/v2\/pages"}],"about":[{"href":"https:\/\/phileo-lesaffre.com\/fr\/wp-json\/wp\/v2\/types\/page"}],"author":[{"embeddable":true,"href":"https:\/\/phileo-lesaffre.com\/fr\/wp-json\/wp\/v2\/users\/8"}],"replies":[{"embeddable":true,"href":"https:\/\/phileo-lesaffre.com\/fr\/wp-json\/wp\/v2\/comments?post=414976"}],"version-history":[{"count":0,"href":"https:\/\/phileo-lesaffre.com\/fr\/wp-json\/wp\/v2\/pages\/414976\/revisions"}],"wp:attachment":[{"href":"https:\/\/phileo-lesaffre.com\/fr\/wp-json\/wp\/v2\/media?parent=414976"}],"curies":[{"name":"wp","href":"https:\/\/api.w.org\/{rel}","templated":true}]}}