{"id":408599,"date":"2021-09-07T10:16:24","date_gmt":"2021-09-07T08:16:24","guid":{"rendered":"https:\/\/phileo-lesaffre.com\/programme-heat-stress-destine-aux-vaches-laitieres\/"},"modified":"2021-09-14T10:54:11","modified_gmt":"2021-09-14T08:54:11","slug":"programme-heat-stress-destine-aux-vaches-laitieres","status":"publish","type":"page","link":"https:\/\/phileo-lesaffre.com\/fr\/programme-heat-stress-destine-aux-vaches-laitieres\/","title":{"rendered":"Programme Heat Stress destin\u00e9 aux vaches laiti\u00e8res"},"content":{"rendered":"<div class=\"wpb-content-wrapper\"><p>[vc_row css_animation=\u00a0\u00bb\u00a0\u00bb row_type=\u00a0\u00bbrow\u00a0\u00bb use_row_as_full_screen_section=\u00a0\u00bbno\u00a0\u00bb type=\u00a0\u00bbfull_width\u00a0\u00bb angled_section=\u00a0\u00bbno\u00a0\u00bb text_align=\u00a0\u00bbleft\u00a0\u00bb background_image_as_pattern=\u00a0\u00bbwithout_pattern\u00a0\u00bb el_class=\u00a0\u00bbbreadcrumbtxt\u00a0\u00bb z_index=\u00a0\u00bb\u00a0\u00bb][vc_column][vc_column_text]<span style=\"font-size: 12px;\"><span><span><a href=\"https:\/\/phileo-lesaffre.com\/fr\/\">Phileo by Lesaffre<\/a><\/span><\/span><\/span>[\/vc_column_text][\/vc_column][\/vc_row][vc_row css_animation=\u00a0\u00bb\u00a0\u00bb row_type=\u00a0\u00bbrow\u00a0\u00bb use_row_as_full_screen_section=\u00a0\u00bbno\u00a0\u00bb type=\u00a0\u00bbfull_width\u00a0\u00bb angled_section=\u00a0\u00bbno\u00a0\u00bb text_align=\u00a0\u00bbleft\u00a0\u00bb background_image_as_pattern=\u00a0\u00bbwithout_pattern\u00a0\u00bb][vc_column][vc_column_text]<\/p>\n<p>[\/vc_column_text][\/vc_column][\/vc_row][vc_row css_animation=\u00a0\u00bb\u00a0\u00bb row_type=\u00a0\u00bbrow\u00a0\u00bb use_row_as_full_screen_section=\u00a0\u00bbno\u00a0\u00bb type=\u00a0\u00bbfull_width\u00a0\u00bb angled_section=\u00a0\u00bbno\u00a0\u00bb text_align=\u00a0\u00bbleft\u00a0\u00bb background_image_as_pattern=\u00a0\u00bbwithout_pattern\u00a0\u00bb][vc_column][qode_elements_holder number_of_columns=\u00a0\u00bbtwo_columns\u00a0\u00bb][qode_elements_holder_item vertical_alignment=\u00a0\u00bbmiddle\u00a0\u00bb horizontal_alignment=\u00a0\u00bbleft\u00a0\u00bb advanced_animations=\u00a0\u00bbno\u00a0\u00bb item_padding=\u00a0\u00bb1% 8% 1% 0%\u00a0\u00bb][vc_column_text]<!-- wpml:html_fragment --><\/p>\n<h1 class=\"feed2\"><span style=\"color: #4d4d4c;\">Program Heat Stress<\/span><\/h1>\n<p>[\/vc_column_text][vc_single_image image=\u00a0\u00bb407413&Prime; img_size=\u00a0\u00bb65&#215;33&Prime; qode_css_animation=\u00a0\u00bb\u00a0\u00bb css=\u00a0\u00bb.vc_custom_1590613047306{padding-top: 5% !important;padding-bottom: 5% !important;}\u00a0\u00bb][vc_column_text css=\u00a0\u00bb.vc_custom_1592803036399{padding-right: 8% !important;}\u00a0\u00bb]Le stress thermique est d\u00e9fini comme une augmentation de la temp\u00e9rature interne corporelle au-del\u00e0 de la plage normale en raison d\u2019une charge thermique totale augment\u00e9e, d\u00e9passant la capacit\u00e9 de dissipation de la chaleur. Le stress thermique modifie l\u2019ingestion alimentaire, le comportement de la vache, ses besoins pour le maintien de son organisme et les processus m\u00e9taboliques. Ceci a des cons\u00e9quences importantes en mati\u00e8re d\u2019efficacit\u00e9 \u00e9nerg\u00e9tique, de rendements laitiers, d\u2019efficacit\u00e9 reproductive et d\u2019incidence des maladies.<!-- wpml:html_fragment --><\/p>\n<p>La combinaison de la temp\u00e9rature ambiante et de l\u2019humidit\u00e9 (THI) d\u00e9termine le niveau de stress thermique.<\/p>\n<p>&nbsp;<\/p>\n<p>Les animaux subissant un stress thermique r\u00e9duisent leur ingestion alimentaire. Ceci est vraisemblablement une strat\u00e9gie de survie, en particulier chez les ruminants, puisque dig\u00e9rer et assimiler les nutriments g\u00e9n\u00e8rent de la chaleur (ce qu\u2019on appelle les effets thermiques de l\u2019alimentation). Traditionnellement, on estime qu\u2019une ingestion alimentaire insuffisante provoqu\u00e9e par la charge thermique est responsable de la diminution de la production de lait <em>(Fuquay, 1981; DeShazer et al., 2009).<\/em>[\/vc_column_text][vc_single_image image=\u00a0\u00bb408287&Prime; img_size=\u00a0\u00bb120&#215;178&Prime; alignment=\u00a0\u00bbright\u00a0\u00bb qode_css_animation=\u00a0\u00bb\u00a0\u00bb][\/qode_elements_holder_item][qode_elements_holder_item vertical_alignment=\u00a0\u00bbmiddle\u00a0\u00bb horizontal_alignment=\u00a0\u00bbleft\u00a0\u00bb advanced_animations=\u00a0\u00bbno\u00a0\u00bb][vc_gallery interval=\u00a0\u00bb3&Prime; images=\u00a0\u00bb408600,410080,410084,410088&Prime; img_size=\u00a0\u00bbfull\u00a0\u00bb direction_nav=\u00a0\u00bbyes\u00a0\u00bb control_nav=\u00a0\u00bbno\u00a0\u00bb][\/qode_elements_holder_item][\/qode_elements_holder][\/vc_column][\/vc_row][vc_row css_animation=\u00a0\u00bb\u00a0\u00bb row_type=\u00a0\u00bbrow\u00a0\u00bb use_row_as_full_screen_section=\u00a0\u00bbno\u00a0\u00bb type=\u00a0\u00bbfull_width\u00a0\u00bb angled_section=\u00a0\u00bbno\u00a0\u00bb text_align=\u00a0\u00bbleft\u00a0\u00bb background_image_as_pattern=\u00a0\u00bbwithout_pattern\u00a0\u00bb z_index=\u00a0\u00bb\u00a0\u00bb][vc_column][qode_elements_holder number_of_columns=\u00a0\u00bbtwo_columns\u00a0\u00bb][qode_elements_holder_item vertical_alignment=\u00a0\u00bbmiddle\u00a0\u00bb horizontal_alignment=\u00a0\u00bbleft\u00a0\u00bb advanced_animations=\u00a0\u00bbno\u00a0\u00bb item_padding=\u00a0\u00bb5% 2% 5% 10%\u00a0\u00bb background_color=\u00a0\u00bb#ad1a22&Prime;][vc_column_text]<!-- wpml:html_fragment --><\/p>\n<h2 class=\"feed4\"><span style=\"color: #ffffff;\">Am\u00e9liorer la fonction du rumen avec la levure probiotique Actisaf<sup>\u00ae<\/sup> Sc 47<\/span><\/h2>\n<p>[\/vc_column_text][vc_single_image image=\u00a0\u00bb409029&Prime; img_size=\u00a0\u00bb50&#215;25&Prime; qode_css_animation=\u00a0\u00bb\u00a0\u00bb css=\u00a0\u00bb.vc_custom_1592232787710{padding-top: 5% !important;padding-bottom: 5% !important;}\u00a0\u00bb][vc_column_text]<span style=\"color: #ffffff;\">Les \u00e9tudes ont d\u00e9montr\u00e9 que la suppl\u00e9mentation de l\u2019alimentation avec Actisaf<sup>\u00ae<\/sup> Sc 47 permet de diminuer le potentiel de redox du rumen. Cela entra\u00eene une meilleure digestion des fibres ainsi qu\u2019une augmentation de l\u2019activit\u00e9 des bact\u00e9ries ana\u00e9robies et les bact\u00e9ries utilisant du lactate. Ces avantages ont \u00e9t\u00e9 atteints dans des conditions de stress thermique difficiles.<\/span><!-- wpml:html_fragment --><\/p>\n<p>&nbsp;<\/p>\n<p><span style=\"color: #ffffff;\">L\u2019ajout de Actisaf<sup>\u00ae<\/sup> Sc 47 \u00e0 l\u2019alimentation des vaches soumises au stress thermique a r\u00e9duit les cons\u00e9quences n\u00e9gatives par l\u2019augmentation de l\u2019ingestion de mati\u00e8res s\u00e8ches et de la production de lait, et en am\u00e9liorant les taux de conversion alimentaire.<\/span>[\/vc_column_text][\/qode_elements_holder_item][qode_elements_holder_item advanced_animations=\u00a0\u00bbno\u00a0\u00bb][vc_single_image image=\u00a0\u00bb410093&Prime; img_size=\u00a0\u00bbfull\u00a0\u00bb onclick=\u00a0\u00bblink_image\u00a0\u00bb qode_css_animation=\u00a0\u00bb\u00a0\u00bb qode_hover_animation=\u00a0\u00bbzoom_in\u00a0\u00bb][\/qode_elements_holder_item][\/qode_elements_holder][\/vc_column][\/vc_row][vc_row css_animation=\u00a0\u00bb\u00a0\u00bb row_type=\u00a0\u00bbrow\u00a0\u00bb use_row_as_full_screen_section=\u00a0\u00bbno\u00a0\u00bb type=\u00a0\u00bbfull_width\u00a0\u00bb angled_section=\u00a0\u00bbno\u00a0\u00bb text_align=\u00a0\u00bbleft\u00a0\u00bb background_image_as_pattern=\u00a0\u00bbwithout_pattern\u00a0\u00bb css=\u00a0\u00bb.vc_custom_1592234497567{background-color: #ffffff !important;}\u00a0\u00bb z_index=\u00a0\u00bb\u00a0\u00bb][vc_column][qode_elements_holder number_of_columns=\u00a0\u00bbtwo_columns\u00a0\u00bb][qode_elements_holder_item advanced_animations=\u00a0\u00bbno\u00a0\u00bb][vc_single_image image=\u00a0\u00bb410097&Prime; img_size=\u00a0\u00bbfull\u00a0\u00bb onclick=\u00a0\u00bblink_image\u00a0\u00bb qode_css_animation=\u00a0\u00bb\u00a0\u00bb qode_hover_animation=\u00a0\u00bbzoom_in\u00a0\u00bb][\/qode_elements_holder_item][qode_elements_holder_item vertical_alignment=\u00a0\u00bbmiddle\u00a0\u00bb horizontal_alignment=\u00a0\u00bbleft\u00a0\u00bb advanced_animations=\u00a0\u00bbno\u00a0\u00bb item_padding=\u00a0\u00bb5% 10% 5% 5%\u00a0\u00bb background_color=\u00a0\u00bb#706f6f\u00a0\u00bb][vc_column_text]<!-- wpml:html_fragment --><\/p>\n<h2 class=\"feed4\"><span style=\"color: #ffffff;\">Actisaf<sup>\u00ae<\/sup> Sc 47 restaure un bilan \u00e9nerg\u00e9tique positif <\/span><\/h2>\n<p>[\/vc_column_text][vc_single_image image=\u00a0\u00bb409029&Prime; img_size=\u00a0\u00bb50&#215;25&Prime; qode_css_animation=\u00a0\u00bb\u00a0\u00bb css=\u00a0\u00bb.vc_custom_1592232787710{padding-top: 5% !important;padding-bottom: 5% !important;}\u00a0\u00bb][vc_column_text]<span style=\"color: #ffffff;\">L\u2019ajout de Actisaf<sup>\u00ae<\/sup> \u00e0 l\u2019alimentation de vaches soumises au stress thermique change certains param\u00e8tres sanguins importants comme le glucose qui a un impact direct sur la physiologie et le m\u00e9tabolisme de la vache. <\/span>[\/vc_column_text][\/qode_elements_holder_item][\/qode_elements_holder][\/vc_column][\/vc_row][vc_row css_animation=\u00a0\u00bb\u00a0\u00bb row_type=\u00a0\u00bbrow\u00a0\u00bb use_row_as_full_screen_section=\u00a0\u00bbno\u00a0\u00bb type=\u00a0\u00bbfull_width\u00a0\u00bb angled_section=\u00a0\u00bbno\u00a0\u00bb text_align=\u00a0\u00bbleft\u00a0\u00bb background_image_as_pattern=\u00a0\u00bbwithout_pattern\u00a0\u00bb z_index=\u00a0\u00bb\u00a0\u00bb][vc_column][qode_elements_holder number_of_columns=\u00a0\u00bbtwo_columns\u00a0\u00bb][qode_elements_holder_item vertical_alignment=\u00a0\u00bbmiddle\u00a0\u00bb horizontal_alignment=\u00a0\u00bbleft\u00a0\u00bb advanced_animations=\u00a0\u00bbno\u00a0\u00bb item_padding=\u00a0\u00bb5% 2% 5% 10%\u00a0\u00bb background_color=\u00a0\u00bb#ad1a22&Prime;][vc_column_text]<!-- wpml:html_fragment --><\/p>\n<h2 class=\"feed4\"><span style=\"color: #ffffff;\">Produire plus de lait et de solides<\/span><\/h2>\n<p>[\/vc_column_text][vc_single_image image=\u00a0\u00bb409029&Prime; img_size=\u00a0\u00bb50&#215;25&Prime; qode_css_animation=\u00a0\u00bb\u00a0\u00bb css=\u00a0\u00bb.vc_custom_1592232787710{padding-top: 5% !important;padding-bottom: 5% !important;}\u00a0\u00bb][vc_column_text]<span style=\"color: #ffffff;\">Actisaf<sup>\u00ae<\/sup> Sc 47 s\u2019av\u00e8re am\u00e9liorer le rendement laitier de 1,3\u00a0kg ou de 5,12\u00a0%. Une augmentation de la production quotidienne de mati\u00e8res grasses et de prot\u00e9ines a \u00e9galement \u00e9t\u00e9 rapport\u00e9e, confirmant que Actisaf<sup>\u00ae<\/sup> am\u00e9liore le rendement de lait et les solides en conditions de stress thermique.<\/span>[\/vc_column_text][\/qode_elements_holder_item][qode_elements_holder_item advanced_animations=\u00a0\u00bbno\u00a0\u00bb][vc_single_image image=\u00a0\u00bb410129&Prime; img_size=\u00a0\u00bbfull\u00a0\u00bb onclick=\u00a0\u00bblink_image\u00a0\u00bb qode_css_animation=\u00a0\u00bb\u00a0\u00bb qode_hover_animation=\u00a0\u00bbzoom_in\u00a0\u00bb][\/qode_elements_holder_item][\/qode_elements_holder][\/vc_column][\/vc_row][vc_row css_animation=\u00a0\u00bb\u00a0\u00bb row_type=\u00a0\u00bbrow\u00a0\u00bb use_row_as_full_screen_section=\u00a0\u00bbno\u00a0\u00bb type=\u00a0\u00bbfull_width\u00a0\u00bb angled_section=\u00a0\u00bbno\u00a0\u00bb text_align=\u00a0\u00bbleft\u00a0\u00bb background_image_as_pattern=\u00a0\u00bbwithout_pattern\u00a0\u00bb css=\u00a0\u00bb.vc_custom_1592234497567{background-color: #ffffff !important;}\u00a0\u00bb z_index=\u00a0\u00bb\u00a0\u00bb][vc_column][qode_elements_holder number_of_columns=\u00a0\u00bbtwo_columns\u00a0\u00bb][qode_elements_holder_item advanced_animations=\u00a0\u00bbno\u00a0\u00bb][vc_single_image image=\u00a0\u00bb410101&Prime; img_size=\u00a0\u00bbfull\u00a0\u00bb onclick=\u00a0\u00bblink_image\u00a0\u00bb qode_css_animation=\u00a0\u00bb\u00a0\u00bb qode_hover_animation=\u00a0\u00bbzoom_in\u00a0\u00bb][\/qode_elements_holder_item][qode_elements_holder_item vertical_alignment=\u00a0\u00bbmiddle\u00a0\u00bb horizontal_alignment=\u00a0\u00bbleft\u00a0\u00bb advanced_animations=\u00a0\u00bbno\u00a0\u00bb item_padding=\u00a0\u00bb5% 10% 5% 5%\u00a0\u00bb background_color=\u00a0\u00bb#706f6f\u00a0\u00bb][vc_column_text]<span style=\"color: #ffffff;\">En stabilisant l\u2019environnement du rumen et en supportant l\u2019activit\u00e9 de la microflore, Actisaf<sup>\u00ae<\/sup> am\u00e9liore le fonctionnement du rumen entra\u00eenant une am\u00e9lioration du m\u00e9tabolisme.<\/span><!-- wpml:html_fragment --><\/p>\n<p><span style=\"color: #ffffff;\">Une am\u00e9lioration du m\u00e9tabolisme et une adaptation du stress thermique chez la vache laiti\u00e8re entra\u00eene un plus grand confort (ingestion de mati\u00e8re s\u00e8ches plus \u00e9lev\u00e9e, diminution du rythme respiratoire) et une production sup\u00e9rieure (quantit\u00e9 et qualit\u00e9 du lait).<\/span><\/p>\n<p>&nbsp;<\/p>\n<p><span style=\"color: #ffffff;\"><br \/>\nL\u2019augmentation de l\u2019ingestion alimentaire, une meilleure conversion alimentaire, une am\u00e9lioration de la fonction du rumen et la diminution des rythmes respiratoires indiquent que les vaches laiti\u00e8res se sentent mieux lorsqu\u2019elles re\u00e7oivent un suppl\u00e9ment en levure vivante. Cela am\u00e9liore leur sant\u00e9 et leur productivit\u00e9.<\/span>[\/vc_column_text][\/qode_elements_holder_item][\/qode_elements_holder][\/vc_column][\/vc_row][vc_row css_animation=\u00a0\u00bb\u00a0\u00bb row_type=\u00a0\u00bbrow\u00a0\u00bb use_row_as_full_screen_section=\u00a0\u00bbyes\u00a0\u00bb type=\u00a0\u00bbfull_width\u00a0\u00bb angled_section=\u00a0\u00bbno\u00a0\u00bb text_align=\u00a0\u00bbleft\u00a0\u00bb background_image_as_pattern=\u00a0\u00bbwithout_pattern\u00a0\u00bb css=\u00a0\u00bb.vc_custom_1590613174422{padding-top: 1% !important;padding-bottom: 1% !important;}\u00a0\u00bb z_index=\u00a0\u00bb\u00a0\u00bb][vc_column][vc_column_text css=\u00a0\u00bb.vc_custom_1592721276378{padding-top: 2% !important;padding-bottom: 2% !important;}\u00a0\u00bb]<!-- wpml:html_fragment --><\/p>\n<h2 class=\"feed3\"><span style=\"color: #4d4d4c;\">En savoir plus sur nos programmes<\/span><\/h2>\n<p>[\/vc_column_text][vc_separator type=\u00a0\u00bbtransparent\u00a0\u00bb up=\u00a0\u00bb15&Prime; down=\u00a0\u00bb15&Prime;][vc_row_inner row_type=\u00a0\u00bbrow\u00a0\u00bb type=\u00a0\u00bbfull_width\u00a0\u00bb text_align=\u00a0\u00bbleft\u00a0\u00bb css_animation=\u00a0\u00bb\u00a0\u00bb][vc_column_inner]<div class=\"qode-advanced-image-gallery  qode-aig-carousel-type qode-normal-space  qode-image-behavior-custom-link \">\n\t<div class=\"qode-aig-slider qode-owl-slider\" data-number-of-items=\"5\" data-enable-loop=\"yes\" data-enable-autoplay=\"yes\" data-slider-speed=\"5000\" data-slider-speed-animation=\"600\" data-slider-padding=\"no\" data-enable-navigation=\"yes\" data-enable-pagination=\"yes\">\n\t\t\t\t\t<div class=\"qode-aig-image\">\n\t\t\t\t\t\t\t\t\t<a itemprop=\"url\" class=\"qode-aig-custom-link qode-block-drag-link\" href=\"\/en\/program-milk-profit\/\" target=\"_self\" title=\"Prog-lait rentabilit\u00e9-ruminant-404&#215;245\">\n\t\t\t\t\t\t\t\t\t<img fetchpriority=\"high\" decoding=\"async\" width=\"404\" height=\"245\" src=\"https:\/\/phileo-lesaffre.com\/wp-content\/uploads\/2020\/07\/Prog-milk-profit-ruminant-404x245-1.jpg\" class=\"attachment-full size-full\" alt=\"Rentabilit\u00e9 laiti\u00e8re vache laiti\u00e8re\" srcset=\"https:\/\/phileo-lesaffre.com\/wp-content\/uploads\/2020\/07\/Prog-milk-profit-ruminant-404x245-1.jpg 404w, https:\/\/phileo-lesaffre.com\/wp-content\/uploads\/2020\/07\/Prog-milk-profit-ruminant-404x245-1-300x182.jpg 300w\" sizes=\"(max-width: 404px) 100vw, 404px\" \/>\t\t\t\t\t<span class=\"aig-gallery-hover\">\n\t\t\t\t\t\t\t\t\t\t\t<\/span>\n\t\t\t\t\t\t\t\t\t<\/a>\n\t\t\t\t\t\t\t<\/div>\n\t\t\t\t\t<div class=\"qode-aig-image\">\n\t\t\t\t\t\t\t\t\t<a itemprop=\"url\" class=\"qode-aig-custom-link qode-block-drag-link\" href=\"\/en\/program-neonate\/\" target=\"_self\" title=\"Prog-nouveau-n\u00e9-404&#215;245\">\n\t\t\t\t\t\t\t\t\t<img decoding=\"async\" width=\"404\" height=\"245\" src=\"https:\/\/phileo-lesaffre.com\/wp-content\/uploads\/2020\/07\/Prog-neonate-404x245-1.jpg\" class=\"attachment-full size-full\" alt=\"Programme nouveau-n\u00e9 phileo\" srcset=\"https:\/\/phileo-lesaffre.com\/wp-content\/uploads\/2020\/07\/Prog-neonate-404x245-1.jpg 404w, https:\/\/phileo-lesaffre.com\/wp-content\/uploads\/2020\/07\/Prog-neonate-404x245-1-300x182.jpg 300w\" sizes=\"(max-width: 404px) 100vw, 404px\" \/>\t\t\t\t\t<span class=\"aig-gallery-hover\">\n\t\t\t\t\t\t\t\t\t\t\t<\/span>\n\t\t\t\t\t\t\t\t\t<\/a>\n\t\t\t\t\t\t\t<\/div>\n\t\t\t\t\t<div class=\"qode-aig-image\">\n\t\t\t\t\t\t\t\t\t<a itemprop=\"url\" class=\"qode-aig-custom-link qode-block-drag-link\" href=\"\/en\/program-salmo-control\/\" target=\"_self\" title=\"Prog-Salmo-poultry-404&#215;245\">\n\t\t\t\t\t\t\t\t\t<img decoding=\"async\" width=\"404\" height=\"245\" src=\"https:\/\/phileo-lesaffre.com\/wp-content\/uploads\/2020\/07\/Prog-Salmo-poultry-404x245-1.jpg\" class=\"attachment-full size-full\" alt=\"contr\u00f4le de Salmo poulets de chair\" srcset=\"https:\/\/phileo-lesaffre.com\/wp-content\/uploads\/2020\/07\/Prog-Salmo-poultry-404x245-1.jpg 404w, https:\/\/phileo-lesaffre.com\/wp-content\/uploads\/2020\/07\/Prog-Salmo-poultry-404x245-1-300x182.jpg 300w\" sizes=\"(max-width: 404px) 100vw, 404px\" \/>\t\t\t\t\t<span class=\"aig-gallery-hover\">\n\t\t\t\t\t\t\t\t\t\t\t<\/span>\n\t\t\t\t\t\t\t\t\t<\/a>\n\t\t\t\t\t\t\t<\/div>\n\t\t\t\t\t<div class=\"qode-aig-image\">\n\t\t\t\t\t\t\t\t\t<a itemprop=\"url\" class=\"qode-aig-custom-link qode-block-drag-link\" href=\"\/en\/program-heat-stress-broilers\/\" target=\"_self\" title=\"Prog-HS-poultry-404&#215;245\">\n\t\t\t\t\t\t\t\t\t<img loading=\"lazy\" decoding=\"async\" width=\"404\" height=\"245\" src=\"https:\/\/phileo-lesaffre.com\/wp-content\/uploads\/2020\/07\/Prog-HS-poultry-404x245-2.jpg\" class=\"attachment-full size-full\" alt=\"\" srcset=\"https:\/\/phileo-lesaffre.com\/wp-content\/uploads\/2020\/07\/Prog-HS-poultry-404x245-2.jpg 404w, https:\/\/phileo-lesaffre.com\/wp-content\/uploads\/2020\/07\/Prog-HS-poultry-404x245-2-300x182.jpg 300w\" sizes=\"(max-width: 404px) 100vw, 404px\" \/>\t\t\t\t\t<span class=\"aig-gallery-hover\">\n\t\t\t\t\t\t\t\t\t\t\t<\/span>\n\t\t\t\t\t\t\t\t\t<\/a>\n\t\t\t\t\t\t\t<\/div>\n\t\t\t\t\t<div class=\"qode-aig-image\">\n\t\t\t\t\t\t\t\t\t<a itemprop=\"url\" class=\"qode-aig-custom-link qode-block-drag-link\" href=\"\/en\/program-meat-profit\/\" target=\"_self\" title=\"Prog-meat profit-ruminant-404&#215;245\">\n\t\t\t\t\t\t\t\t\t<img loading=\"lazy\" decoding=\"async\" width=\"404\" height=\"245\" src=\"https:\/\/phileo-lesaffre.com\/wp-content\/uploads\/2020\/07\/Prog-meat-profit-ruminant-404x245-1.jpg\" class=\"attachment-full size-full\" alt=\"B\u00e9n\u00e9fice de la viande bovins\" srcset=\"https:\/\/phileo-lesaffre.com\/wp-content\/uploads\/2020\/07\/Prog-meat-profit-ruminant-404x245-1.jpg 404w, https:\/\/phileo-lesaffre.com\/wp-content\/uploads\/2020\/07\/Prog-meat-profit-ruminant-404x245-1-300x182.jpg 300w\" sizes=\"(max-width: 404px) 100vw, 404px\" \/>\t\t\t\t\t<span class=\"aig-gallery-hover\">\n\t\t\t\t\t\t\t\t\t\t\t<\/span>\n\t\t\t\t\t\t\t\t\t<\/a>\n\t\t\t\t\t\t\t<\/div>\n\t\t\t\t\t<div class=\"qode-aig-image\">\n\t\t\t\t\t\t\t\t\t<a itemprop=\"url\" class=\"qode-aig-custom-link qode-block-drag-link\" href=\"\/en\/program-gut-health-broiler\/\" target=\"_self\" title=\"Prog-GH-poultry-404&#215;245\">\n\t\t\t\t\t\t\t\t\t<img loading=\"lazy\" decoding=\"async\" width=\"404\" height=\"245\" src=\"https:\/\/phileo-lesaffre.com\/wp-content\/uploads\/2020\/07\/Prog-GH-poultry-404x245-1.jpg\" class=\"attachment-full size-full\" alt=\"sant\u00e9 intestinale phileo\" srcset=\"https:\/\/phileo-lesaffre.com\/wp-content\/uploads\/2020\/07\/Prog-GH-poultry-404x245-1.jpg 404w, https:\/\/phileo-lesaffre.com\/wp-content\/uploads\/2020\/07\/Prog-GH-poultry-404x245-1-300x182.jpg 300w\" sizes=\"(max-width: 404px) 100vw, 404px\" \/>\t\t\t\t\t<span class=\"aig-gallery-hover\">\n\t\t\t\t\t\t\t\t\t\t\t<\/span>\n\t\t\t\t\t\t\t\t\t<\/a>\n\t\t\t\t\t\t\t<\/div>\n\t\t\t\t\t<div class=\"qode-aig-image\">\n\t\t\t\t\t\t\t\t\t<a itemprop=\"url\" class=\"qode-aig-custom-link qode-block-drag-link\" href=\"\/en\/program-gut-health-piglets\/\" target=\"_self\" title=\"Prog-GH-porc-404&#215;245\">\n\t\t\t\t\t\t\t\t\t<img loading=\"lazy\" decoding=\"async\" width=\"404\" height=\"245\" src=\"https:\/\/phileo-lesaffre.com\/wp-content\/uploads\/2020\/07\/Prog-GH-swine-404x245-1.jpg\" class=\"attachment-full size-full\" alt=\"sant\u00e9 intestinale porc\" srcset=\"https:\/\/phileo-lesaffre.com\/wp-content\/uploads\/2020\/07\/Prog-GH-swine-404x245-1.jpg 404w, https:\/\/phileo-lesaffre.com\/wp-content\/uploads\/2020\/07\/Prog-GH-swine-404x245-1-300x182.jpg 300w\" sizes=\"(max-width: 404px) 100vw, 404px\" \/>\t\t\t\t\t<span class=\"aig-gallery-hover\">\n\t\t\t\t\t\t\t\t\t\t\t<\/span>\n\t\t\t\t\t\t\t\t\t<\/a>\n\t\t\t\t\t\t\t<\/div>\n\t\t\t<\/div>\n<\/div>[\/vc_column_inner][\/vc_row_inner][\/vc_column][\/vc_row][vc_row css_animation=\u00a0\u00bb\u00a0\u00bb row_type=\u00a0\u00bbrow\u00a0\u00bb use_row_as_full_screen_section=\u00a0\u00bbyes\u00a0\u00bb type=\u00a0\u00bbfull_width\u00a0\u00bb angled_section=\u00a0\u00bbno\u00a0\u00bb text_align=\u00a0\u00bbleft\u00a0\u00bb background_image_as_pattern=\u00a0\u00bbwithout_pattern\u00a0\u00bb css=\u00a0\u00bb.vc_custom_1590613187372{padding-bottom: 2% !important;}\u00a0\u00bb z_index=\u00a0\u00bb\u00a0\u00bb][vc_column][vc_column_text css=\u00a0\u00bb.vc_custom_1592721260210{padding-top: 2% !important;padding-bottom: 2% !important;}\u00a0\u00bb]<!-- wpml:html_fragment --><\/p>\n<h2 class=\"feed3\"><span style=\"color: #96bb39;\">Articles li\u00e9s<\/span><\/h2>\n<p>[\/vc_column_text][vc_separator type=\u00a0\u00bbtransparent\u00a0\u00bb up=\u00a0\u00bb15&Prime; down=\u00a0\u00bb15&Prime;]<div class=\"qode-news-holder qode-post-carousel1 qode-nl-normal-space\"  data-post-status=publish data-category-name=dairy, beef data-ignore-sticky-posts=1 data-orderby=rand data-sort=random data-paged=1 data-max-num-pages=2 data-next-page=2 data-title-tag=h4 data-image-size=portfolio-portrait data-display-categories=no data-display-excerpt=no data-display-date=yes data-display-author=no data-display-share=yes data-display-hot-trending-icons=no data-layout=qode_post_carousel1><div class=\"qode-news-list-inner-holder qode-owl-slider\" data-number-of-items=\"4\"><div class=\"qode-news-item qode-layout1-item\">\n\t\t<div class=\"qode-news-item-image-holder\">\n\t\t\t<div class=\"qode-post-image\">\n\t    <a itemprop=\"url\" href=\"https:\/\/phileo-lesaffre.com\/en\/yeast-postbiotic-helps-reduce-scc-dairy-cows\/\" title=\"Yeast postbiotic helps reduce SCC in dairy cows under challenging conditions\">\n                        <img loading=\"lazy\" decoding=\"async\" width=\"575\" height=\"375\" src=\"https:\/\/phileo-lesaffre.com\/wp-content\/uploads\/2022\/05\/article-Knowledge-center-SCC-1.jpg\" class=\"attachment-portfolio-portrait size-portfolio-portrait wp-post-image\" alt=\"dairy cow SCC\" srcset=\"https:\/\/phileo-lesaffre.com\/wp-content\/uploads\/2022\/05\/article-Knowledge-center-SCC-1.jpg 575w, https:\/\/phileo-lesaffre.com\/wp-content\/uploads\/2022\/05\/article-Knowledge-center-SCC-1-300x196.jpg 300w, https:\/\/phileo-lesaffre.com\/wp-content\/uploads\/2022\/05\/article-Knowledge-center-SCC-1-400x260.jpg 400w\" sizes=\"(max-width: 575px) 100vw, 575px\" \/>            \t    <\/a>\n\t<\/div>\n        <div class=\"qode-news-image-info-holder-left\">\n\t\t\t        <\/div>\n        <div class=\"qode-news-image-info-holder-right\">\n\t\t\t\t\t<\/div>\n\t<\/div>\n    \t<div class=\"qode-ni-content\">\n        \t\t\n<h4 itemprop=\"name\" class=\"entry-title qode-post-title\">\n    <a itemprop=\"url\" href=\"https:\/\/phileo-lesaffre.com\/en\/yeast-postbiotic-helps-reduce-scc-dairy-cows\/\" title=\"Yeast postbiotic helps reduce SCC in dairy cows under challenging conditions\">\n        Yeast postbiotic helps reduce SCC in dairy cows under challenging conditions    <\/a>\n<\/h4>\t\t\t\t\t<div itemprop=\"dateCreated\" class=\"qode-post-info-date entry-date published updated\">\n\t    \t        <a itemprop=\"url\" href=\"https:\/\/phileo-lesaffre.com\/fr\/2022\/05\/\">\n\t            <i class=\"dripicons-alarm\"><\/i>\n    \t25 mai 2022        <\/a>\n\t    <meta itemprop=\"interactionCount\" content=\"UserComments: 0\"\/>\n\t<\/div>\n        \t<\/div>\n<\/div><div class=\"qode-news-item qode-layout1-item\">\n\t\t<div class=\"qode-news-item-image-holder\">\n\t\t\t<div class=\"qode-post-image\">\n\t    <a itemprop=\"url\" href=\"https:\/\/phileo-lesaffre.com\/en\/dairy-feed-efficiency-performance\/\" title=\"Actisaf\u00ae Sc 47 yeast probiotic boosts feed efficiency and performance\">\n                        <img loading=\"lazy\" decoding=\"async\" width=\"575\" height=\"375\" src=\"https:\/\/phileo-lesaffre.com\/wp-content\/uploads\/2021\/02\/Dairy-actisaf-boost-Knowledge-center.jpg\" class=\"attachment-portfolio-portrait size-portfolio-portrait wp-post-image\" alt=\"dairy actisaf boot\" srcset=\"https:\/\/phileo-lesaffre.com\/wp-content\/uploads\/2021\/02\/Dairy-actisaf-boost-Knowledge-center.jpg 575w, https:\/\/phileo-lesaffre.com\/wp-content\/uploads\/2021\/02\/Dairy-actisaf-boost-Knowledge-center-300x196.jpg 300w, https:\/\/phileo-lesaffre.com\/wp-content\/uploads\/2021\/02\/Dairy-actisaf-boost-Knowledge-center-400x260.jpg 400w\" sizes=\"(max-width: 575px) 100vw, 575px\" \/>            \t    <\/a>\n\t<\/div>\n        <div class=\"qode-news-image-info-holder-left\">\n\t\t\t        <\/div>\n        <div class=\"qode-news-image-info-holder-right\">\n\t\t\t\t\t<\/div>\n\t<\/div>\n    \t<div class=\"qode-ni-content\">\n        \t\t\n<h4 itemprop=\"name\" class=\"entry-title qode-post-title\">\n    <a itemprop=\"url\" href=\"https:\/\/phileo-lesaffre.com\/en\/dairy-feed-efficiency-performance\/\" title=\"Actisaf\u00ae Sc 47 yeast probiotic boosts feed efficiency and performance\">\n        Actisaf\u00ae Sc 47 yeast probiotic boosts feed efficiency and performance    <\/a>\n<\/h4>\t\t\t\t\t<div itemprop=\"dateCreated\" class=\"qode-post-info-date entry-date published updated\">\n\t    \t        <a itemprop=\"url\" href=\"https:\/\/phileo-lesaffre.com\/fr\/2021\/02\/\">\n\t            <i class=\"dripicons-alarm\"><\/i>\n    \t12 f\u00e9vrier 2021        <\/a>\n\t    <meta itemprop=\"interactionCount\" content=\"UserComments: 0\"\/>\n\t<\/div>\n        \t<\/div>\n<\/div><div class=\"qode-news-item qode-layout1-item\">\n\t\t<div class=\"qode-news-item-image-holder\">\n\t\t\t<div class=\"qode-post-image\">\n\t    <a itemprop=\"url\" href=\"https:\/\/phileo-lesaffre.com\/en\/metabolic-consequences-of-inflammation-and-leaky-gut\/\" title=\"Metabolic Consequences of Inflammation and Leaky Gut\">\n                        <img loading=\"lazy\" decoding=\"async\" width=\"575\" height=\"375\" src=\"https:\/\/phileo-lesaffre.com\/wp-content\/uploads\/2020\/03\/Dairy-metabolic-Knowledge-center.jpg\" class=\"attachment-portfolio-portrait size-portfolio-portrait wp-post-image\" alt=\"dairy metabolic disorders\" srcset=\"https:\/\/phileo-lesaffre.com\/wp-content\/uploads\/2020\/03\/Dairy-metabolic-Knowledge-center.jpg 575w, https:\/\/phileo-lesaffre.com\/wp-content\/uploads\/2020\/03\/Dairy-metabolic-Knowledge-center-300x196.jpg 300w, https:\/\/phileo-lesaffre.com\/wp-content\/uploads\/2020\/03\/Dairy-metabolic-Knowledge-center-400x260.jpg 400w\" sizes=\"(max-width: 575px) 100vw, 575px\" \/>            \t    <\/a>\n\t<\/div>\n        <div class=\"qode-news-image-info-holder-left\">\n\t\t\t        <\/div>\n        <div class=\"qode-news-image-info-holder-right\">\n\t\t\t\t\t<\/div>\n\t<\/div>\n    \t<div class=\"qode-ni-content\">\n        \t\t\n<h4 itemprop=\"name\" class=\"entry-title qode-post-title\">\n    <a itemprop=\"url\" href=\"https:\/\/phileo-lesaffre.com\/en\/metabolic-consequences-of-inflammation-and-leaky-gut\/\" title=\"Metabolic Consequences of Inflammation and Leaky Gut\">\n        Metabolic Consequences of Inflammation and Leaky Gut    <\/a>\n<\/h4>\t\t\t\t\t<div itemprop=\"dateCreated\" class=\"qode-post-info-date entry-date published updated\">\n\t    \t        <a itemprop=\"url\" href=\"https:\/\/phileo-lesaffre.com\/fr\/2020\/03\/\">\n\t            <i class=\"dripicons-alarm\"><\/i>\n    \t23 mars 2020        <\/a>\n\t    <meta itemprop=\"interactionCount\" content=\"UserComments: 0\"\/>\n\t<\/div>\n        \t<\/div>\n<\/div><div class=\"qode-news-item qode-layout1-item\">\n\t\t<div class=\"qode-news-item-image-holder\">\n\t\t\t<div class=\"qode-post-image\">\n\t    <a itemprop=\"url\" href=\"https:\/\/phileo-lesaffre.com\/en\/fertility-campaign-in-dairy-cows\/\" title=\"Fertility campaign in dairy cows \ud83c\udf99\">\n                        <img loading=\"lazy\" decoding=\"async\" width=\"575\" height=\"375\" src=\"https:\/\/phileo-lesaffre.com\/wp-content\/uploads\/2021\/06\/Webinar-dairy-fertility-Knowledge-center.jpg\" class=\"attachment-portfolio-portrait size-portfolio-portrait wp-post-image\" alt=\"\" srcset=\"https:\/\/phileo-lesaffre.com\/wp-content\/uploads\/2021\/06\/Webinar-dairy-fertility-Knowledge-center.jpg 575w, https:\/\/phileo-lesaffre.com\/wp-content\/uploads\/2021\/06\/Webinar-dairy-fertility-Knowledge-center-300x196.jpg 300w, https:\/\/phileo-lesaffre.com\/wp-content\/uploads\/2021\/06\/Webinar-dairy-fertility-Knowledge-center-400x260.jpg 400w\" sizes=\"(max-width: 575px) 100vw, 575px\" \/>            \t    <\/a>\n\t<\/div>\n        <div class=\"qode-news-image-info-holder-left\">\n\t\t\t        <\/div>\n        <div class=\"qode-news-image-info-holder-right\">\n\t\t\t\t\t<\/div>\n\t<\/div>\n    \t<div class=\"qode-ni-content\">\n        \t\t\n<h4 itemprop=\"name\" class=\"entry-title qode-post-title\">\n    <a itemprop=\"url\" href=\"https:\/\/phileo-lesaffre.com\/en\/fertility-campaign-in-dairy-cows\/\" title=\"Fertility campaign in dairy cows \ud83c\udf99\">\n        Fertility campaign in dairy cows \ud83c\udf99    <\/a>\n<\/h4>\t\t\t\t\t<div itemprop=\"dateCreated\" class=\"qode-post-info-date entry-date published updated\">\n\t    \t        <a itemprop=\"url\" href=\"https:\/\/phileo-lesaffre.com\/fr\/2021\/05\/\">\n\t            <i class=\"dripicons-alarm\"><\/i>\n    \t4 mai 2021        <\/a>\n\t    <meta itemprop=\"interactionCount\" content=\"UserComments: 0\"\/>\n\t<\/div>\n        \t<\/div>\n<\/div><div class=\"qode-news-item qode-layout1-item\">\n\t\t<div class=\"qode-news-item-image-holder\">\n\t\t\t<div class=\"qode-post-image\">\n\t    <a itemprop=\"url\" href=\"https:\/\/phileo-lesaffre.com\/en\/phileo-by-lesaffre-addresses-agricultural-challenges-with-the-first-yeast-probiotic-with-life-cylcle-assessment-from-cradle-to-farm-gate\/\" title=\"Phileo by Lesaffre addresses agricultural challenges with the first  yeast probiotic with Life Cycle Assessment from cradle to farm gate.\">\n                        <img loading=\"lazy\" decoding=\"async\" width=\"575\" height=\"375\" src=\"https:\/\/phileo-lesaffre.com\/wp-content\/uploads\/2024\/02\/Knowledge-center-Press-release-LCA-1-1.jpg\" class=\"attachment-portfolio-portrait size-portfolio-portrait wp-post-image\" alt=\"\" srcset=\"https:\/\/phileo-lesaffre.com\/wp-content\/uploads\/2024\/02\/Knowledge-center-Press-release-LCA-1-1.jpg 575w, https:\/\/phileo-lesaffre.com\/wp-content\/uploads\/2024\/02\/Knowledge-center-Press-release-LCA-1-1-300x196.jpg 300w, https:\/\/phileo-lesaffre.com\/wp-content\/uploads\/2024\/02\/Knowledge-center-Press-release-LCA-1-1-400x260.jpg 400w\" sizes=\"(max-width: 575px) 100vw, 575px\" \/>            \t    <\/a>\n\t<\/div>\n        <div class=\"qode-news-image-info-holder-left\">\n\t\t\t        <\/div>\n        <div class=\"qode-news-image-info-holder-right\">\n\t\t\t\t\t<\/div>\n\t<\/div>\n    \t<div class=\"qode-ni-content\">\n        \t\t\n<h4 itemprop=\"name\" class=\"entry-title qode-post-title\">\n    <a itemprop=\"url\" href=\"https:\/\/phileo-lesaffre.com\/en\/phileo-by-lesaffre-addresses-agricultural-challenges-with-the-first-yeast-probiotic-with-life-cylcle-assessment-from-cradle-to-farm-gate\/\" title=\"Phileo by Lesaffre addresses agricultural challenges with the first  yeast probiotic with Life Cycle Assessment from cradle to farm gate.\">\n        Phileo by Lesaffre addresses agricultural challenges with the first  yeast probiotic with Life Cycle Assessment from cradle to farm gate.    <\/a>\n<\/h4>\t\t\t\t\t<div itemprop=\"dateCreated\" class=\"qode-post-info-date entry-date published updated\">\n\t    \t        <a itemprop=\"url\" href=\"https:\/\/phileo-lesaffre.com\/fr\/2024\/02\/\">\n\t            <i class=\"dripicons-alarm\"><\/i>\n    \t13 f\u00e9vrier 2024        <\/a>\n\t    <meta itemprop=\"interactionCount\" content=\"UserComments: 0\"\/>\n\t<\/div>\n        \t<\/div>\n<\/div><div class=\"qode-news-item qode-layout1-item\">\n\t\t<div class=\"qode-news-item-image-holder\">\n\t\t\t<div class=\"qode-post-image\">\n\t    <a itemprop=\"url\" href=\"https:\/\/phileo-lesaffre.com\/en\/selsaf-in-ruminants-dual-protection-dual-benefits\/\" title=\"Selsaf\u00ae in ruminants: dual protection &#038; dual benefits\">\n                        <img loading=\"lazy\" decoding=\"async\" width=\"573\" height=\"375\" src=\"https:\/\/phileo-lesaffre.com\/wp-content\/uploads\/2022\/02\/Selsaf-in-ruminant-Knowledge-center.jpg\" class=\"attachment-portfolio-portrait size-portfolio-portrait wp-post-image\" alt=\"\" srcset=\"https:\/\/phileo-lesaffre.com\/wp-content\/uploads\/2022\/02\/Selsaf-in-ruminant-Knowledge-center.jpg 573w, https:\/\/phileo-lesaffre.com\/wp-content\/uploads\/2022\/02\/Selsaf-in-ruminant-Knowledge-center-300x196.jpg 300w\" sizes=\"(max-width: 573px) 100vw, 573px\" \/>            \t    <\/a>\n\t<\/div>\n        <div class=\"qode-news-image-info-holder-left\">\n\t\t\t        <\/div>\n        <div class=\"qode-news-image-info-holder-right\">\n\t\t\t\t\t<\/div>\n\t<\/div>\n    \t<div class=\"qode-ni-content\">\n        \t\t\n<h4 itemprop=\"name\" class=\"entry-title qode-post-title\">\n    <a itemprop=\"url\" href=\"https:\/\/phileo-lesaffre.com\/en\/selsaf-in-ruminants-dual-protection-dual-benefits\/\" title=\"Selsaf\u00ae in ruminants: dual protection &#038; dual benefits\">\n        Selsaf<sup>\u00ae<\/sup> in ruminants: dual protection &#038; dual benefits    <\/a>\n<\/h4>\t\t\t\t\t<div itemprop=\"dateCreated\" class=\"qode-post-info-date entry-date published updated\">\n\t    \t        <a itemprop=\"url\" href=\"https:\/\/phileo-lesaffre.com\/fr\/2021\/11\/\">\n\t            <i class=\"dripicons-alarm\"><\/i>\n    \t30 novembre 2021        <\/a>\n\t    <meta itemprop=\"interactionCount\" content=\"UserComments: 0\"\/>\n\t<\/div>\n        \t<\/div>\n<\/div><div class=\"qode-news-item qode-layout1-item\">\n\t\t<div class=\"qode-news-item-image-holder\">\n\t\t\t<div class=\"qode-post-image\">\n\t    <a itemprop=\"url\" href=\"https:\/\/phileo-lesaffre.com\/en\/the-effect-of-climate-change-on-dairy-production-mitigating-the-impacts-of-heat-stress\/\" title=\"The effect of climate change on dairy production: Mitigating the impacts of heat stress\">\n                        <img loading=\"lazy\" decoding=\"async\" width=\"575\" height=\"375\" src=\"https:\/\/phileo-lesaffre.com\/wp-content\/uploads\/2025\/05\/Image-Knowledge-center-Cow-HS.jpg\" class=\"attachment-portfolio-portrait size-portfolio-portrait wp-post-image\" alt=\"\" srcset=\"https:\/\/phileo-lesaffre.com\/wp-content\/uploads\/2025\/05\/Image-Knowledge-center-Cow-HS.jpg 575w, https:\/\/phileo-lesaffre.com\/wp-content\/uploads\/2025\/05\/Image-Knowledge-center-Cow-HS-300x196.jpg 300w, https:\/\/phileo-lesaffre.com\/wp-content\/uploads\/2025\/05\/Image-Knowledge-center-Cow-HS-400x260.jpg 400w\" sizes=\"(max-width: 575px) 100vw, 575px\" \/>            \t    <\/a>\n\t<\/div>\n        <div class=\"qode-news-image-info-holder-left\">\n\t\t\t        <\/div>\n        <div class=\"qode-news-image-info-holder-right\">\n\t\t\t\t\t<\/div>\n\t<\/div>\n    \t<div class=\"qode-ni-content\">\n        \t\t\n<h4 itemprop=\"name\" class=\"entry-title qode-post-title\">\n    <a itemprop=\"url\" href=\"https:\/\/phileo-lesaffre.com\/en\/the-effect-of-climate-change-on-dairy-production-mitigating-the-impacts-of-heat-stress\/\" title=\"The effect of climate change on dairy production: Mitigating the impacts of heat stress\">\n        The effect of climate change on dairy production: Mitigating the impacts of heat stress    <\/a>\n<\/h4>\t\t\t\t\t<div itemprop=\"dateCreated\" class=\"qode-post-info-date entry-date published updated\">\n\t    \t        <a itemprop=\"url\" href=\"https:\/\/phileo-lesaffre.com\/fr\/2025\/05\/\">\n\t            <i class=\"dripicons-alarm\"><\/i>\n    \t22 mai 2025        <\/a>\n\t    <meta itemprop=\"interactionCount\" content=\"UserComments: 0\"\/>\n\t<\/div>\n        \t<\/div>\n<\/div><div class=\"qode-news-item qode-layout1-item\">\n\t\t<div class=\"qode-news-item-image-holder\">\n\t\t\t<div class=\"qode-post-image\">\n\t    <a itemprop=\"url\" href=\"https:\/\/phileo-lesaffre.com\/en\/improving-welfare-and-performance-in-beef-cattle-successful-coping-with-heat-stress\/\" title=\"Improving welfare and performance in beef cattle: successful coping with heat stress.\">\n                        <img loading=\"lazy\" decoding=\"async\" width=\"575\" height=\"375\" src=\"https:\/\/phileo-lesaffre.com\/wp-content\/uploads\/2021\/06\/Beef-combination-Knowledge-center.jpg\" class=\"attachment-portfolio-portrait size-portfolio-portrait wp-post-image\" alt=\"beef phileo\" srcset=\"https:\/\/phileo-lesaffre.com\/wp-content\/uploads\/2021\/06\/Beef-combination-Knowledge-center.jpg 575w, https:\/\/phileo-lesaffre.com\/wp-content\/uploads\/2021\/06\/Beef-combination-Knowledge-center-300x196.jpg 300w, https:\/\/phileo-lesaffre.com\/wp-content\/uploads\/2021\/06\/Beef-combination-Knowledge-center-400x260.jpg 400w\" sizes=\"(max-width: 575px) 100vw, 575px\" \/>            \t    <\/a>\n\t<\/div>\n        <div class=\"qode-news-image-info-holder-left\">\n\t\t\t        <\/div>\n        <div class=\"qode-news-image-info-holder-right\">\n\t\t\t\t\t<\/div>\n\t<\/div>\n    \t<div class=\"qode-ni-content\">\n        \t\t\n<h4 itemprop=\"name\" class=\"entry-title qode-post-title\">\n    <a itemprop=\"url\" href=\"https:\/\/phileo-lesaffre.com\/en\/improving-welfare-and-performance-in-beef-cattle-successful-coping-with-heat-stress\/\" title=\"Improving welfare and performance in beef cattle: successful coping with heat stress.\">\n        Improving welfare and performance in beef cattle: successful coping with heat stress.    <\/a>\n<\/h4>\t\t\t\t\t<div itemprop=\"dateCreated\" class=\"qode-post-info-date entry-date published updated\">\n\t    \t        <a itemprop=\"url\" href=\"https:\/\/phileo-lesaffre.com\/fr\/2021\/06\/\">\n\t            <i class=\"dripicons-alarm\"><\/i>\n    \t15 juin 2021        <\/a>\n\t    <meta itemprop=\"interactionCount\" content=\"UserComments: 0\"\/>\n\t<\/div>\n        \t<\/div>\n<\/div><div class=\"qode-news-item qode-layout1-item\">\n\t\t<div class=\"qode-news-item-image-holder\">\n\t\t\t<div class=\"qode-post-image\">\n\t    <a itemprop=\"url\" href=\"https:\/\/phileo-lesaffre.com\/en\/actisaf-sc-47-advancing-sustainability-in-dairy-and-beef-production\/\" title=\"Actisaf\u00ae Sc 47: Advancing Sustainability in Dairy and Beef Production\">\n                        <img loading=\"lazy\" decoding=\"async\" width=\"575\" height=\"375\" src=\"https:\/\/phileo-lesaffre.com\/wp-content\/uploads\/2024\/02\/Knowledge-center-Press-release-LCA-1-1.jpg\" class=\"attachment-portfolio-portrait size-portfolio-portrait wp-post-image\" alt=\"\" srcset=\"https:\/\/phileo-lesaffre.com\/wp-content\/uploads\/2024\/02\/Knowledge-center-Press-release-LCA-1-1.jpg 575w, https:\/\/phileo-lesaffre.com\/wp-content\/uploads\/2024\/02\/Knowledge-center-Press-release-LCA-1-1-300x196.jpg 300w, https:\/\/phileo-lesaffre.com\/wp-content\/uploads\/2024\/02\/Knowledge-center-Press-release-LCA-1-1-400x260.jpg 400w\" sizes=\"(max-width: 575px) 100vw, 575px\" \/>            \t    <\/a>\n\t<\/div>\n        <div class=\"qode-news-image-info-holder-left\">\n\t\t\t        <\/div>\n        <div class=\"qode-news-image-info-holder-right\">\n\t\t\t\t\t<\/div>\n\t<\/div>\n    \t<div class=\"qode-ni-content\">\n        \t\t\n<h4 itemprop=\"name\" class=\"entry-title qode-post-title\">\n    <a itemprop=\"url\" href=\"https:\/\/phileo-lesaffre.com\/en\/actisaf-sc-47-advancing-sustainability-in-dairy-and-beef-production\/\" title=\"Actisaf\u00ae Sc 47: Advancing Sustainability in Dairy and Beef Production\">\n        Actisaf\u00ae Sc 47: Advancing Sustainability in Dairy and Beef Production    <\/a>\n<\/h4>\t\t\t\t\t<div itemprop=\"dateCreated\" class=\"qode-post-info-date entry-date published updated\">\n\t    \t        <a itemprop=\"url\" href=\"https:\/\/phileo-lesaffre.com\/fr\/2024\/06\/\">\n\t            <i class=\"dripicons-alarm\"><\/i>\n    \t3 juin 2024        <\/a>\n\t    <meta itemprop=\"interactionCount\" content=\"UserComments: 0\"\/>\n\t<\/div>\n        \t<\/div>\n<\/div><div class=\"qode-news-item qode-layout1-item\">\n\t\t<div class=\"qode-news-item-image-holder\">\n\t\t\t<div class=\"qode-post-image\">\n\t    <a itemprop=\"url\" href=\"https:\/\/phileo-lesaffre.com\/en\/challenges-dairy-ewe-nutrition\/\" title=\"Main challenges in dairy ewe nutrition \ud83c\udf99\">\n                        <img loading=\"lazy\" decoding=\"async\" width=\"575\" height=\"375\" src=\"https:\/\/phileo-lesaffre.com\/wp-content\/uploads\/2021\/06\/Webinar-Dairy-ewe-Knowledge-center.jpg\" class=\"attachment-portfolio-portrait size-portfolio-portrait wp-post-image\" alt=\"\" srcset=\"https:\/\/phileo-lesaffre.com\/wp-content\/uploads\/2021\/06\/Webinar-Dairy-ewe-Knowledge-center.jpg 575w, https:\/\/phileo-lesaffre.com\/wp-content\/uploads\/2021\/06\/Webinar-Dairy-ewe-Knowledge-center-300x196.jpg 300w, https:\/\/phileo-lesaffre.com\/wp-content\/uploads\/2021\/06\/Webinar-Dairy-ewe-Knowledge-center-400x260.jpg 400w\" sizes=\"(max-width: 575px) 100vw, 575px\" \/>            \t    <\/a>\n\t<\/div>\n        <div class=\"qode-news-image-info-holder-left\">\n\t\t\t        <\/div>\n        <div class=\"qode-news-image-info-holder-right\">\n\t\t\t\t\t<\/div>\n\t<\/div>\n    \t<div class=\"qode-ni-content\">\n        \t\t\n<h4 itemprop=\"name\" class=\"entry-title qode-post-title\">\n    <a itemprop=\"url\" href=\"https:\/\/phileo-lesaffre.com\/en\/challenges-dairy-ewe-nutrition\/\" title=\"Main challenges in dairy ewe nutrition \ud83c\udf99\">\n        Main challenges in dairy ewe nutrition \ud83c\udf99    <\/a>\n<\/h4>\t\t\t\t\t<div itemprop=\"dateCreated\" class=\"qode-post-info-date entry-date published updated\">\n\t    \t        <a itemprop=\"url\" href=\"https:\/\/phileo-lesaffre.com\/fr\/2021\/06\/\">\n\t            <i class=\"dripicons-alarm\"><\/i>\n    \t28 juin 2021        <\/a>\n\t    <meta itemprop=\"interactionCount\" content=\"UserComments: 0\"\/>\n\t<\/div>\n        \t<\/div>\n<\/div><div class=\"qode-news-item qode-layout1-item\">\n\t\t<div class=\"qode-news-item-image-holder\">\n\t\t\t<div class=\"qode-post-image\">\n\t    <a itemprop=\"url\" href=\"https:\/\/phileo-lesaffre.com\/en\/le-secteur-laitier-francais-face-a-la-concurrence-europeenne-et-mondiale\/\" title=\"Le secteur laitier fran\u00e7ais face \u00e0 la concurrence europ\u00e9enne et mondiale \ud83c\udf99\">\n                        <img loading=\"lazy\" decoding=\"async\" width=\"575\" height=\"375\" src=\"https:\/\/phileo-lesaffre.com\/wp-content\/uploads\/2021\/06\/Webinar-dairy-Knowledge-center.jpg\" class=\"attachment-portfolio-portrait size-portfolio-portrait wp-post-image\" alt=\"\" srcset=\"https:\/\/phileo-lesaffre.com\/wp-content\/uploads\/2021\/06\/Webinar-dairy-Knowledge-center.jpg 575w, https:\/\/phileo-lesaffre.com\/wp-content\/uploads\/2021\/06\/Webinar-dairy-Knowledge-center-300x196.jpg 300w, https:\/\/phileo-lesaffre.com\/wp-content\/uploads\/2021\/06\/Webinar-dairy-Knowledge-center-400x260.jpg 400w\" sizes=\"(max-width: 575px) 100vw, 575px\" \/>            \t    <\/a>\n\t<\/div>\n        <div class=\"qode-news-image-info-holder-left\">\n\t\t\t        <\/div>\n        <div class=\"qode-news-image-info-holder-right\">\n\t\t\t\t\t<\/div>\n\t<\/div>\n    \t<div class=\"qode-ni-content\">\n        \t\t\n<h4 itemprop=\"name\" class=\"entry-title qode-post-title\">\n    <a itemprop=\"url\" href=\"https:\/\/phileo-lesaffre.com\/en\/le-secteur-laitier-francais-face-a-la-concurrence-europeenne-et-mondiale\/\" title=\"Le secteur laitier fran\u00e7ais face \u00e0 la concurrence europ\u00e9enne et mondiale \ud83c\udf99\">\n        Le secteur laitier fran\u00e7ais face \u00e0 la concurrence europ\u00e9enne et mondiale \ud83c\udf99    <\/a>\n<\/h4>\t\t\t\t\t<div itemprop=\"dateCreated\" class=\"qode-post-info-date entry-date published updated\">\n\t    \t        <a itemprop=\"url\" href=\"https:\/\/phileo-lesaffre.com\/fr\/2021\/06\/\">\n\t            <i class=\"dripicons-alarm\"><\/i>\n    \t30 juin 2021        <\/a>\n\t    <meta itemprop=\"interactionCount\" content=\"UserComments: 0\"\/>\n\t<\/div>\n        \t<\/div>\n<\/div><div class=\"qode-news-item qode-layout1-item\">\n\t\t<div class=\"qode-news-item-image-holder\">\n\t\t\t<div class=\"qode-post-image\">\n\t    <a itemprop=\"url\" href=\"https:\/\/phileo-lesaffre.com\/en\/performance-sale-barn-calves-supplemented-with-yeasts\/\" title=\"Performance of newly received sale-barn calves supplemented with yeast products\">\n                        <img loading=\"lazy\" decoding=\"async\" width=\"575\" height=\"375\" src=\"https:\/\/phileo-lesaffre.com\/wp-content\/uploads\/2021\/02\/beef-performance-Knowledge-center.jpg\" class=\"attachment-portfolio-portrait size-portfolio-portrait wp-post-image\" alt=\"beef performance\" srcset=\"https:\/\/phileo-lesaffre.com\/wp-content\/uploads\/2021\/02\/beef-performance-Knowledge-center.jpg 575w, https:\/\/phileo-lesaffre.com\/wp-content\/uploads\/2021\/02\/beef-performance-Knowledge-center-300x196.jpg 300w, https:\/\/phileo-lesaffre.com\/wp-content\/uploads\/2021\/02\/beef-performance-Knowledge-center-400x260.jpg 400w\" sizes=\"(max-width: 575px) 100vw, 575px\" \/>            \t    <\/a>\n\t<\/div>\n        <div class=\"qode-news-image-info-holder-left\">\n\t\t\t        <\/div>\n        <div class=\"qode-news-image-info-holder-right\">\n\t\t\t\t\t<\/div>\n\t<\/div>\n    \t<div class=\"qode-ni-content\">\n        \t\t\n<h4 itemprop=\"name\" class=\"entry-title qode-post-title\">\n    <a itemprop=\"url\" href=\"https:\/\/phileo-lesaffre.com\/en\/performance-sale-barn-calves-supplemented-with-yeasts\/\" title=\"Performance of newly received sale-barn calves supplemented with yeast products\">\n        Performance of newly received sale-barn calves supplemented with yeast products    <\/a>\n<\/h4>\t\t\t\t\t<div itemprop=\"dateCreated\" class=\"qode-post-info-date entry-date published updated\">\n\t    \t        <a itemprop=\"url\" href=\"https:\/\/phileo-lesaffre.com\/fr\/2021\/02\/\">\n\t            <i class=\"dripicons-alarm\"><\/i>\n    \t3 f\u00e9vrier 2021        <\/a>\n\t    <meta itemprop=\"interactionCount\" content=\"UserComments: 0\"\/>\n\t<\/div>\n        \t<\/div>\n<\/div><\/div><\/div>[\/vc_column][\/vc_row][vc_row css_animation=\u00a0\u00bb\u00a0\u00bb row_type=\u00a0\u00bbrow\u00a0\u00bb use_row_as_full_screen_section=\u00a0\u00bbno\u00a0\u00bb type=\u00a0\u00bbfull_width\u00a0\u00bb angled_section=\u00a0\u00bbno\u00a0\u00bb text_align=\u00a0\u00bbleft\u00a0\u00bb background_image_as_pattern=\u00a0\u00bbwithout_pattern\u00a0\u00bb][vc_column][vc_column_text]<!-- wpml:html_fragment -->[\/vc_column_text][\/vc_column][\/vc_row]<\/p>\n<\/div>","protected":false},"excerpt":{"rendered":"<p>[vc_row css_animation=\u00a0\u00bb\u00a0\u00bb row_type=\u00a0\u00bbrow\u00a0\u00bb use_row_as_full_screen_section=\u00a0\u00bbno\u00a0\u00bb type=\u00a0\u00bbfull_width\u00a0\u00bb angled_section=\u00a0\u00bbno\u00a0\u00bb text_align=\u00a0\u00bbleft\u00a0\u00bb background_image_as_pattern=\u00a0\u00bbwithout_pattern\u00a0\u00bb el_class=\u00a0\u00bbbreadcrumbtxt\u00a0\u00bb z_index=\u00a0\u00bb\u00a0\u00bb][vc_column][vc_column_text][\/vc_column_text][\/vc_column][\/vc_row][vc_row css_animation=\u00a0\u00bb\u00a0\u00bb row_type=\u00a0\u00bbrow\u00a0\u00bb use_row_as_full_screen_section=\u00a0\u00bbno\u00a0\u00bb type=\u00a0\u00bbfull_width\u00a0\u00bb angled_section=\u00a0\u00bbno\u00a0\u00bb text_align=\u00a0\u00bbleft\u00a0\u00bb background_image_as_pattern=\u00a0\u00bbwithout_pattern\u00a0\u00bb][vc_column][vc_column_text] [\/vc_column_text][\/vc_column][\/vc_row][vc_row css_animation=\u00a0\u00bb\u00a0\u00bb row_type=\u00a0\u00bbrow\u00a0\u00bb use_row_as_full_screen_section=\u00a0\u00bbno\u00a0\u00bb type=\u00a0\u00bbfull_width\u00a0\u00bb angled_section=\u00a0\u00bbno\u00a0\u00bb text_align=\u00a0\u00bbleft\u00a0\u00bb background_image_as_pattern=\u00a0\u00bbwithout_pattern\u00a0\u00bb][vc_column][qode_elements_holder number_of_columns=\u00a0\u00bbtwo_columns\u00a0\u00bb][qode_elements_holder_item vertical_alignment=\u00a0\u00bbmiddle\u00a0\u00bb horizontal_alignment=\u00a0\u00bbleft\u00a0\u00bb advanced_animations=\u00a0\u00bbno\u00a0\u00bb item_padding=\u00a0\u00bb1% 8% 1% 0%\u00a0\u00bb][vc_column_text] Program Heat Stress [\/vc_column_text][vc_single_image image=\u00a0\u00bb407413&Prime; img_size=\u00a0\u00bb65&#215;33&Prime; qode_css_animation=\u00a0\u00bb\u00a0\u00bb css=\u00a0\u00bb.vc_custom_1590613047306{padding-top: 5% !important;padding-bottom: 5% !important;}\u00a0\u00bb][vc_column_text&#8230;<\/p>\n","protected":false},"author":1,"featured_media":0,"parent":0,"menu_order":0,"comment_status":"closed","ping_status":"closed","template":"full_width.php","meta":{"footnotes":""},"class_list":["post-408599","page","type-page","status-publish","hentry"],"yoast_head":"<!-- This site is optimized with the Yoast SEO Premium plugin v25.9 (Yoast SEO v27.5) - https:\/\/yoast.com\/product\/yoast-seo-premium-wordpress\/ -->\n<title>Programme Heat Stress destin\u00e9 aux vaches laiti\u00e8res | Phileo by Lesaffre<\/title>\n<meta name=\"description\" content=\"Le stress thermique est l\u2019une des principales causes de diminution de la production et de la fertilit\u00e9 chez les vaches laiti\u00e8res. D\u00e9couvrez notre programme Heat Stress destin\u00e9 aux vaches laiti\u00e8res\" \/>\n<meta name=\"robots\" content=\"index, follow, max-snippet:-1, max-image-preview:large, max-video-preview:-1\" \/>\n<link rel=\"canonical\" href=\"https:\/\/phileo-lesaffre.com\/fr\/programme-heat-stress-destine-aux-vaches-laitieres\/\" \/>\n<meta property=\"og:locale\" content=\"fr_FR\" \/>\n<meta property=\"og:type\" content=\"article\" \/>\n<meta property=\"og:title\" content=\"Programme Heat Stress destin\u00e9 aux vaches laiti\u00e8res\" \/>\n<meta property=\"og:description\" content=\"Program Heat Stress Le stress thermique est d\u00e9fini comme une augmentation de la temp\u00e9rature interne corporelle au-del\u00e0 de la plage normale en raison d\u2019une\" \/>\n<meta property=\"og:url\" content=\"https:\/\/phileo-lesaffre.com\/fr\/programme-heat-stress-destine-aux-vaches-laitieres\/\" \/>\n<meta property=\"og:site_name\" content=\"Phileo by Lesaffre\" \/>\n<meta property=\"article:publisher\" content=\"https:\/\/www.facebook.com\/phileo.lesaffre\/\" \/>\n<meta property=\"article:modified_time\" content=\"2021-09-14T08:54:11+00:00\" \/>\n<meta name=\"twitter:card\" content=\"summary_large_image\" \/>\n<meta name=\"twitter:site\" content=\"@PhileoLesaffre\" \/>\n<script type=\"application\/ld+json\" class=\"yoast-schema-graph\">{\"@context\":\"https:\\\/\\\/schema.org\",\"@graph\":[{\"@type\":\"WebPage\",\"@id\":\"https:\\\/\\\/phileo-lesaffre.com\\\/fr\\\/programme-heat-stress-destine-aux-vaches-laitieres\\\/\",\"url\":\"https:\\\/\\\/phileo-lesaffre.com\\\/fr\\\/programme-heat-stress-destine-aux-vaches-laitieres\\\/\",\"name\":\"Programme Heat Stress destin\u00e9 aux vaches laiti\u00e8res | Phileo by Lesaffre\",\"isPartOf\":{\"@id\":\"https:\\\/\\\/phileo-lesaffre.com\\\/fr\\\/#website\"},\"datePublished\":\"2021-09-07T08:16:24+00:00\",\"dateModified\":\"2021-09-14T08:54:11+00:00\",\"description\":\"Le stress thermique est l\u2019une des principales causes de diminution de la production et de la fertilit\u00e9 chez les vaches laiti\u00e8res. D\u00e9couvrez notre programme Heat Stress destin\u00e9 aux vaches laiti\u00e8res\",\"breadcrumb\":{\"@id\":\"https:\\\/\\\/phileo-lesaffre.com\\\/fr\\\/programme-heat-stress-destine-aux-vaches-laitieres\\\/#breadcrumb\"},\"inLanguage\":\"fr-FR\",\"potentialAction\":[{\"@type\":\"ReadAction\",\"target\":[\"https:\\\/\\\/phileo-lesaffre.com\\\/fr\\\/programme-heat-stress-destine-aux-vaches-laitieres\\\/\"]}]},{\"@type\":\"BreadcrumbList\",\"@id\":\"https:\\\/\\\/phileo-lesaffre.com\\\/fr\\\/programme-heat-stress-destine-aux-vaches-laitieres\\\/#breadcrumb\",\"itemListElement\":[{\"@type\":\"ListItem\",\"position\":1,\"name\":\"Phileo by Lesaffre\",\"item\":\"https:\\\/\\\/phileo-lesaffre.com\\\/fr\\\/\"},{\"@type\":\"ListItem\",\"position\":2,\"name\":\"Programme Heat Stress destin\u00e9 aux vaches laiti\u00e8res\"}]},{\"@type\":\"WebSite\",\"@id\":\"https:\\\/\\\/phileo-lesaffre.com\\\/fr\\\/#website\",\"url\":\"https:\\\/\\\/phileo-lesaffre.com\\\/fr\\\/\",\"name\":\"Phileo by Lesaffre\",\"description\":\"Animal nutrition and health from yeast products\",\"publisher\":{\"@id\":\"https:\\\/\\\/phileo-lesaffre.com\\\/fr\\\/#organization\"},\"potentialAction\":[{\"@type\":\"SearchAction\",\"target\":{\"@type\":\"EntryPoint\",\"urlTemplate\":\"https:\\\/\\\/phileo-lesaffre.com\\\/fr\\\/?s={search_term_string}\"},\"query-input\":{\"@type\":\"PropertyValueSpecification\",\"valueRequired\":true,\"valueName\":\"search_term_string\"}}],\"inLanguage\":\"fr-FR\"},{\"@type\":\"Organization\",\"@id\":\"https:\\\/\\\/phileo-lesaffre.com\\\/fr\\\/#organization\",\"name\":\"Phileo by Lesaffre\",\"url\":\"https:\\\/\\\/phileo-lesaffre.com\\\/fr\\\/\",\"logo\":{\"@type\":\"ImageObject\",\"inLanguage\":\"fr-FR\",\"@id\":\"https:\\\/\\\/phileo-lesaffre.com\\\/fr\\\/#\\\/schema\\\/logo\\\/image\\\/\",\"url\":\"https:\\\/\\\/phileo-lesaffre.com\\\/wp-content\\\/uploads\\\/2019\\\/04\\\/logo-phileo-lesaffre-1.jpg\",\"contentUrl\":\"https:\\\/\\\/phileo-lesaffre.com\\\/wp-content\\\/uploads\\\/2019\\\/04\\\/logo-phileo-lesaffre-1.jpg\",\"width\":500,\"height\":250,\"caption\":\"Phileo by Lesaffre\"},\"image\":{\"@id\":\"https:\\\/\\\/phileo-lesaffre.com\\\/fr\\\/#\\\/schema\\\/logo\\\/image\\\/\"},\"sameAs\":[\"https:\\\/\\\/www.facebook.com\\\/phileo.lesaffre\\\/\",\"https:\\\/\\\/x.com\\\/PhileoLesaffre\",\"https:\\\/\\\/www.linkedin.com\\\/company\\\/phileo\\\/\"]}]}<\/script>\n<!-- \/ Yoast SEO Premium plugin. -->","yoast_head_json":{"title":"Programme Heat Stress destin\u00e9 aux vaches laiti\u00e8res | Phileo by Lesaffre","description":"Le stress thermique est l\u2019une des principales causes de diminution de la production et de la fertilit\u00e9 chez les vaches laiti\u00e8res. D\u00e9couvrez notre programme Heat Stress destin\u00e9 aux vaches laiti\u00e8res","robots":{"index":"index","follow":"follow","max-snippet":"max-snippet:-1","max-image-preview":"max-image-preview:large","max-video-preview":"max-video-preview:-1"},"canonical":"https:\/\/phileo-lesaffre.com\/fr\/programme-heat-stress-destine-aux-vaches-laitieres\/","og_locale":"fr_FR","og_type":"article","og_title":"Programme Heat Stress destin\u00e9 aux vaches laiti\u00e8res","og_description":"Program Heat Stress Le stress thermique est d\u00e9fini comme une augmentation de la temp\u00e9rature interne corporelle au-del\u00e0 de la plage normale en raison d\u2019une","og_url":"https:\/\/phileo-lesaffre.com\/fr\/programme-heat-stress-destine-aux-vaches-laitieres\/","og_site_name":"Phileo by Lesaffre","article_publisher":"https:\/\/www.facebook.com\/phileo.lesaffre\/","article_modified_time":"2021-09-14T08:54:11+00:00","twitter_card":"summary_large_image","twitter_site":"@PhileoLesaffre","schema":{"@context":"https:\/\/schema.org","@graph":[{"@type":"WebPage","@id":"https:\/\/phileo-lesaffre.com\/fr\/programme-heat-stress-destine-aux-vaches-laitieres\/","url":"https:\/\/phileo-lesaffre.com\/fr\/programme-heat-stress-destine-aux-vaches-laitieres\/","name":"Programme Heat Stress destin\u00e9 aux vaches laiti\u00e8res | Phileo by Lesaffre","isPartOf":{"@id":"https:\/\/phileo-lesaffre.com\/fr\/#website"},"datePublished":"2021-09-07T08:16:24+00:00","dateModified":"2021-09-14T08:54:11+00:00","description":"Le stress thermique est l\u2019une des principales causes de diminution de la production et de la fertilit\u00e9 chez les vaches laiti\u00e8res. D\u00e9couvrez notre programme Heat Stress destin\u00e9 aux vaches laiti\u00e8res","breadcrumb":{"@id":"https:\/\/phileo-lesaffre.com\/fr\/programme-heat-stress-destine-aux-vaches-laitieres\/#breadcrumb"},"inLanguage":"fr-FR","potentialAction":[{"@type":"ReadAction","target":["https:\/\/phileo-lesaffre.com\/fr\/programme-heat-stress-destine-aux-vaches-laitieres\/"]}]},{"@type":"BreadcrumbList","@id":"https:\/\/phileo-lesaffre.com\/fr\/programme-heat-stress-destine-aux-vaches-laitieres\/#breadcrumb","itemListElement":[{"@type":"ListItem","position":1,"name":"Phileo by Lesaffre","item":"https:\/\/phileo-lesaffre.com\/fr\/"},{"@type":"ListItem","position":2,"name":"Programme Heat Stress destin\u00e9 aux vaches laiti\u00e8res"}]},{"@type":"WebSite","@id":"https:\/\/phileo-lesaffre.com\/fr\/#website","url":"https:\/\/phileo-lesaffre.com\/fr\/","name":"Phileo by Lesaffre","description":"Animal nutrition and health from yeast products","publisher":{"@id":"https:\/\/phileo-lesaffre.com\/fr\/#organization"},"potentialAction":[{"@type":"SearchAction","target":{"@type":"EntryPoint","urlTemplate":"https:\/\/phileo-lesaffre.com\/fr\/?s={search_term_string}"},"query-input":{"@type":"PropertyValueSpecification","valueRequired":true,"valueName":"search_term_string"}}],"inLanguage":"fr-FR"},{"@type":"Organization","@id":"https:\/\/phileo-lesaffre.com\/fr\/#organization","name":"Phileo by Lesaffre","url":"https:\/\/phileo-lesaffre.com\/fr\/","logo":{"@type":"ImageObject","inLanguage":"fr-FR","@id":"https:\/\/phileo-lesaffre.com\/fr\/#\/schema\/logo\/image\/","url":"https:\/\/phileo-lesaffre.com\/wp-content\/uploads\/2019\/04\/logo-phileo-lesaffre-1.jpg","contentUrl":"https:\/\/phileo-lesaffre.com\/wp-content\/uploads\/2019\/04\/logo-phileo-lesaffre-1.jpg","width":500,"height":250,"caption":"Phileo by Lesaffre"},"image":{"@id":"https:\/\/phileo-lesaffre.com\/fr\/#\/schema\/logo\/image\/"},"sameAs":["https:\/\/www.facebook.com\/phileo.lesaffre\/","https:\/\/x.com\/PhileoLesaffre","https:\/\/www.linkedin.com\/company\/phileo\/"]}]}},"_links":{"self":[{"href":"https:\/\/phileo-lesaffre.com\/fr\/wp-json\/wp\/v2\/pages\/408599","targetHints":{"allow":["GET"]}}],"collection":[{"href":"https:\/\/phileo-lesaffre.com\/fr\/wp-json\/wp\/v2\/pages"}],"about":[{"href":"https:\/\/phileo-lesaffre.com\/fr\/wp-json\/wp\/v2\/types\/page"}],"author":[{"embeddable":true,"href":"https:\/\/phileo-lesaffre.com\/fr\/wp-json\/wp\/v2\/users\/1"}],"replies":[{"embeddable":true,"href":"https:\/\/phileo-lesaffre.com\/fr\/wp-json\/wp\/v2\/comments?post=408599"}],"version-history":[{"count":0,"href":"https:\/\/phileo-lesaffre.com\/fr\/wp-json\/wp\/v2\/pages\/408599\/revisions"}],"wp:attachment":[{"href":"https:\/\/phileo-lesaffre.com\/fr\/wp-json\/wp\/v2\/media?parent=408599"}],"curies":[{"name":"wp","href":"https:\/\/api.w.org\/{rel}","templated":true}]}}