{"id":401668,"date":"2020-11-18T07:32:45","date_gmt":"2020-11-18T06:32:45","guid":{"rendered":"http:\/\/phileo-lesaffre.com\/pollos-de-engorde\/reduccion-de-antibioticos-en-pollo-de-engorde\/"},"modified":"2020-12-16T08:30:06","modified_gmt":"2020-12-16T07:30:06","slug":"reduccion-de-antibioticos-en-pollo-de-engorde","status":"publish","type":"page","link":"https:\/\/phileo-lesaffre.com\/es\/pollos-de-engorde\/reduccion-de-antibioticos-en-pollo-de-engorde\/","title":{"rendered":"Reducci\u00f3n de antibi\u00f3ticos en pollo de engorde"},"content":{"rendered":"<div class=\"wpb-content-wrapper\"><p>[vc_row css_animation=\u00bb\u00bb row_type=\u00bbrow\u00bb use_row_as_full_screen_section=\u00bbno\u00bb type=\u00bbfull_width\u00bb angled_section=\u00bbno\u00bb text_align=\u00bbleft\u00bb background_image_as_pattern=\u00bbwithout_pattern\u00bb][vc_column][qode_elements_holder number_of_columns=\u00bbtwo_columns\u00bb][qode_elements_holder_item vertical_alignment=\u00bbmiddle\u00bb horizontal_alignment=\u00bbleft\u00bb advanced_animations=\u00bbno\u00bb item_padding=\u00bb5% 8% 5% 0%\u00bb][vc_column_text]<\/p>\n<h2 class=\"feed2\"><span style=\"color: #4d4d4c;\">Reducci\u00f3n de antibi\u00f3ticos en pollo de engorde<\/span><\/h2>\n<p>[\/vc_column_text][vc_single_image image=\u00bb398042&#8243; img_size=\u00bb65&#215;33&#8243; qode_css_animation=\u00bb\u00bb css=\u00bb.vc_custom_1590613047306{padding-top: 5% !important;padding-bottom: 5% !important;}\u00bb][vc_column_text css=\u00bb.vc_custom_1592462611839{padding-right: 8% !important;}\u00bb]En un informe de 2016 que esbozaba la creciente resistencia a los medicamentos (RAM), Lord Jim O\u2019Neill calcul\u00f3 que hacia 2050 las muertes por RAM podr\u00edan elevarse a 10 millones al a\u00f1o, con un costo econ\u00f3mico mundial de 100 billones de d\u00f3lares. Es por ello que muchos pa\u00edses decidieron reducir el uso de los antibi\u00f3ticos en la producci\u00f3n av\u00edcola. Las Naciones Unidas y otras organizaciones no gubernamentales crearon un marco de trabajo que combina los esfuerzos de la reducci\u00f3n en salud animal, salud humana y el medio ambiente llamado Una Sola Salud. Esto abarca medidas en sanidad animal como la capacitaci\u00f3n de productores, veterinarios, t\u00e9cnicos responsables y otros.<\/p>\n<p>&nbsp;<\/p>\n<p>La reducci\u00f3n del uso de antibi\u00f3ticos debe ser global, que comprenda el manejo de la granja, la nutrici\u00f3n y las estrategias de alimentaci\u00f3n para reducir el estr\u00e9s en las aves que induzca a las enfermedades previamente tratadas con antibi\u00f3ticos. Existes 2 tipos de antibi\u00f3ticos: los que se usan como promotores del crecimiento (APC) y otros usados para prevenir enfermedades o para curar aves enfermas.[\/vc_column_text][vc_single_image image=\u00bb400276&#8243; img_size=\u00bb120&#215;178&#8243; alignment=\u00bbright\u00bb qode_css_animation=\u00bb\u00bb][\/qode_elements_holder_item][qode_elements_holder_item cover=\u00bbyes\u00bb vertical_alignment=\u00bbmiddle\u00bb horizontal_alignment=\u00bbleft\u00bb advanced_animations=\u00bbno\u00bb background_image=\u00bb396153&#8243;][\/qode_elements_holder_item][\/qode_elements_holder][\/vc_column][\/vc_row][vc_row css_animation=\u00bb\u00bb row_type=\u00bbrow\u00bb use_row_as_full_screen_section=\u00bbno\u00bb type=\u00bbfull_width\u00bb angled_section=\u00bbno\u00bb text_align=\u00bbleft\u00bb background_image_as_pattern=\u00bbwithout_pattern\u00bb z_index=\u00bb\u00bb][vc_column][qode_elements_holder number_of_columns=\u00bbtwo_columns\u00bb][qode_elements_holder_item cover=\u00bbyes\u00bb advanced_animations=\u00bbno\u00bb background_image=\u00bb1068&#8243;][vc_separator type=\u00bbtransparent\u00bb up=\u00bb200&#8243; down=\u00bb200&#8243;][\/qode_elements_holder_item][qode_elements_holder_item vertical_alignment=\u00bbmiddle\u00bb horizontal_alignment=\u00bbleft\u00bb advanced_animations=\u00bbno\u00bb item_padding=\u00bb5% 2% 5% 10%\u00bb background_color=\u00bb#e58734&#8243;][vc_column_text]<\/p>\n<h2 class=\"feed4\"><span style=\"color: #ffffff;\">Encontrar alternativas a los APC<\/span><\/h2>\n<p>[\/vc_column_text][vc_single_image image=\u00bb397902&#8243; img_size=\u00bb50&#215;25&#8243; qode_css_animation=\u00bb\u00bb css=\u00bb.vc_custom_1592227932921{padding-top: 5% !important;padding-bottom: 5% !important;}\u00bb][vc_column_text css=\u00bb.vc_custom_1592388209515{padding-right: 10% !important;}\u00bb]<span style=\"color: #ffffff;\">Los antibi\u00f3ticos promotores del crecimiento se usan m\u00e1s como antiinflamatorios que por su efecto antibi\u00f3tico. Al usarse a niveles de dosis subterap\u00e9uticos, por debajo de la concentraci\u00f3n m\u00ednima inhibitoria (CMI), siguen funcionando en presencia de resistencia bacteriana generalizada (por ejemplo, las tetraciclinas). Es por este motivo que su modo de acci\u00f3n es m\u00e1s complejo que el de los antibi\u00f3ticos. La acumulaci\u00f3n de APC en las c\u00e9lulas inflamatorias y su capacidad de inhibir funciones celulares, explica su efecto antiinflamatorio. Pueden reducir la inflamaci\u00f3n intestinal cr\u00f3nica en pollos de engorde de r\u00e1pido crecimiento, lo cual ahorra energ\u00eda y reduce la conversi\u00f3n alimenticia.<\/span><\/p>\n<p>&nbsp;<\/p>\n<p><span style=\"color: #ffffff;\">Safmannan<sup>\u00ae<\/sup> es buen candidato como alternativa a los APC. Controla los procesos de inflamaci\u00f3n al interactuar con los receptores (Dectina-1 y TLR2) e inducir una baja respuesta NF-kB, que ayuda a evitar la \u00absobreinflamaci\u00f3n\u00bb.<\/span>[\/vc_column_text][\/qode_elements_holder_item][\/qode_elements_holder][\/vc_column][\/vc_row][vc_row css_animation=\u00bb\u00bb row_type=\u00bbrow\u00bb use_row_as_full_screen_section=\u00bbno\u00bb type=\u00bbfull_width\u00bb angled_section=\u00bbno\u00bb text_align=\u00bbleft\u00bb background_image_as_pattern=\u00bbwithout_pattern\u00bb css=\u00bb.vc_custom_1592234497567{background-color: #ffffff !important;}\u00bb z_index=\u00bb\u00bb][vc_column][qode_elements_holder number_of_columns=\u00bbtwo_columns\u00bb][qode_elements_holder_item vertical_alignment=\u00bbmiddle\u00bb horizontal_alignment=\u00bbleft\u00bb advanced_animations=\u00bbno\u00bb item_padding=\u00bb5% 10% 5% 5%\u00bb background_color=\u00bb#706f6f\u00bb][vc_column_text]<\/p>\n<h2 class=\"feed4\"><span style=\"color: #ffffff;\">Estudios con Safmannan<sup>\u00ae<\/sup><\/span><\/h2>\n<p>[\/vc_column_text][vc_single_image image=\u00bb397902&#8243; img_size=\u00bb50&#215;25&#8243; qode_css_animation=\u00bb\u00bb css=\u00bb.vc_custom_1592232787710{padding-top: 5% !important;padding-bottom: 5% !important;}\u00bb][vc_column_text]<span style=\"color: #ffffff;\">La combinaci\u00f3n de este efecto antiinflamatorio y la conservaci\u00f3n de las uniones intercelulares herm\u00e9ticas con Safmannan<sup>\u00ae<\/sup> permite reducir la inflamaci\u00f3n intestinal cr\u00f3nica y ahorrar energ\u00eda. Varios estudios lo han demostrado al comparar Safmannan<sup>\u00ae<\/sup> y APC, como la avilamicina.<\/span>[\/vc_column_text][\/qode_elements_holder_item][qode_elements_holder_item advanced_animations=\u00bbno\u00bb][vc_single_image image=\u00bb404428&#8243; img_size=\u00bbfull\u00bb onclick=\u00bblink_image\u00bb qode_css_animation=\u00bb\u00bb qode_hover_animation=\u00bbzoom_in\u00bb][\/qode_elements_holder_item][\/qode_elements_holder][\/vc_column][\/vc_row][vc_row css_animation=\u00bb\u00bb row_type=\u00bbrow\u00bb use_row_as_full_screen_section=\u00bbno\u00bb type=\u00bbfull_width\u00bb angled_section=\u00bbno\u00bb text_align=\u00bbleft\u00bb background_image_as_pattern=\u00bbwithout_pattern\u00bb z_index=\u00bb\u00bb][vc_column][qode_elements_holder number_of_columns=\u00bbtwo_columns\u00bb][qode_elements_holder_item advanced_animations=\u00bbno\u00bb][vc_single_image image=\u00bb404432&#8243; img_size=\u00bbfull\u00bb onclick=\u00bblink_image\u00bb qode_css_animation=\u00bb\u00bb qode_hover_animation=\u00bbzoom_in\u00bb][\/qode_elements_holder_item][qode_elements_holder_item vertical_alignment=\u00bbmiddle\u00bb horizontal_alignment=\u00bbleft\u00bb advanced_animations=\u00bbno\u00bb item_padding=\u00bb5% 10% 5% 10%\u00bb background_color=\u00bb#e58734&#8243;][vc_column_text]<\/p>\n<h2 class=\"feed4\"><span style=\"color: #ffffff;\">Encontrar tratamientos alternativos a los antibi\u00f3ticos<\/span><\/h2>\n<p>[\/vc_column_text][vc_single_image image=\u00bb397902&#8243; img_size=\u00bb50&#215;25&#8243; qode_css_animation=\u00bb\u00bb css=\u00bb.vc_custom_1592232787710{padding-top: 5% !important;padding-bottom: 5% !important;}\u00bb][vc_column_text]<span style=\"color: #ffffff;\">Safmannan<sup>\u00ae<sup> influye positivamente en la microflora, morfolog\u00eda e inmunidad intestinal. Se us\u00f3 un modelo de enteritis necr\u00f3tica para comparar el desempe\u00f1o de las aves entre un control no suplementado\/no infectado (UUC), un control no suplementado\/infectado (UIC), un grupo suplementado con bacitracina MD (BMD-50 g\/t) y un cuarto grupo suplementado con Safmannan<sup>\u00ae<\/sup> (250 g\/t).<\/span><\/p>\n<p>&nbsp;<\/p>\n<p><span style=\"color: #ffffff;\">Las aves infectadas suplementadas ya sea con BDM o con Safmannan<sup>\u00ae<\/sup> no mostraron diferencias significativas en peso corporal, conversi\u00f3n alimenticia o de mortalidad, comparadas con el grupo UUC.<\/span><\/p>\n<p>&nbsp;<\/p>\n<p><span style=\"color: #ffffff;\">Adem\u00e1s, se encontr\u00f3 una disminuci\u00f3n significativa en calificaciones de lesiones en los grupos BDM y Safmannan<sup>\u00ae<\/sup>, comparado con el grupo control no suplementado\/infectado. La suplementaci\u00f3n con Safmannan<sup>\u00ae<\/sup> en aves desafiadas les permiti\u00f3 un buen desempe\u00f1o al igual que los controles no infectados y que las aves suplementadas con APC.<\/span>[\/vc_column_text][\/qode_elements_holder_item][\/qode_elements_holder][\/vc_column][\/vc_row][vc_row css_animation=\u00bb\u00bb row_type=\u00bbrow\u00bb use_row_as_full_screen_section=\u00bbno\u00bb type=\u00bbfull_width\u00bb angled_section=\u00bbno\u00bb text_align=\u00bbleft\u00bb background_image_as_pattern=\u00bbwithout_pattern\u00bb][vc_column][qode_elements_holder number_of_columns=\u00bbtwo_columns\u00bb][qode_elements_holder_item vertical_alignment=\u00bbmiddle\u00bb horizontal_alignment=\u00bbleft\u00bb advanced_animations=\u00bbno\u00bb background_color=\u00bb#706f6f\u00bb item_padding=\u00bb5% 10% 5% 10%\u00bb][vc_column_text]<span style=\"color: #ffffff;\"><span style=\"font-size: 34px; font-weight: 800;\">Llene este formulario para descargar la gu\u00eda<\/span><\/span>[\/vc_column_text][vc_separator type=\u00bbtransparent\u00bb up=\u00bb10&#8243; down=\u00bb10&#8243;][vc_raw_html]PGZvcm0gaWQ9ImZvc3MtNWY0ZDAyNGJkNTljYmM2OGY5NGQ3YzVjIj48L2Zvcm0+PHNjcmlwdCBhc3luYyBzcmM9J2h0dHBzOi8vYXBpLnBsZXppLmNvL2FwaS92MS93ZWJfZm9ybXMvc2NyaXB0cz90ZW5hbnRfaWQ9NWVjNTQ0OGU1NDA2N2E0NTlkYmE1Y2U1JmZvcm1faWQ9NWVjNTQ0OTA1NDA2N2E0NTlkYmE1ZDdjJmZvcm1fdmVyc2lvbj0zJmNvbnRlbnRfd2ViX2Zvcm1faWQ9NWY0ZDAyNGJkNTljYmM2OGY5NGQ3YzVjJnBsel9sYW5nPWVuJz48L3NjcmlwdD4=[\/vc_raw_html][\/qode_elements_holder_item][qode_elements_holder_item vertical_alignment=\u00bbmiddle\u00bb horizontal_alignment=\u00bbleft\u00bb advanced_animations=\u00bbno\u00bb item_padding=\u00bb2% 10% 2% 10%\u00bb][vc_column_text]<\/p>\n<h2 class=\"feed3\"><span style=\"color: #4d4d4c;\">Descargue el folleto del manejo de transici\u00f3n posterior a los antibi\u00f3ticos<\/span><\/h2>\n<p>[\/vc_column_text][vc_single_image image=\u00bb400010&#8243; img_size=\u00bbfull\u00bb qode_css_animation=\u00bb\u00bb][\/qode_elements_holder_item][\/qode_elements_holder][\/vc_column][\/vc_row][vc_row css_animation=\u00bb\u00bb row_type=\u00bbrow\u00bb use_row_as_full_screen_section=\u00bbyes\u00bb type=\u00bbfull_width\u00bb angled_section=\u00bbno\u00bb text_align=\u00bbleft\u00bb background_image_as_pattern=\u00bbwithout_pattern\u00bb z_index=\u00bb\u00bb][vc_column][vc_separator type=\u00bbtransparent\u00bb up=\u00bb10&#8243; down=\u00bb10&#8243;][vc_column_text css=\u00bb.vc_custom_1593402547571{padding-top: 2% !important;padding-bottom: 2% !important;}\u00bb]<\/p>\n<h2 class=\"feed3\"><span style=\"color: #4d4d4c;\">Descubra m\u00e1s sobre el manejo de pollos de engorde<\/span><\/h2>\n<p>[\/vc_column_text][vc_separator type=\u00bbtransparent\u00bb up=\u00bb5&#8243; down=\u00bb5&#8243;][\/vc_column][vc_column width=\u00bb1\/5&#8243;][vc_single_image image=\u00bb403256&#8243; img_size=\u00bbfull\u00bb alignment=\u00bbcenter\u00bb onclick=\u00bbcustom_link\u00bb qode_css_animation=\u00bb\u00bb qode_hover_animation=\u00bbzoom_in\u00bb css=\u00bb.vc_custom_1606378812774{padding-top: 5% !important;padding-bottom: 5% !important;}\u00bb link=\u00bb\/es\/pollos-de-engorde\/manejo-de-la-salud-intestinal-en-pollos-de-engorde\/\u00bb][\/vc_column][vc_column width=\u00bb1\/5&#8243;][vc_single_image image=\u00bb403240&#8243; img_size=\u00bbfull\u00bb alignment=\u00bbcenter\u00bb onclick=\u00bbcustom_link\u00bb qode_css_animation=\u00bb\u00bb qode_hover_animation=\u00bbzoom_in\u00bb css=\u00bb.vc_custom_1606378864701{padding-top: 5% !important;padding-bottom: 5% !important;}\u00bb link=\u00bb\/es\/pollos-de-engorde\/control-de-salmonella-en-pollos-de-engorde\/\u00bb][\/vc_column][vc_column width=\u00bb1\/5&#8243;][vc_single_image image=\u00bb403252&#8243; img_size=\u00bbfull\u00bb alignment=\u00bbcenter\u00bb onclick=\u00bbcustom_link\u00bb qode_css_animation=\u00bb\u00bb qode_hover_animation=\u00bbzoom_in\u00bb css=\u00bb.vc_custom_1606378886254{padding-top: 5% !important;padding-bottom: 5% !important;}\u00bb link=\u00bb\/es\/pollos-de-engorde\/inmunomodulacion-y-titulos-de-anticuerpos-en-pollo-de-engorde\/\u00bb][\/vc_column][vc_column width=\u00bb1\/5&#8243;][vc_single_image image=\u00bb403244&#8243; img_size=\u00bbfull\u00bb alignment=\u00bbcenter\u00bb onclick=\u00bbcustom_link\u00bb qode_css_animation=\u00bb\u00bb qode_hover_animation=\u00bbzoom_in\u00bb css=\u00bb.vc_custom_1606378948172{padding-top: 5% !important;padding-bottom: 5% !important;}\u00bb link=\u00bb\/es\/pollos-de-engorde\/estres-oxidativo-en-pollo-de-engorde\/\u00bb][\/vc_column][vc_column width=\u00bb1\/5&#8243;][vc_single_image image=\u00bb403248&#8243; img_size=\u00bbfull\u00bb alignment=\u00bbcenter\u00bb onclick=\u00bbcustom_link\u00bb qode_css_animation=\u00bb\u00bb qode_hover_animation=\u00bbzoom_in\u00bb css=\u00bb.vc_custom_1606378968052{padding-top: 5% !important;padding-bottom: 5% !important;}\u00bb link=\u00bb\/es\/pollos-de-engorde\/estres-por-calor-en-pollo-de-engorde\/\u00bb][\/vc_column][\/vc_row]<\/p>\n<\/div>","protected":false},"excerpt":{"rendered":"<p>[vc_row css_animation=\u00bb\u00bb row_type=\u00bbrow\u00bb use_row_as_full_screen_section=\u00bbno\u00bb type=\u00bbfull_width\u00bb angled_section=\u00bbno\u00bb text_align=\u00bbleft\u00bb background_image_as_pattern=\u00bbwithout_pattern\u00bb][vc_column][qode_elements_holder number_of_columns=\u00bbtwo_columns\u00bb][qode_elements_holder_item vertical_alignment=\u00bbmiddle\u00bb horizontal_alignment=\u00bbleft\u00bb advanced_animations=\u00bbno\u00bb item_padding=\u00bb5% 8% 5% 0%\u00bb][vc_column_text] Reducci\u00f3n de antibi\u00f3ticos en pollo de engorde [\/vc_column_text][vc_single_image image=\u00bb398042&#8243; img_size=\u00bb65&#215;33&#8243; qode_css_animation=\u00bb\u00bb css=\u00bb.vc_custom_1590613047306{padding-top: 5% !important;padding-bottom: 5% !important;}\u00bb][vc_column_text css=\u00bb.vc_custom_1592462611839{padding-right: 8% !important;}\u00bb]En un informe de 2016 que esbozaba la creciente resistencia a&#8230;<\/p>\n","protected":false},"author":1,"featured_media":0,"parent":401383,"menu_order":0,"comment_status":"closed","ping_status":"closed","template":"full_width.php","meta":{"footnotes":""},"class_list":["post-401668","page","type-page","status-publish","hentry"],"yoast_head":"<!-- This site is optimized with the Yoast SEO Premium plugin v25.9 (Yoast SEO v27.5) - https:\/\/yoast.com\/product\/yoast-seo-premium-wordpress\/ -->\n<title>Reducci\u00f3n de antibi\u00f3ticos en pollo de engorde &#8226; Phileo by Lesaffre<\/title>\n<meta name=\"robots\" content=\"index, follow, max-snippet:-1, max-image-preview:large, max-video-preview:-1\" \/>\n<link rel=\"canonical\" href=\"https:\/\/phileo-lesaffre.com\/es\/pollos-de-engorde\/reduccion-de-antibioticos-en-pollo-de-engorde\/\" \/>\n<meta property=\"og:locale\" content=\"es_ES\" \/>\n<meta property=\"og:type\" content=\"article\" \/>\n<meta property=\"og:title\" content=\"Reducci\u00f3n de antibi\u00f3ticos en pollo de engorde\" \/>\n<meta property=\"og:description\" content=\"Reducci\u00f3n de antibi\u00f3ticos en pollo de engorde En un informe de 2016 que esbozaba la creciente resistencia a los medicamentos (RAM), Lord Jim O\u2019Neill\" \/>\n<meta property=\"og:url\" content=\"https:\/\/phileo-lesaffre.com\/es\/pollos-de-engorde\/reduccion-de-antibioticos-en-pollo-de-engorde\/\" \/>\n<meta property=\"og:site_name\" content=\"Phileo by Lesaffre\" \/>\n<meta property=\"article:publisher\" content=\"https:\/\/www.facebook.com\/phileo.lesaffre\/\" \/>\n<meta property=\"article:modified_time\" content=\"2020-12-16T07:30:06+00:00\" \/>\n<meta name=\"twitter:card\" content=\"summary_large_image\" \/>\n<meta name=\"twitter:site\" content=\"@PhileoLesaffre\" \/>\n<script type=\"application\/ld+json\" class=\"yoast-schema-graph\">{\"@context\":\"https:\\\/\\\/schema.org\",\"@graph\":[{\"@type\":\"WebPage\",\"@id\":\"https:\\\/\\\/phileo-lesaffre.com\\\/es\\\/pollos-de-engorde\\\/reduccion-de-antibioticos-en-pollo-de-engorde\\\/\",\"url\":\"https:\\\/\\\/phileo-lesaffre.com\\\/es\\\/pollos-de-engorde\\\/reduccion-de-antibioticos-en-pollo-de-engorde\\\/\",\"name\":\"Reducci\u00f3n de antibi\u00f3ticos en pollo de engorde &#8226; Phileo by Lesaffre\",\"isPartOf\":{\"@id\":\"https:\\\/\\\/phileo-lesaffre.com\\\/es\\\/#website\"},\"datePublished\":\"2020-11-18T06:32:45+00:00\",\"dateModified\":\"2020-12-16T07:30:06+00:00\",\"breadcrumb\":{\"@id\":\"https:\\\/\\\/phileo-lesaffre.com\\\/es\\\/pollos-de-engorde\\\/reduccion-de-antibioticos-en-pollo-de-engorde\\\/#breadcrumb\"},\"inLanguage\":\"es\",\"potentialAction\":[{\"@type\":\"ReadAction\",\"target\":[\"https:\\\/\\\/phileo-lesaffre.com\\\/es\\\/pollos-de-engorde\\\/reduccion-de-antibioticos-en-pollo-de-engorde\\\/\"]}]},{\"@type\":\"BreadcrumbList\",\"@id\":\"https:\\\/\\\/phileo-lesaffre.com\\\/es\\\/pollos-de-engorde\\\/reduccion-de-antibioticos-en-pollo-de-engorde\\\/#breadcrumb\",\"itemListElement\":[{\"@type\":\"ListItem\",\"position\":1,\"name\":\"Phileo by Lesaffre\",\"item\":\"https:\\\/\\\/phileo-lesaffre.com\\\/es\\\/\"},{\"@type\":\"ListItem\",\"position\":2,\"name\":\"Pollos de engorde\",\"item\":\"https:\\\/\\\/phileo-lesaffre.com\\\/es\\\/pollos-de-engorde\\\/\"},{\"@type\":\"ListItem\",\"position\":3,\"name\":\"Reducci\u00f3n de antibi\u00f3ticos en pollo de engorde\"}]},{\"@type\":\"WebSite\",\"@id\":\"https:\\\/\\\/phileo-lesaffre.com\\\/es\\\/#website\",\"url\":\"https:\\\/\\\/phileo-lesaffre.com\\\/es\\\/\",\"name\":\"Phileo by Lesaffre\",\"description\":\"Animal nutrition and health from yeast products\",\"publisher\":{\"@id\":\"https:\\\/\\\/phileo-lesaffre.com\\\/es\\\/#organization\"},\"potentialAction\":[{\"@type\":\"SearchAction\",\"target\":{\"@type\":\"EntryPoint\",\"urlTemplate\":\"https:\\\/\\\/phileo-lesaffre.com\\\/es\\\/?s={search_term_string}\"},\"query-input\":{\"@type\":\"PropertyValueSpecification\",\"valueRequired\":true,\"valueName\":\"search_term_string\"}}],\"inLanguage\":\"es\"},{\"@type\":\"Organization\",\"@id\":\"https:\\\/\\\/phileo-lesaffre.com\\\/es\\\/#organization\",\"name\":\"Phileo by Lesaffre\",\"url\":\"https:\\\/\\\/phileo-lesaffre.com\\\/es\\\/\",\"logo\":{\"@type\":\"ImageObject\",\"inLanguage\":\"es\",\"@id\":\"https:\\\/\\\/phileo-lesaffre.com\\\/es\\\/#\\\/schema\\\/logo\\\/image\\\/\",\"url\":\"https:\\\/\\\/phileo-lesaffre.com\\\/wp-content\\\/uploads\\\/2019\\\/04\\\/logo-phileo-lesaffre-1.jpg\",\"contentUrl\":\"https:\\\/\\\/phileo-lesaffre.com\\\/wp-content\\\/uploads\\\/2019\\\/04\\\/logo-phileo-lesaffre-1.jpg\",\"width\":500,\"height\":250,\"caption\":\"Phileo by Lesaffre\"},\"image\":{\"@id\":\"https:\\\/\\\/phileo-lesaffre.com\\\/es\\\/#\\\/schema\\\/logo\\\/image\\\/\"},\"sameAs\":[\"https:\\\/\\\/www.facebook.com\\\/phileo.lesaffre\\\/\",\"https:\\\/\\\/x.com\\\/PhileoLesaffre\",\"https:\\\/\\\/www.linkedin.com\\\/company\\\/phileo\\\/\"]}]}<\/script>\n<!-- \/ Yoast SEO Premium plugin. -->","yoast_head_json":{"title":"Reducci\u00f3n de antibi\u00f3ticos en pollo de engorde &#8226; Phileo by Lesaffre","robots":{"index":"index","follow":"follow","max-snippet":"max-snippet:-1","max-image-preview":"max-image-preview:large","max-video-preview":"max-video-preview:-1"},"canonical":"https:\/\/phileo-lesaffre.com\/es\/pollos-de-engorde\/reduccion-de-antibioticos-en-pollo-de-engorde\/","og_locale":"es_ES","og_type":"article","og_title":"Reducci\u00f3n de antibi\u00f3ticos en pollo de engorde","og_description":"Reducci\u00f3n de antibi\u00f3ticos en pollo de engorde En un informe de 2016 que esbozaba la creciente resistencia a los medicamentos (RAM), Lord Jim O\u2019Neill","og_url":"https:\/\/phileo-lesaffre.com\/es\/pollos-de-engorde\/reduccion-de-antibioticos-en-pollo-de-engorde\/","og_site_name":"Phileo by Lesaffre","article_publisher":"https:\/\/www.facebook.com\/phileo.lesaffre\/","article_modified_time":"2020-12-16T07:30:06+00:00","twitter_card":"summary_large_image","twitter_site":"@PhileoLesaffre","schema":{"@context":"https:\/\/schema.org","@graph":[{"@type":"WebPage","@id":"https:\/\/phileo-lesaffre.com\/es\/pollos-de-engorde\/reduccion-de-antibioticos-en-pollo-de-engorde\/","url":"https:\/\/phileo-lesaffre.com\/es\/pollos-de-engorde\/reduccion-de-antibioticos-en-pollo-de-engorde\/","name":"Reducci\u00f3n de antibi\u00f3ticos en pollo de engorde &#8226; Phileo by Lesaffre","isPartOf":{"@id":"https:\/\/phileo-lesaffre.com\/es\/#website"},"datePublished":"2020-11-18T06:32:45+00:00","dateModified":"2020-12-16T07:30:06+00:00","breadcrumb":{"@id":"https:\/\/phileo-lesaffre.com\/es\/pollos-de-engorde\/reduccion-de-antibioticos-en-pollo-de-engorde\/#breadcrumb"},"inLanguage":"es","potentialAction":[{"@type":"ReadAction","target":["https:\/\/phileo-lesaffre.com\/es\/pollos-de-engorde\/reduccion-de-antibioticos-en-pollo-de-engorde\/"]}]},{"@type":"BreadcrumbList","@id":"https:\/\/phileo-lesaffre.com\/es\/pollos-de-engorde\/reduccion-de-antibioticos-en-pollo-de-engorde\/#breadcrumb","itemListElement":[{"@type":"ListItem","position":1,"name":"Phileo by Lesaffre","item":"https:\/\/phileo-lesaffre.com\/es\/"},{"@type":"ListItem","position":2,"name":"Pollos de engorde","item":"https:\/\/phileo-lesaffre.com\/es\/pollos-de-engorde\/"},{"@type":"ListItem","position":3,"name":"Reducci\u00f3n de antibi\u00f3ticos en pollo de engorde"}]},{"@type":"WebSite","@id":"https:\/\/phileo-lesaffre.com\/es\/#website","url":"https:\/\/phileo-lesaffre.com\/es\/","name":"Phileo by Lesaffre","description":"Animal nutrition and health from yeast products","publisher":{"@id":"https:\/\/phileo-lesaffre.com\/es\/#organization"},"potentialAction":[{"@type":"SearchAction","target":{"@type":"EntryPoint","urlTemplate":"https:\/\/phileo-lesaffre.com\/es\/?s={search_term_string}"},"query-input":{"@type":"PropertyValueSpecification","valueRequired":true,"valueName":"search_term_string"}}],"inLanguage":"es"},{"@type":"Organization","@id":"https:\/\/phileo-lesaffre.com\/es\/#organization","name":"Phileo by Lesaffre","url":"https:\/\/phileo-lesaffre.com\/es\/","logo":{"@type":"ImageObject","inLanguage":"es","@id":"https:\/\/phileo-lesaffre.com\/es\/#\/schema\/logo\/image\/","url":"https:\/\/phileo-lesaffre.com\/wp-content\/uploads\/2019\/04\/logo-phileo-lesaffre-1.jpg","contentUrl":"https:\/\/phileo-lesaffre.com\/wp-content\/uploads\/2019\/04\/logo-phileo-lesaffre-1.jpg","width":500,"height":250,"caption":"Phileo by Lesaffre"},"image":{"@id":"https:\/\/phileo-lesaffre.com\/es\/#\/schema\/logo\/image\/"},"sameAs":["https:\/\/www.facebook.com\/phileo.lesaffre\/","https:\/\/x.com\/PhileoLesaffre","https:\/\/www.linkedin.com\/company\/phileo\/"]}]}},"_links":{"self":[{"href":"https:\/\/phileo-lesaffre.com\/es\/wp-json\/wp\/v2\/pages\/401668","targetHints":{"allow":["GET"]}}],"collection":[{"href":"https:\/\/phileo-lesaffre.com\/es\/wp-json\/wp\/v2\/pages"}],"about":[{"href":"https:\/\/phileo-lesaffre.com\/es\/wp-json\/wp\/v2\/types\/page"}],"author":[{"embeddable":true,"href":"https:\/\/phileo-lesaffre.com\/es\/wp-json\/wp\/v2\/users\/1"}],"replies":[{"embeddable":true,"href":"https:\/\/phileo-lesaffre.com\/es\/wp-json\/wp\/v2\/comments?post=401668"}],"version-history":[{"count":0,"href":"https:\/\/phileo-lesaffre.com\/es\/wp-json\/wp\/v2\/pages\/401668\/revisions"}],"up":[{"embeddable":true,"href":"https:\/\/phileo-lesaffre.com\/es\/wp-json\/wp\/v2\/pages\/401383"}],"wp:attachment":[{"href":"https:\/\/phileo-lesaffre.com\/es\/wp-json\/wp\/v2\/media?parent=401668"}],"curies":[{"name":"wp","href":"https:\/\/api.w.org\/{rel}","templated":true}]}}